{"id":671,"date":"2021-05-29T20:39:33","date_gmt":"2021-05-29T20:39:33","guid":{"rendered":"https:\/\/musikschule.alles-eitel.de\/?page_id=671"},"modified":"2021-08-24T08:58:36","modified_gmt":"2021-08-24T08:58:36","slug":"aktuelles","status":"publish","type":"page","link":"https:\/\/musikschule-goerlitz.de\/pl\/aktuelles\/","title":{"rendered":"Aktualno\u015bci"},"content":{"rendered":"<div class=\"et_d4_element et_pb_section et_pb_section_0  et_pb_css_mix_blend_mode et_section_regular et_block_section\" >\n\t\t\t\t\n\t\t\t\t\n\t\t\t\t\n\t\t\t\t\n\t\t\t\t\n\t\t\t\t\n\t\t\t\t<div class=\"et_d4_element et_pb_row et_pb_row_0  et_pb_css_mix_blend_mode et_block_row\">\n\t\t\t\t<div class=\"et_d4_element et_pb_column_4_4 et_pb_column et_pb_column_0  et_pb_css_mix_blend_mode et-last-child et_block_column\">\n\t\t\t\t\n\t\t\t\t\n\t\t\t\t\n\t\t\t\t\n\t\t\t\t<div class=\"et_pb_with_border et_pb_module et_d4_element et_pb_blog_0  et_pb_css_mix_blend_mode et_pb_posts et_pb_bg_layout_light\">\n\t\t\t\t\n\t\t\t\t\n\t\t\t\t\n\t\t\t\t\n\t\t\t\t<div class=\"et_pb_ajax_pagination_container\">\n\t\t\t\t\t\n\t\t\t<article id=\"post-8684\" class=\"et_pb_post clearfix et_pb_blog_item_0_0 post-8684 post type-post status-publish format-standard has-post-thumbnail hentry category-aktuelles\">\n\n\t\t\t\t<a href=\"https:\/\/musikschule-goerlitz.de\/pl\/in-time-ein-musik-und-tanztheaterprojekt-fuer-kinder-und-jugendliche-von-9-18-jahren\/\" class=\"entry-featured-image-url\"><img loading=\"lazy\" decoding=\"async\" src=\"https:\/\/musikschule-goerlitz.de\/wp-content\/uploads\/2026\/03\/In-Time-1080x675.webp\" alt=\"&#8222;IN TIME&#8220; &#8211; Ein Musik- und Tanztheaterprojekt f\u00fcr Kinder und Jugendliche von 9 &#8211; 18 Jahren\" class=\"\" width=\"1080\" height=\"675\" srcset=\"https:\/\/musikschule-goerlitz.de\/wp-content\/uploads\/2026\/03\/In-Time-1080x675.webp 1080w, https:\/\/musikschule-goerlitz.de\/wp-content\/uploads\/2026\/03\/In-Time-980x551.webp 980w, https:\/\/musikschule-goerlitz.de\/wp-content\/uploads\/2026\/03\/In-Time-480x270.webp 480w\" sizes=\"(min-width: 0px) and (max-width: 480px) 480px, (min-width: 481px) and (max-width: 980px) 980px, (min-width: 981px) 1080px, 100vw\" \/><\/a>\n\t\t\t\t\t\t\t\t\t\t\t\t\t\t<h2 class=\"entry-title\">\n\t\t\t\t\t\t\t\t\t\t\t\t\t<a href=\"https:\/\/musikschule-goerlitz.de\/pl\/in-time-ein-musik-und-tanztheaterprojekt-fuer-kinder-und-jugendliche-von-9-18-jahren\/\">&#8222;IN TIME&#8220; &#8211; Ein Musik- und Tanztheaterprojekt f\u00fcr Kinder und Jugendliche von 9 &#8211; 18 Jahren<\/a>\n\t\t\t\t\t\t\t\t\t\t\t<\/h2>\n\t\t\t\t\n\t\t\t\t\t<p class=\"post-meta\"><span class=\"published\">4. Mar 2026<\/span><\/p><div class=\"post-content\"><div class=\"post-content-inner\"><p>Sehr geehrte Eltern,in den Osterferien und in der darauf folgenden Woche besteht die M\u00f6glichkeit f\u00fcr Ihr\/e Kind\/er an einem Musik- und Tanztheaterprojekt teilzunehmen.Das Tanztheaterst\u00fcck \u201eIN TIME\u201c l\u00e4dt die teilnehmenden Kinder und Jugendlichen ein, In Time zu sein,...<\/p>\n<\/div><a href=\"https:\/\/musikschule-goerlitz.de\/pl\/in-time-ein-musik-und-tanztheaterprojekt-fuer-kinder-und-jugendliche-von-9-18-jahren\/\" class=\"more-link\">read more<\/a><\/div>\t\t\t\n\t\t\t<\/article>\n\t\t\t\t\n\t\t\t<article id=\"post-7654\" class=\"et_pb_post clearfix et_pb_no_thumb et_pb_blog_item_0_1 post-7654 post type-post status-publish format-standard hentry category-aktuelles\">\n\n\t\t\t\t\n\t\t\t\t\t\t\t\t\t\t\t\t\t\t<h2 class=\"entry-title\">\n\t\t\t\t\t\t\t\t\t\t\t\t\t<a href=\"https:\/\/musikschule-goerlitz.de\/pl\/geister-ein-musikalisches-hoerspiel-von-thomas-stapel\/\">Geister &#8211; ein musikalisches H\u00f6rspiel von Thomas Stapel<\/a>\n\t\t\t\t\t\t\t\t\t\t\t<\/h2>\n\t\t\t\t\n\t\t\t\t\t<p class=\"post-meta\"><span class=\"published\">15. Jan 2025<\/span><\/p><div class=\"post-content\"><div class=\"post-content-inner\"><p>Text &amp; Musik: Thomas Stapel Kinderchor der Musikschule \"Johann Adam Hiller\" G\u00f6rlitz e.V. Leitung: Dagmar Walter Sprecher: Thomas Stapel Mixtura-Orchester und Lehrkr\u00e4fte der Musikschule \"Johann Adam Hiller\" G\u00f6rlitz e.V. und der Kreismusikschule Dreil\u00e4ndereck...<\/p>\n<\/div><a href=\"https:\/\/musikschule-goerlitz.de\/pl\/geister-ein-musikalisches-hoerspiel-von-thomas-stapel\/\" class=\"more-link\">read more<\/a><\/div>\t\t\t\n\t\t\t<\/article>\n\t\t\t\t\n\t\t\t<article id=\"post-7077\" class=\"et_pb_post clearfix et_pb_no_thumb et_pb_blog_item_0_2 post-7077 post type-post status-publish format-standard hentry category-aktuelles tag-basta tag-big-band tag-jazz tag-tower\">\n\n\t\t\t\t\n\t\t\t\t\t\t\t\t\t\t\t\t\t\t<h2 class=\"entry-title\">\n\t\t\t\t\t\t\t\t\t\t\t\t\t<a href=\"https:\/\/musikschule-goerlitz.de\/pl\/tower-big-band-rockt-in-der-goerlitzer-altstadt\/\">&#8222;Tower&#8220;-BigBand rockt in der G\u00f6rlitzer Altstadt<\/a>\n\t\t\t\t\t\t\t\t\t\t\t<\/h2>\n\t\t\t\t\n\t\t\t\t\t<p class=\"post-meta\"><span class=\"published\">20. Aug 2024<\/span><\/p><div class=\"post-content\"><div class=\"post-content-inner\"><p>Am vergangenen Wochenende begeisterte die BigBand unserer Musikschule zahlreiche Zuh\u00f6rer an der G\u00f6rlitzer Altstadtbr\u00fccke. Anl\u00e4sslich des 30-j\u00e4hrigen Bestehens lud das Jugendkultur-Zentrum BASTA! an drei Tagen Musikgruppen und G\u00e4ste ein. Die 14 Musiker innen der...<\/p>\n<\/div><a href=\"https:\/\/musikschule-goerlitz.de\/pl\/tower-big-band-rockt-in-der-goerlitzer-altstadt\/\" class=\"more-link\">read more<\/a><\/div>\t\t\t\n\t\t\t<\/article>\n\t\t\t\t\n\t\t\t<article id=\"post-6827\" class=\"et_pb_post clearfix et_pb_no_thumb et_pb_blog_item_0_3 post-6827 post type-post status-publish format-standard hentry category-aktuelles\">\n\n\t\t\t\t\n\t\t\t\t\t\t\t\t\t\t\t\t\t\t<h2 class=\"entry-title\">\n\t\t\t\t\t\t\t\t\t\t\t\t\t<a href=\"https:\/\/musikschule-goerlitz.de\/pl\/ein-leben-fuer-die-musik-sigrid-richter-aus-goerlitz-unterrichtet-seit-60-jahren\/\">Ein Leben f\u00fcr die Musik \u2013 Sigrid Richter aus G\u00f6rlitz unterrichtet seit 60 Jahren<\/a>\n\t\t\t\t\t\t\t\t\t\t\t<\/h2>\n\t\t\t\t\n\t\t\t\t\t<p class=\"post-meta\"><span class=\"published\">4. May 2024<\/span><\/p><div class=\"post-content\"><div class=\"post-content-inner\"><p>82 Jahre alt und doch von Altersm\u00fcdigkeit keine Spur \u2013 das ist Oma Sigrid aus G\u00f6rlitz. Seit 60 Jahren bildet sie die Nachwuchsmusiker aus. Und das mit nie nachlassender Leidenschaft. Ein Beitrag vom MDR - ausgestrahlt am 03.05.2024.<\/p>\n<\/div><a href=\"https:\/\/musikschule-goerlitz.de\/pl\/ein-leben-fuer-die-musik-sigrid-richter-aus-goerlitz-unterrichtet-seit-60-jahren\/\" class=\"more-link\">read more<\/a><\/div>\t\t\t\n\t\t\t<\/article>\n\t\t\t\t\n\t\t\t<article id=\"post-6798\" class=\"et_pb_post clearfix et_pb_blog_item_0_4 post-6798 post type-post status-publish format-standard has-post-thumbnail hentry category-aktuelles\">\n\n\t\t\t\t<a href=\"https:\/\/musikschule-goerlitz.de\/pl\/der-nachtschwaermer-musical-von-thomas-stapel\/\" class=\"entry-featured-image-url\"><img loading=\"lazy\" decoding=\"async\" src=\"https:\/\/musikschule-goerlitz.de\/wp-content\/uploads\/2024\/04\/Neues-Projekt-1-Animiertes-Bild-Gross.gif\" alt=\"DER NACHTSCHW\u00c4RMER &#8211; Musical von Thomas Stapel\" class=\"\" width=\"1080\" height=\"675\" \/><\/a>\n\t\t\t\t\t\t\t\t\t\t\t\t\t\t<h2 class=\"entry-title\">\n\t\t\t\t\t\t\t\t\t\t\t\t\t<a href=\"https:\/\/musikschule-goerlitz.de\/pl\/der-nachtschwaermer-musical-von-thomas-stapel\/\">DER NACHTSCHW\u00c4RMER &#8211; Musical von Thomas Stapel<\/a>\n\t\t\t\t\t\t\t\t\t\t\t<\/h2>\n\t\t\t\t\n\t\t\t\t\t<p class=\"post-meta\"><span class=\"published\">25. Apr 2024<\/span><\/p><div class=\"post-content\"><div class=\"post-content-inner\"><p>Die Geschichte des St\u00fcckes spielt im Schulmilieu. Julian \u2013 in der Abitur-Abschlussklasse - f\u00fchrt ein Au\u00dfenseiterdasein und lebt in seiner Phantasiewelt. Die wenig j\u00fcngere Mitsch\u00fclerin Anna lernt Julian kennen und gibt ihm das Gef\u00fchl, sich nicht an \u00c4u\u00dferlichkeiten zu...<\/p>\n<\/div><a href=\"https:\/\/musikschule-goerlitz.de\/pl\/der-nachtschwaermer-musical-von-thomas-stapel\/\" class=\"more-link\">read more<\/a><\/div>\t\t\t\n\t\t\t<\/article>\n\t\t\t\t\n\t\t\t<article id=\"post-5195\" class=\"et_pb_post clearfix et_pb_no_thumb et_pb_blog_item_0_5 post-5195 post type-post status-publish format-standard hentry category-aktuelles\">\n\n\t\t\t\t\n\t\t\t\t\t\t\t\t\t\t\t\t\t\t<h2 class=\"entry-title\">\n\t\t\t\t\t\t\t\t\t\t\t\t\t<a href=\"https:\/\/musikschule-goerlitz.de\/pl\/so-geht-saechsisch-unsere-musikschule-im-portraet\/\">So geht s\u00e4chsisch &#8230; Unsere Musikschule im Portr\u00e4t<\/a>\n\t\t\t\t\t\t\t\t\t\t\t<\/h2>\n\t\t\t\t\n\t\t\t\t\t<p class=\"post-meta\"><span class=\"published\">23. Mar 2023<\/span><\/p><div class=\"post-content\"><div class=\"post-content-inner\"><\/div><a href=\"https:\/\/musikschule-goerlitz.de\/pl\/so-geht-saechsisch-unsere-musikschule-im-portraet\/\" class=\"more-link\">read more<\/a><\/div>\t\t\t\n\t\t\t<\/article>\n\t\t\t\t\n\t\t\t<article id=\"post-4877\" class=\"et_pb_post clearfix et_pb_no_thumb et_pb_blog_item_0_6 post-4877 post type-post status-publish format-standard hentry category-aktuelles\">\n\n\t\t\t\t\n\t\t\t\t\t\t\t\t\t\t\t\t\t\t<h2 class=\"entry-title\">\n\t\t\t\t\t\t\t\t\t\t\t\t\t<a href=\"https:\/\/musikschule-goerlitz.de\/pl\/der-neue-musikschul-video-trailer\/\">der neue Musikschul-Video-Trailer<\/a>\n\t\t\t\t\t\t\t\t\t\t\t<\/h2>\n\t\t\t\t\n\t\t\t\t\t<p class=\"post-meta\"><span class=\"published\">14. Dec 2022<\/span><\/p><div class=\"post-content\"><div class=\"post-content-inner\"><p>Wir freuen uns, euch gleich zwei Premieren zu pr\u00e4sentieren. So k\u00f6nnt ihr nun den neuen Werbe-Trailer der Musikschule ansehen und dabei die Aufnahme des ebenfalls neuen Musikschul-Songs h\u00f6ren.Ein Dank gilt allen denen, die an der Produktion beteiligt waren. &nbsp; H\u00f6re...<\/p>\n<\/div><a href=\"https:\/\/musikschule-goerlitz.de\/pl\/der-neue-musikschul-video-trailer\/\" class=\"more-link\">read more<\/a><\/div>\t\t\t\n\t\t\t<\/article>\n\t\t\t\t\n\t\t\t<article id=\"post-4566\" class=\"et_pb_post clearfix et_pb_no_thumb et_pb_blog_item_0_7 post-4566 post type-post status-publish format-standard hentry category-uncategorized\">\n\n\t\t\t\t\n\t\t\t\t\t\t\t\t\t\t\t\t\t\t<h2 class=\"entry-title\">\n\t\t\t\t\t\t\t\t\t\t\t\t\t<a href=\"https:\/\/musikschule-goerlitz.de\/pl\/oeffnungszeiten-des-bueros-waehrend-der-ferien-montag-bis-freitag-von-8-bis-14-uhr\/\">\u00d6ffnungszeiten des B\u00fcros w\u00e4hrend Ferienzeiten: Montag bis Freitag von 8 bis 14 Uhr<\/a>\n\t\t\t\t\t\t\t\t\t\t\t<\/h2>\n\t\t\t\t\n\t\t\t\t\t<p class=\"post-meta\"><span class=\"published\">9. Aug 2022<\/span><\/p><div class=\"post-content\"><div class=\"post-content-inner\"><\/div><a href=\"https:\/\/musikschule-goerlitz.de\/pl\/oeffnungszeiten-des-bueros-waehrend-der-ferien-montag-bis-freitag-von-8-bis-14-uhr\/\" class=\"more-link\">read more<\/a><\/div>\t\t\t\n\t\t\t<\/article>\n\t\t\t\t\n\t\t\t<article id=\"post-3691\" class=\"et_pb_post clearfix et_pb_no_thumb et_pb_blog_item_0_8 post-3691 post type-post status-publish format-standard hentry category-aktuelles\">\n\n\t\t\t\t\n\t\t\t\t\t\t\t\t\t\t\t\t\t\t<h2 class=\"entry-title\">\n\t\t\t\t\t\t\t\t\t\t\t\t\t<a href=\"https:\/\/musikschule-goerlitz.de\/pl\/neujahrsvideo-des-jugendblasorchester-goerlitz\/\">Neujahrsvideo des Jugendblasorchester G\u00f6rlitz<\/a>\n\t\t\t\t\t\t\t\t\t\t\t<\/h2>\n\t\t\t\t\n\t\t\t\t\t<p class=\"post-meta\"><span class=\"published\">1. Jan 2022<\/span><\/p><div class=\"post-content\"><div class=\"post-content-inner\"><\/div><a href=\"https:\/\/musikschule-goerlitz.de\/pl\/neujahrsvideo-des-jugendblasorchester-goerlitz\/\" class=\"more-link\">read more<\/a><\/div>\t\t\t\n\t\t\t<\/article>\n\t\t\t\t<div><div class=\"pagination clearfix\">\n\t<div class=\"alignleft\"><\/div>\n\t<div class=\"alignright\"><\/div>\n<\/div><\/div><\/div>\n\t\t\t\t<\/div>\n\t\t\t\t \n\t\t\t<\/div>\n\t\t\t\t\n\t\t\t\t\n\t\t\t\t\n\t\t\t\t\n\t\t\t<\/div>\n\t\t\t\t\n\t\t\t\t\n\t\t\t<\/div>","protected":false},"excerpt":{"rendered":"","protected":false},"author":2,"featured_media":0,"parent":0,"menu_order":0,"comment_status":"closed","ping_status":"closed","template":"","meta":{"_monsterinsights_skip_tracking":false,"_monsterinsights_sitenote_active":false,"_monsterinsights_sitenote_note":"","_monsterinsights_sitenote_category":0,"_et_pb_use_builder":"on","_et_pb_old_content":"","_et_gb_content_width":"","footnotes":""},"class_list":["post-671","page","type-page","status-publish","hentry"],"_links":{"self":[{"href":"https:\/\/musikschule-goerlitz.de\/pl\/wp-json\/wp\/v2\/pages\/671","targetHints":{"allow":["GET"]}}],"collection":[{"href":"https:\/\/musikschule-goerlitz.de\/pl\/wp-json\/wp\/v2\/pages"}],"about":[{"href":"https:\/\/musikschule-goerlitz.de\/pl\/wp-json\/wp\/v2\/types\/page"}],"author":[{"embeddable":true,"href":"https:\/\/musikschule-goerlitz.de\/pl\/wp-json\/wp\/v2\/users\/2"}],"replies":[{"embeddable":true,"href":"https:\/\/musikschule-goerlitz.de\/pl\/wp-json\/wp\/v2\/comments?post=671"}],"version-history":[{"count":11,"href":"https:\/\/musikschule-goerlitz.de\/pl\/wp-json\/wp\/v2\/pages\/671\/revisions"}],"predecessor-version":[{"id":1536,"href":"https:\/\/musikschule-goerlitz.de\/pl\/wp-json\/wp\/v2\/pages\/671\/revisions\/1536"}],"wp:attachment":[{"href":"https:\/\/musikschule-goerlitz.de\/pl\/wp-json\/wp\/v2\/media?parent=671"}],"curies":[{"name":"wp","href":"https:\/\/api.w.org\/{rel}","templated":true}]}}