{"id":353,"date":"2021-05-18T20:38:44","date_gmt":"2021-05-18T20:38:44","guid":{"rendered":"https:\/\/musikschule.alles-eitel.de\/?page_id=353"},"modified":"2021-06-04T20:37:05","modified_gmt":"2021-06-04T20:37:05","slug":"jugendsinfonieorchester","status":"publish","type":"page","link":"https:\/\/musikschule-goerlitz.de\/pl\/jugendsinfonieorchester\/","title":{"rendered":"m\u0142odzie\u017cowa orkiestra symfoniczna"},"content":{"rendered":"<p><div class=\"et_d4_element et_pb_section et_pb_section_0 et_pb_section_parallax et_pb_with_background  et_pb_css_mix_blend_mode et_pb_fullwidth_section et_section_regular et_block_section\" >\n\t\t\t\t\n\t\t\t\t<span class=\"et_parallax_bg_wrap et-pb-parallax-wrapper\"><span\n\t\t\t\t\t\tclass=\"et_parallax_bg et_pb_parallax_css et_parallax_bg--et_pb_section_0\"\n\t\t\t\t\t\tstyle=\"background-image: url(https:\/\/musikschule-goerlitz.de\/wp-content\/uploads\/2021\/05\/Orchester_2018.jpg);\"\n\t\t\t\t\t><\/span><\/span>\n\t\t\t\t\n\t\t\t\t\n\t\t\t\t\n\t\t\t\t\n\t\t\t\t<section class=\"et_pb_module et_d4_element et_pb_fullwidth_header et_pb_fullwidth_header_0  et_pb_css_mix_blend_mode et_pb_text_align_center et_pb_bg_layout_dark\">\n\t\t\t\t\n\t\t\t\t\n\t\t\t\t\n\t\t\t\t\n\t\t\t\t<div class=\"et_pb_fullwidth_header_container center\">\n\t\t\t\t\t<div class=\"header-content-container center\">\n\t\t\t\t\t<div class=\"header-content\">\n\t\t\t\t\t\t\n\t\t\t\t\t\t<h1 class=\"et_pb_module_header\">Deutsch-polnisches Jugendsinfonieorchester Gemeinsam musizieren<\/h1>\n\t\t\t\t\t\t\n\t\t\t\t\t\t<div class=\"et_pb_header_content_wrapper\"><p>Du willst neben Deinem Musikschulunterricht mit anderen gemeinsam musizieren?<\/p>\n<p>Wir suchen Kinder, Jugendliche und Erwachsene, die Laune haben, in einem gro\u00dfen (Sinfonie-)Orchester zu musizieren. Hier spielen junge Leute aus G\u00f6rlitz, Zgorzelec und Luban. Wir musizieren und experimentieren an anspruchsvollen Werken aus allen Epochen (Klassik, Musical, Jazz u.a.). Wir wollen fetzige, ganz unterschiedliche Konzerte gestalten und auf Konzertreisen gehen.<\/p>\n<p>&nbsp;<\/p>\n<p>&nbsp;<\/p>\n<h2><span style=\"color: #ffffff;\">Komm einfach vorbei<\/span><\/h2>\n<p>1-2mal pro Jahr fahren wir gemeinsam in ein Probenlager. Neben intensiven Proben sind auch viel Spa\u00df und gemeinsame Unternehmungen angesagt.<\/p>\n<p>Lust bekommen? Dann einfach vorbeischauen und mitspielen.<\/p><\/div>\n\t\t\t\t\t\t<a class=\"et_pb_button et_pb_more_button et_pb_button_one\" href=\"\">do zg\u0142oszenia<\/a>\n\t\t\t\t\t<\/div>\n\t\t\t\t<\/div>\n\t\t\t\t\t\n\t\t\t\t<\/div>\n\t\t\t\t<div class=\"et_pb_fullwidth_header_overlay\"><\/div>\n\t\t\t\t<div class=\"et_pb_fullwidth_header_scroll\"><a href=\"#\" class=\"scroll-down-container\">\n\t\t\t\t\t<span class=\"scroll-down et-pb-icon\">;<\/span>\n\t\t\t\t\t\n\t\t\t\t\t\n\t\t\t\t<\/a><\/div>\n\t\t\t<\/section>\n\t\t\t\t\n\t\t\t\t\n\t\t\t<\/div><div class=\"et_d4_element et_pb_section et_pb_section_1 et_pb_section_parallax et_pb_with_background  et_pb_css_mix_blend_mode et_section_regular et_block_section\" >\n\t\t\t\t\n\t\t\t\t<span class=\"et_parallax_bg_wrap et-pb-parallax-wrapper\"><span\n\t\t\t\t\t\tclass=\"et_parallax_bg et_pb_parallax_css et_parallax_bg--et_pb_section_1\"\n\t\t\t\t\t\tstyle=\"background-image: url(https:\/\/musikschule-goerlitz.de\/wp-content\/uploads\/2021\/05\/Orchester_2018.jpg);\"\n\t\t\t\t\t><\/span><\/span>\n\t\t\t\t\n\t\t\t\t\n\t\t\t\t\n\t\t\t\t\n\t\t\t\t<div class=\"et_d4_element et_pb_row et_pb_row_0  et_pb_css_mix_blend_mode et_block_row\">\n\t\t\t\t<div class=\"et_d4_element et_pb_column_4_4 et_pb_column et_pb_column_0  et_pb_css_mix_blend_mode et-last-child et_block_column\">\n\t\t\t\t\n\t\t\t\t\n\t\t\t\t\n\t\t\t\t\n\t\t\t\t<div class=\"et_pb_module et_d4_element et_pb_accordion et_pb_accordion_0  et_pb_text_align_center\">\n\t\t\t\t\n\t\t\t\t\n\t\t\t\t\n\t\t\t\t\n\t\t\t\t<div class=\"et_pb_toggle et_pb_module et_d4_element et_pb_accordion_item et_pb_accordion_item_0  et_pb_toggle_open\">\n\t\t\t\t\n\t\t\t\t\n\t\t\t\t\n\t\t\t\t\n\t\t\t\t<h5 class=\"et_pb_toggle_title\">Probenplan <\/h5>\n\t\t\t\t<div class=\"et_pb_toggle_content clearfix\"><h3>STAND\u200c \u200c24\/9\/2020\u200c\u00a0\u200c<\/h3>\n<p>Registerproben:\u200c\u00a0\u200c<\/p>\n<p>1.\u200c \u200c+\u200c \u200c2.\u200c \u200cGeige\u200c \u200c\u2013\u200c \u200cDalibor\u200c \u200cTu\u017e\u200c\u00a0\u200c<\/p>\n<p>3.\u200c \u200cGeige\u200c \u200c+\u200c \u200cBratsche\u200c \u200c\u2013\u200c \u200cKarolina\u200c \u200cNajechalska<\/p>\n<p>Violoncelli\u200c \u200c\u2013\u200c \u200cLeon\u200c \u200cSzostakowski \u200c<\/p>\n<p>Kontrab\u00e4sse \u200c\u2013\u200c \u200cAlexander\u200c \u200cG\u00f6pfert \u200c<\/p>\n<p>Bl\u00e4ser \u200c\u2013\u200c \u200cMartin\u200c \u200cBandel<\/p>\n<p>\u200c<\/p>\n<p>Probenplan:\u200c\u00a0\u200c<\/p>\n<p>\u200c<\/p>\n<p><strong>1.10.\u200c\u00a0\u200c<\/strong><\/p>\n<p>Registerproben\u200c\u00a0\u200c<\/p>\n<p>Geige,\u200c \u200cBratsche:\u200c \u200c16:45\u200c \u200c-\u200c \u200c17:30\u200c \u200cWerk\u200c \u200c1\u200c\u00a0\u200c<\/p>\n<p>Celli:\u200c \u200c16:30\u200c \u200c\u2013\u200c \u200c17:15\u200c \u200cFischmarkt\u200c \u200c6\u200c\u00a0\u200c<\/p>\n<p>B\u00e4sse:\u200c \u200c16:30\u200c \u200c\u2013\u200c \u200c17:15\u200c \u200cbei\u200c \u200cHr.\u200c \u200cG\u00f6pfert\u200c\u00a0\u200c<\/p>\n<p>Bl\u00e4ser:\u200c \u200c17:00\u200c \u200c\u2013\u200c \u200c17:45\u200c \u200cWerk\u200c \u200c1\u200c\u00a0\u200c\u00a0\u200c<\/p>\n<p>Gesamtprobe\u200c \u200cim\u200c \u200cWerk\u200c \u200c1\u200c\u00a0\u200c<\/p>\n<p>17:40\u200c \u200c-\u200c \u200c19:00\u200c \u200cGesamtprobe\u200c \u200cim\u200c \u200cWerk\u200c \u200c1\u200c \u200c(Brunnenstra\u00dfe\u200c \u200c11)\u200c\u00a0\u200c<\/p>\n<p>\u200c<\/p>\n<p><strong>8.10.\u200c\u00a0\u200c<\/strong><\/p>\n<p>Registerproben\u200c\u00a0\u200c<\/p>\n<p>Geige,\u200c \u200cBratsche:\u200c \u200c16:45\u200c \u200c-\u200c \u200c17:30\u200c \u200cWerk\u200c \u200c1\u200c\u00a0\u200c<\/p>\n<p>Celli:\u200c \u200c16:30\u200c \u200c\u2013\u200c \u200c17:15\u200c \u200cFischmarkt\u200c \u200c6\u200c\u00a0\u200c<\/p>\n<p>B\u00e4sse:\u200c \u200c16:30\u200c \u200c\u2013\u200c \u200c17:15\u200c \u200cbei\u200c \u200cHr.\u200c \u200cG\u00f6pfert\u200c\u00a0\u200c<\/p>\n<p>Bl\u00e4ser:\u200c \u200c17:00\u200c \u200c\u2013\u200c \u200c17:45\u200c \u200cWerk\u200c \u200c1\u200c\u00a0\u200c\u00a0\u200c<\/p>\n<p>Gesamtprobe\u200c \u200cim\u200c \u200cWerk\u200c \u200c1\u200c\u00a0\u200c<\/p>\n<p>17:40\u200c \u200c-\u200c \u200c19:00\u200c \u200cGesamtprobe\u200c \u200cim\u200c \u200cWerk\u200c \u200c1\u200c \u200c(Brunnenstra\u00dfe\u200c \u200c11)\u200c\u00a0\u200c<\/p>\n<p>\u200c<\/p>\n<p><strong>15.10.\u200c\u00a0\u200c<\/strong><\/p>\n<p>wie\u200c \u200cam\u200c \u200c8.10.\u200c \u200c!\u200c\u00a0\u200c<\/p>\n<p>\u200c<\/p>\n<p>22.10.\u200c \u200cHerbstferien\u200c\u00a0\u200c<\/p>\n<p>29.10.\u200c \u200cHerbstferien\u200c\u00a0\u200c<\/p>\n<p>\u200c<\/p>\n<p>\u2026\u2026..\u200c\u00a0\u200c<\/p>\n<p>\u2026\u2026\u200c\u00a0\u200c<\/p>\n<p><strong>PROBENLAGER\u200c \u200cUND\u200c \u200cKONZERT\u200c \u200cIM\u200c \u200cNOVEMBER\u200c\u00a0\u200c\u00a0\u200c<\/strong><\/p>\n<p><strong>13.\u200c \u200c-\u200c \u200c15.\u200c \u200c11.\u200c \u200c2020\u200c\u00a0\u200c\u00a0\u200c<\/strong><\/p>\n<p><strong>PROBENLAGER\u200c \u200cIN\u200c \u200cLIBEREC\u200c \u200c(CZ)\u200c\u00a0\u200c\u00a0\u200c<\/strong><\/p>\n<p><strong>21.\u200c \u200c\u2013\u200c \u200c22.\u200c \u200c11.\u200c \u200c2020\u200c\u00a0\u200c<\/strong><\/p>\n<p><strong>Samstag\u200c \u200c21.\u200c \u200c11.\u200c \u200cProbe\u200c \u200c+\u200c \u200cKonzert\u200c \u200cin\u200c \u200cG\u00f6rlitz\u200c\u00a0\u200c<\/strong><\/p>\n<p><strong>Sonntag\u200c \u200c22.11.\u200c\u00a0 \u200cProbe\u200c \u200c+\u200c \u200cKonzert\u200c \u200cin\u200c \u200cLiberec\u200c \u200c(CZ)\u200c\u00a0\u200c<\/strong><\/p>\n<p>&nbsp;<\/p><\/div>\n\t\t\t<\/div><div class=\"et_pb_toggle et_pb_module et_d4_element et_pb_accordion_item et_pb_accordion_item_1  et_pb_toggle_close\">\n\t\t\t\t\n\t\t\t\t\n\t\t\t\t\n\t\t\t\t\n\t\t\t\t<h5 class=\"et_pb_toggle_title\">Probenplan <\/h5>\n\t\t\t\t<div class=\"et_pb_toggle_content clearfix\"><h3>STAND\u200c \u200c24\/9\/2020\u200c\u00a0\u200c<\/h3>\n<p>Registerproben:\u200c\u00a0\u200c<\/p>\n<p>1.\u200c \u200c+\u200c \u200c2.\u200c \u200cGeige\u200c \u200c\u2013\u200c \u200cDalibor\u200c \u200cTu\u017e\u200c\u00a0\u200c<\/p>\n<p>3.\u200c \u200cGeige\u200c \u200c+\u200c \u200cBratsche\u200c \u200c\u2013\u200c \u200cKarolina\u200c \u200cNajechalska<\/p>\n<p>Violoncelli\u200c \u200c\u2013\u200c \u200cLeon\u200c \u200cSzostakowski \u200c<\/p>\n<p>Kontrab\u00e4sse \u200c\u2013\u200c \u200cAlexander\u200c \u200cG\u00f6pfert \u200c<\/p>\n<p>Bl\u00e4ser \u200c\u2013\u200c \u200cMartin\u200c \u200cBandel<\/p>\n<p>\u200c<\/p>\n<p>Probenplan:\u200c\u00a0\u200c<\/p>\n<p>\u200c<\/p>\n<p><strong>1.10.\u200c\u00a0\u200c<\/strong><\/p>\n<p>Registerproben\u200c\u00a0\u200c<\/p>\n<p>Geige,\u200c \u200cBratsche:\u200c \u200c16:45\u200c \u200c-\u200c \u200c17:30\u200c \u200cWerk\u200c \u200c1\u200c\u00a0\u200c<\/p>\n<p>Celli:\u200c \u200c16:30\u200c \u200c\u2013\u200c \u200c17:15\u200c \u200cFischmarkt\u200c \u200c6\u200c\u00a0\u200c<\/p>\n<p>B\u00e4sse:\u200c \u200c16:30\u200c \u200c\u2013\u200c \u200c17:15\u200c \u200cbei\u200c \u200cHr.\u200c \u200cG\u00f6pfert\u200c\u00a0\u200c<\/p>\n<p>Bl\u00e4ser:\u200c \u200c17:00\u200c \u200c\u2013\u200c \u200c17:45\u200c \u200cWerk\u200c \u200c1\u200c\u00a0\u200c\u00a0\u200c<\/p>\n<p>Gesamtprobe\u200c \u200cim\u200c \u200cWerk\u200c \u200c1\u200c\u00a0\u200c<\/p>\n<p>17:40\u200c \u200c-\u200c \u200c19:00\u200c \u200cGesamtprobe\u200c \u200cim\u200c \u200cWerk\u200c \u200c1\u200c \u200c(Brunnenstra\u00dfe\u200c \u200c11)\u200c\u00a0\u200c<\/p>\n<p>\u200c<\/p>\n<p><strong>8.10.\u200c\u00a0\u200c<\/strong><\/p>\n<p>Registerproben\u200c\u00a0\u200c<\/p>\n<p>Geige,\u200c \u200cBratsche:\u200c \u200c16:45\u200c \u200c-\u200c \u200c17:30\u200c \u200cWerk\u200c \u200c1\u200c\u00a0\u200c<\/p>\n<p>Celli:\u200c \u200c16:30\u200c \u200c\u2013\u200c \u200c17:15\u200c \u200cFischmarkt\u200c \u200c6\u200c\u00a0\u200c<\/p>\n<p>B\u00e4sse:\u200c \u200c16:30\u200c \u200c\u2013\u200c \u200c17:15\u200c \u200cbei\u200c \u200cHr.\u200c \u200cG\u00f6pfert\u200c\u00a0\u200c<\/p>\n<p>Bl\u00e4ser:\u200c \u200c17:00\u200c \u200c\u2013\u200c \u200c17:45\u200c \u200cWerk\u200c \u200c1\u200c\u00a0\u200c\u00a0\u200c<\/p>\n<p>Gesamtprobe\u200c \u200cim\u200c \u200cWerk\u200c \u200c1\u200c\u00a0\u200c<\/p>\n<p>17:40\u200c \u200c-\u200c \u200c19:00\u200c \u200cGesamtprobe\u200c \u200cim\u200c \u200cWerk\u200c \u200c1\u200c \u200c(Brunnenstra\u00dfe\u200c \u200c11)\u200c\u00a0\u200c<\/p>\n<p>\u200c<\/p>\n<p><strong>15.10.\u200c\u00a0\u200c<\/strong><\/p>\n<p>wie\u200c \u200cam\u200c \u200c8.10.\u200c \u200c!\u200c\u00a0\u200c<\/p>\n<p>\u200c<\/p>\n<p>22.10.\u200c \u200cHerbstferien\u200c\u00a0\u200c<\/p>\n<p>29.10.\u200c \u200cHerbstferien\u200c\u00a0\u200c<\/p>\n<p>\u200c<\/p>\n<p>\u2026\u2026..\u200c\u00a0\u200c<\/p>\n<p>\u2026\u2026\u200c\u00a0\u200c<\/p>\n<p><strong>PROBENLAGER\u200c \u200cUND\u200c \u200cKONZERT\u200c \u200cIM\u200c \u200cNOVEMBER\u200c\u00a0\u200c\u00a0\u200c<\/strong><\/p>\n<p><strong>13.\u200c \u200c-\u200c \u200c15.\u200c \u200c11.\u200c \u200c2020\u200c\u00a0\u200c\u00a0\u200c<\/strong><\/p>\n<p><strong>PROBENLAGER\u200c \u200cIN\u200c \u200cLIBEREC\u200c \u200c(CZ)\u200c\u00a0\u200c\u00a0\u200c<\/strong><\/p>\n<p><strong>21.\u200c \u200c\u2013\u200c \u200c22.\u200c \u200c11.\u200c \u200c2020\u200c\u00a0\u200c<\/strong><\/p>\n<p><strong>Samstag\u200c \u200c21.\u200c \u200c11.\u200c \u200cProbe\u200c \u200c+\u200c \u200cKonzert\u200c \u200cin\u200c \u200cG\u00f6rlitz\u200c\u00a0\u200c<\/strong><\/p>\n<p><strong>Sonntag\u200c \u200c22.11.\u200c\u00a0 \u200cProbe\u200c \u200c+\u200c \u200cKonzert\u200c \u200cin\u200c \u200cLiberec\u200c \u200c(CZ)\u200c\u00a0\u200c<\/strong><\/p>\n<p>&nbsp;<\/p><\/div>\n\t\t\t<\/div><div class=\"et_pb_toggle et_pb_module et_d4_element et_pb_accordion_item et_pb_accordion_item_2  et_pb_toggle_close\">\n\t\t\t\t\n\t\t\t\t\n\t\t\t\t\n\t\t\t\t\n\t\t\t\t<h5 class=\"et_pb_toggle_title\">Historia szko\u0142y<\/h5>\n\t\t\t\t<div class=\"et_pb_toggle_content clearfix\"><div class=\"htmlpicrowsleft\">\n<p>Maria Frenzel-Weiner, die langj\u00e4hrige Leiterin der Musikschule, legte mit einem aus eigenen Streichsch\u00fclern formierten Ensemble den Grundstein. 1953 spielte das Streichorchester erstmals in der \u00d6ffentlichkeit. Dass bereits 1957 der Komponist Ernst Herrmann Meyer dem Klangk\u00f6rper ein Werk \u201eauf den Leib\u201c schrieb, l\u00e4sst auf Qualit\u00e4t schlie\u00dfen, die sich zunehmend entfalten sollte, als sich die Streicher 1960 mit Bl\u00e4sern zum sinfonischen Orchester formierten und damit M\u00f6glichkeiten erweiterten.<\/p>\n<p>Bald wurde das Ensemble \u00fcberregional bekannt \u2013 nicht allein durch die Zusammenarbeit mit mittlerweile weltbekannten Solisten wie Eckart Haupt, sondern auch durch grenz\u00fcbergreifende Aktivit\u00e4ten. Zu nennen ist hier die Zusammenarbeit mit der Musikschule Katowice. Preise gab es auch: 1966 Goldmedaille bei den Arbeiterfestspielen in Potsdam, Silbermedaille 1968 . . . Die Zusammenarbeit mit polnischen Musiksch\u00fclern wurde intensiver und nur kurz durch die Grenzschlie\u00dfung 1980\/1981 unterbrochen.<\/p>\n<p>Parallel zum Sinfonieorchester entwickelte sich 1973 das \u201eDeutsch-polnische Freundschaftsorchester\u201c zu einem unverzichtbaren Kulturfaktor mit Auftritten im In- und Ausland. Nach der Gr\u00fcnderin Frau Frenzel-Weiner \u00fcbernahm der Violinp\u00e4dagoge Bodo Engler die Orchesterleitung, um sie dann an den jungen Geiger, Komponisten und Dirigenten Thomas Stapel abzugeben. Unter seiner Leitung kamen neben Werken von Vivaldi, Corelli, Haydn, Mozart, Beethoven und Schubert auch zeitgen\u00f6ssische Werke zur Urauff\u00fchrung, so f\u00fcr das Orchester entstandene Kompositionen \"Drei sinfonische Songs\" von Thomas Stapel sowie St\u00fccke von Lothar G\u00e4rtig, J\u00f6rg-Ulrich Knebel und Bertram Schulz.<\/p>\n<p>Als Herr Keschke die Leitung \u00fcbernahm, fanden auch sorbische Komponisten Platz im Repertoire. Nun wurde das gereifte Orchester vom engagierten Dirigenten Wolfgang Behrend bis 2011 geleitet. Unter seiner Stabf\u00fchrung fanden einige der gro\u00dfen Werke der Orchesterliteratur Einzug in das Repertoire des Jugendensembles (z.B. \u201eBastien und Bastienne\u201c im Jahr 2005) , das der Gegenwart und Zukunft verpflichtet ist.<br \/>Im Jahr 2009 bekam das Orchester einen Paten. Die Orchesterpatenschaft wurde zwischen dem deutsch-polnischen Jugendsinfonieorchester G\u00f6rlitz \/ Zgorzelec und der Neuen Lausitzer Philharmonie von der Deutschen Orchestervereinigung, der Jeunesses Musicales Deutschland und dem Verband deutscher Musikschulen im Rahmen der Initiative \"tutti pro\" anerkannt.<\/p>\n<\/div>\n<p>&nbsp;<\/p><\/div>\n\t\t\t<\/div>\n\t\t\t<\/div>\n\t\t\t<\/div>\n\t\t\t\t\n\t\t\t\t\n\t\t\t\t\n\t\t\t\t\n\t\t\t<\/div>\n\t\t\t\t\n\t\t\t\t\n\t\t\t<\/div><\/p>","protected":false},"excerpt":{"rendered":"","protected":false},"author":2,"featured_media":0,"parent":0,"menu_order":0,"comment_status":"closed","ping_status":"closed","template":"","meta":{"_monsterinsights_skip_tracking":false,"_monsterinsights_sitenote_active":false,"_monsterinsights_sitenote_note":"","_monsterinsights_sitenote_category":0,"_et_pb_use_builder":"on","_et_pb_old_content":"<!-- wp:divi\/placeholder \/-->","_et_gb_content_width":"","footnotes":""},"class_list":["post-353","page","type-page","status-publish","hentry"],"_links":{"self":[{"href":"https:\/\/musikschule-goerlitz.de\/pl\/wp-json\/wp\/v2\/pages\/353","targetHints":{"allow":["GET"]}}],"collection":[{"href":"https:\/\/musikschule-goerlitz.de\/pl\/wp-json\/wp\/v2\/pages"}],"about":[{"href":"https:\/\/musikschule-goerlitz.de\/pl\/wp-json\/wp\/v2\/types\/page"}],"author":[{"embeddable":true,"href":"https:\/\/musikschule-goerlitz.de\/pl\/wp-json\/wp\/v2\/users\/2"}],"replies":[{"embeddable":true,"href":"https:\/\/musikschule-goerlitz.de\/pl\/wp-json\/wp\/v2\/comments?post=353"}],"version-history":[{"count":16,"href":"https:\/\/musikschule-goerlitz.de\/pl\/wp-json\/wp\/v2\/pages\/353\/revisions"}],"predecessor-version":[{"id":781,"href":"https:\/\/musikschule-goerlitz.de\/pl\/wp-json\/wp\/v2\/pages\/353\/revisions\/781"}],"wp:attachment":[{"href":"https:\/\/musikschule-goerlitz.de\/pl\/wp-json\/wp\/v2\/media?parent=353"}],"curies":[{"name":"wp","href":"https:\/\/api.w.org\/{rel}","templated":true}]}}