{"id":351,"date":"2021-05-18T20:38:02","date_gmt":"2021-05-18T20:38:02","guid":{"rendered":"https:\/\/musikschule.alles-eitel.de\/?page_id=351"},"modified":"2026-01-30T16:35:42","modified_gmt":"2026-01-30T14:35:42","slug":"ensembles","status":"publish","type":"page","link":"https:\/\/musikschule-goerlitz.de\/pl\/ensembles\/","title":{"rendered":"Zespo\u0142y"},"content":{"rendered":"<p><div id=\"Blechblasinstrumente\" class=\"et_d4_element et_pb_section et_pb_section_0  et_pb_css_mix_blend_mode et_section_regular et_block_section\" >\n\t\t\t\t\n\t\t\t\t\n\t\t\t\t\n\t\t\t\t\n\t\t\t\t\n\t\t\t\t\n\t\t\t\t<div id=\"Fidelini\" class=\"et_d4_element et_pb_row et_pb_row_0 et_pb_section_parallax  et_pb_css_mix_blend_mode et_block_row\">\n\t\t\t\t<div class=\"et_d4_element et_pb_column_4_4 et_pb_column et_pb_column_0  et_pb_css_mix_blend_mode et-last-child et_block_column\">\n\t\t\t\t\n\t\t\t\t\n\t\t\t\t\n\t\t\t\t\n\t\t\t\t<div class=\"et_pb_module et_d4_element et_pb_text et_pb_text_0  et_pb_text_align_center et_pb_bg_layout_light\">\n\t\t\t\t\n\t\t\t\t\n\t\t\t\t\n\t\t\t\t\n\t\t\t\t<div class=\"et_pb_text_inner\"><p><strong>Fidelini<\/strong><\/p><\/div>\n\t\t\t<\/div>\n\t\t\t<\/div>\n\t\t\t\t<span class=\"et_parallax_bg_wrap et-pb-parallax-wrapper\"><span\n\t\t\t\t\t\tclass=\"et_parallax_bg_phone_exist et_parallax_bg_tablet_exist et_parallax_bg et_pb_parallax_css et_parallax_bg--et_pb_row_0\"\n\t\t\t\t\t\tstyle=\"background-image: url(https:\/\/musikschule-goerlitz.de\/wp-content\/uploads\/2021\/09\/header-vorlage.png);\"\n\t\t\t\t\t><\/span><\/span>\n\t\t\t\t\n\t\t\t\t\n\t\t\t\t\n\t\t\t<\/div><div class=\"et_d4_element et_pb_row et_pb_row_1  et_pb_css_mix_blend_mode et_block_row\">\n\t\t\t\t<div class=\"et_d4_element et_pb_column_4_4 et_pb_column et_pb_column_1  et_pb_css_mix_blend_mode et-last-child et_block_column\">\n\t\t\t\t\n\t\t\t\t\n\t\t\t\t\n\t\t\t\t\n\t\t\t\t<div class=\"et_pb_module et_d4_element et_pb_text et_pb_text_1  et_pb_text_align_left et_pb_bg_layout_light\">\n\t\t\t\t\n\t\t\t\t\n\t\t\t\t\n\t\t\t\t\n\t\t\t\t<div class=\"et_pb_text_inner\"><p>Das erste Orchester f\u00fcr junge Streicher.<\/p><\/div>\n\t\t\t<\/div><div class=\"et_pb_module et_d4_element et_pb_text et_pb_text_2  et_pb_text_align_left et_pb_bg_layout_light\">\n\t\t\t\t\n\t\t\t\t\n\t\t\t\t\n\t\t\t\t\n\t\t\t\t<div class=\"et_pb_text_inner\"><p>Ganz junge Streicher werden im Unisono-Spiel mit Klavier an das gemeinschaftliche Musizieren herangef\u00fchrt \u2013 mit dem Ziel, einmal im gro\u00dfen Orchester (JSO) ihren Platz zu finden.<\/p><\/div>\n\t\t\t<\/div><div class=\"et_pb_module et_d4_element et_pb_text et_pb_text_3  et_pb_text_align_left et_pb_bg_layout_light\">\n\t\t\t\t\n\t\t\t\t\n\t\t\t\t\n\t\t\t\t\n\t\t\t\t<div class=\"et_pb_text_inner\"><p><b>Leitung: Karolina Najechalska<\/b><\/p>\n<p><b>Wann?\u00a0<\/b><b>Donnerstag, 15:45-16:30 Uhr, Fischmarkt, Saal<\/b><\/p><\/div>\n\t\t\t<\/div>\n\t\t\t<\/div>\n\t\t\t\t\n\t\t\t\t\n\t\t\t\t\n\t\t\t\t\n\t\t\t<\/div>\n\t\t\t\t\n\t\t\t\t\n\t\t\t<\/div><div class=\"et_d4_element et_pb_section et_pb_section_1  et_pb_css_mix_blend_mode et_section_regular et_block_section\" >\n\t\t\t\t\n\t\t\t\t\n\t\t\t\t\n\t\t\t\t\n\t\t\t\t\n\t\t\t\t\n\t\t\t\t<div class=\"et_d4_element et_pb_row et_pb_row_2  et_pb_css_mix_blend_mode et_block_row\">\n\t\t\t\t<div class=\"et_d4_element et_pb_column_4_4 et_pb_column et_pb_column_2  et_pb_css_mix_blend_mode et-last-child et_block_column\">\n\t\t\t\t\n\t\t\t\t\n\t\t\t\t\n\t\t\t\t\n\t\t\t\t<div class=\"et_pb_module et_d4_element et_pb_divider et_pb_divider_0 et_pb_space\"><div class=\"et_pb_divider_internal\"><\/div><\/div>\n\t\t\t<\/div>\n\t\t\t\t\n\t\t\t\t\n\t\t\t\t\n\t\t\t\t\n\t\t\t<\/div>\n\t\t\t\t\n\t\t\t\t\n\t\t\t<\/div><div id=\"Holzblasinstrumente\" class=\"et_d4_element et_pb_section et_pb_section_2  et_pb_css_mix_blend_mode et_section_regular et_block_section\" >\n\t\t\t\t\n\t\t\t\t\n\t\t\t\t\n\t\t\t\t\n\t\t\t\t\n\t\t\t\t\n\t\t\t\t<div id=\"Mixtura\" class=\"et_d4_element et_pb_row et_pb_row_3 et_pb_section_parallax  et_pb_css_mix_blend_mode et_block_row\">\n\t\t\t\t<div class=\"et_d4_element et_pb_column_4_4 et_pb_column et_pb_column_3  et_pb_css_mix_blend_mode et-last-child et_block_column\">\n\t\t\t\t\n\t\t\t\t\n\t\t\t\t\n\t\t\t\t\n\t\t\t\t<div class=\"et_pb_module et_d4_element et_pb_text et_pb_text_4  et_pb_text_align_center et_pb_bg_layout_light\">\n\t\t\t\t\n\t\t\t\t\n\t\t\t\t\n\t\t\t\t\n\t\t\t\t<div class=\"et_pb_text_inner\"><p><strong>orkiestra Mixtura<\/strong><\/p><\/div>\n\t\t\t<\/div>\n\t\t\t<\/div>\n\t\t\t\t<span class=\"et_parallax_bg_wrap et-pb-parallax-wrapper\"><span\n\t\t\t\t\t\tclass=\"et_parallax_bg_phone_exist et_parallax_bg_tablet_exist et_parallax_bg et_pb_parallax_css et_parallax_bg--et_pb_row_3\"\n\t\t\t\t\t\tstyle=\"background-image: url(https:\/\/musikschule-goerlitz.de\/wp-content\/uploads\/2024\/04\/praesentations-header-Mixtura.webp);\"\n\t\t\t\t\t><\/span><\/span>\n\t\t\t\t\n\t\t\t\t\n\t\t\t\t\n\t\t\t<\/div><div class=\"et_d4_element et_pb_row et_pb_row_4  et_pb_css_mix_blend_mode et_block_row\">\n\t\t\t\t<div class=\"et_d4_element et_pb_column_4_4 et_pb_column et_pb_column_4  et_pb_css_mix_blend_mode et-last-child et_block_column\">\n\t\t\t\t\n\t\t\t\t\n\t\t\t\t\n\t\t\t\t\n\t\t\t\t<div class=\"et_pb_module et_d4_element et_pb_text et_pb_text_5  et_pb_text_align_left et_pb_bg_layout_light\">\n\t\t\t\t\n\t\t\t\t\n\t\t\t\t\n\t\t\t\t\n\t\t\t\t<div class=\"et_pb_text_inner\"><p>Das Mixtura-Orchester wurde von Thomas Stapel mit dem Anliegen gegr\u00fcndet, eine Nachwuchsformation zu schaffen, die m\u00f6glichst vielen Instrumente \u2013 auch au\u00dferhalb der \u00fcblichen Orchesterbesetzungen - einbezieht. So spielen neben den Streichinstrumenten auch Blockfl\u00f6ten, Querfl\u00f6ten, Gitarren, Klavier, Percussion u.a. im Mixtura-Orchester mit. Das Repertoire umfasst Bearbeitungen klassischer St\u00fccke, aber auch viele von Thomas Stapel f\u00fcr Mixtura-Orchester neu komponierte Werke.<span class=\"Apple-converted-space\">\u00a0<\/span><\/p>\n<p>Das Mixtura-Orchester ist eine Kooperation der Musikschule \u201eJohann Adam Hiller\u201c G\u00f6rlitz und der Kreismusikschule Dreil\u00e4ndereck.<\/p><\/div>\n\t\t\t<\/div><div class=\"et_pb_module et_d4_element et_pb_text et_pb_text_6  et_pb_text_align_left et_pb_bg_layout_light\">\n\t\t\t\t\n\t\t\t\t\n\t\t\t\t\n\t\t\t\t\n\t\t\t\t<div class=\"et_pb_text_inner\"><p><strong>Leitung: Thomas Stapel<\/strong><\/p>\n<p><strong>Wann? Dienstag 15:30 Uhr - 16:30 Uhr, Fischmarkt, Saal<\/strong><\/p><\/div>\n\t\t\t<\/div>\n\t\t\t<\/div>\n\t\t\t\t\n\t\t\t\t\n\t\t\t\t\n\t\t\t\t\n\t\t\t<\/div>\n\t\t\t\t\n\t\t\t\t\n\t\t\t<\/div><div class=\"et_d4_element et_pb_section et_pb_section_3  et_pb_css_mix_blend_mode et_section_regular et_block_section\" >\n\t\t\t\t\n\t\t\t\t\n\t\t\t\t\n\t\t\t\t\n\t\t\t\t\n\t\t\t\t\n\t\t\t\t<div class=\"et_d4_element et_pb_row et_pb_row_5  et_pb_css_mix_blend_mode et_block_row\">\n\t\t\t\t<div class=\"et_d4_element et_pb_column_4_4 et_pb_column et_pb_column_5  et_pb_css_mix_blend_mode et-last-child et_block_column\">\n\t\t\t\t\n\t\t\t\t\n\t\t\t\t\n\t\t\t\t\n\t\t\t\t<div class=\"et_pb_module et_d4_element et_pb_divider et_pb_divider_1 et_pb_space\"><div class=\"et_pb_divider_internal\"><\/div><\/div>\n\t\t\t<\/div>\n\t\t\t\t\n\t\t\t\t\n\t\t\t\t\n\t\t\t\t\n\t\t\t<\/div>\n\t\t\t\t\n\t\t\t\t\n\t\t\t<\/div><div id=\"Tasteninstrumente\" class=\"et_d4_element et_pb_section et_pb_section_4  et_pb_css_mix_blend_mode et_section_regular et_block_section\" >\n\t\t\t\t\n\t\t\t\t\n\t\t\t\t\n\t\t\t\t\n\t\t\t\t\n\t\t\t\t\n\t\t\t\t<div id=\"JSO\" class=\"et_d4_element et_pb_row et_pb_row_6 et_pb_section_parallax  et_pb_css_mix_blend_mode et_block_row\">\n\t\t\t\t<div class=\"et_d4_element et_pb_column_4_4 et_pb_column et_pb_column_6  et_pb_css_mix_blend_mode et-last-child et_block_column\">\n\t\t\t\t\n\t\t\t\t\n\t\t\t\t\n\t\t\t\t\n\t\t\t\t<div class=\"et_pb_module et_d4_element et_pb_text et_pb_text_7  et_pb_text_align_center et_pb_bg_layout_light\">\n\t\t\t\t\n\t\t\t\t\n\t\t\t\t\n\t\t\t\t\n\t\t\t\t<div class=\"et_pb_text_inner\"><p><strong>m\u0142odzie\u017cowa orkiestra symfoniczna<\/strong><\/p><\/div>\n\t\t\t<\/div>\n\t\t\t<\/div>\n\t\t\t\t<span class=\"et_parallax_bg_wrap et-pb-parallax-wrapper\"><span\n\t\t\t\t\t\tclass=\"et_parallax_bg_phone_exist et_parallax_bg_tablet_exist et_parallax_bg et_pb_parallax_css et_parallax_bg--et_pb_row_6\"\n\t\t\t\t\t\tstyle=\"background-image: url(https:\/\/musikschule-goerlitz.de\/wp-content\/uploads\/2021\/05\/Orchester_2018.jpg);\"\n\t\t\t\t\t><\/span><\/span>\n\t\t\t\t\n\t\t\t\t\n\t\t\t\t\n\t\t\t<\/div><div class=\"et_d4_element et_pb_row et_pb_row_7  et_pb_css_mix_blend_mode et_block_row\">\n\t\t\t\t<div class=\"et_d4_element et_pb_column_4_4 et_pb_column et_pb_column_7  et_pb_css_mix_blend_mode et-last-child et_block_column\">\n\t\t\t\t\n\t\t\t\t\n\t\t\t\t\n\t\t\t\t\n\t\t\t\t<div class=\"et_pb_module et_d4_element et_pb_text et_pb_text_8  et_pb_text_align_left et_pb_bg_layout_light\">\n\t\t\t\t\n\t\t\t\t\n\t\t\t\t\n\t\t\t\t\n\t\t\t\t<div class=\"et_pb_text_inner\"><p>Gemeinsam musizieren<\/p><\/div>\n\t\t\t<\/div><div class=\"et_pb_module et_d4_element et_pb_text et_pb_text_9  et_pb_text_align_left et_pb_bg_layout_light\">\n\t\t\t\t\n\t\t\t\t\n\t\t\t\t\n\t\t\t\t\n\t\t\t\t<div class=\"et_pb_text_inner\"><p>Du willst neben deinem Musikschulunterricht mit anderen gemeinsam musizieren?<\/p>\n<p>Wir suchen Kinder, Jugendliche und Erwachsene, die Laune haben, in einem gro\u00dfen (Sinfonie-)Orchester zu musizieren. Wir musizieren und experimentieren an anspruchsvollen Werken aus allen Epochen (Klassik, Musical, Jazz u.a.). Wir wollen fetzige, ganz unterschiedliche Konzerte gestalten und auf Konzertreisen gehen.<span class=\"Apple-converted-space\">\u00a0<\/span><\/p>\n<p>Ein bis zweimal pro Jahr fahren wir gemeinsam in ein Probenlager. Neben intensiven Proben sind auch viel Spa\u00df und gemeinsame Unternehmungen angesagt.<\/p>\n<p>Lust bekommen? Dann einfach vorbeischauen und mitspielen.\u00a0<b><span class=\"Apple-converted-space\">\u00a0<\/span><\/b><\/p><\/div>\n\t\t\t<\/div><div class=\"et_pb_module et_d4_element et_pb_text et_pb_text_10  et_pb_text_align_left et_pb_bg_layout_light\">\n\t\t\t\t\n\t\t\t\t\n\t\t\t\t\n\t\t\t\t\n\t\t\t\t<div class=\"et_pb_text_inner\"><p><strong>Leitung: Dalibor Tuz<\/strong><\/p>\n<p><b>Wann?<\/b>\u00a0<b>Donnerstag, 16:45-19:00 Uhr, Werk 1 (Brunnenstr. 11)<\/b><\/p>\n<p>&nbsp;<\/p><\/div>\n\t\t\t<\/div><div class=\"et_pb_module et_d4_element et_pb_accordion et_pb_accordion_0\">\n\t\t\t\t\n\t\t\t\t\n\t\t\t\t\n\t\t\t\t\n\t\t\t\t<div class=\"et_pb_toggle et_pb_module et_d4_element et_pb_accordion_item et_pb_accordion_item_0  et_pb_toggle_open\">\n\t\t\t\t\n\t\t\t\t\n\t\t\t\t\n\t\t\t\t\n\t\t\t\t<h5 class=\"et_pb_toggle_title\">Registerproben 16:45-17:30 Uhr:<\/h5>\n\t\t\t\t<div class=\"et_pb_toggle_content clearfix\"><p>Violinen 1, 2, <span class=\"Apple-tab-span\"> <\/span>Saal Werk 1<span class=\"Apple-tab-span\"> <\/span><\/p>\n<p><span class=\"Apple-tab-span\"> <\/span>Violinen 3, Violen <span class=\"Apple-tab-span\"> <\/span>Raum 109<\/p>\n<p><span class=\"Apple-tab-span\"> <\/span>Violoncello \/ Kontrabass <span class=\"Apple-tab-span\"> <\/span>Raum 101<\/p>\n<p><span class=\"Apple-tab-span\"> <\/span>Bl\u00e4ser <span class=\"Apple-tab-span\"> <\/span>Raum 104<\/p><\/div>\n\t\t\t<\/div><div class=\"et_pb_toggle et_pb_module et_d4_element et_pb_accordion_item et_pb_accordion_item_1  et_pb_toggle_close\">\n\t\t\t\t\n\t\t\t\t\n\t\t\t\t\n\t\t\t\t\n\t\t\t\t<h5 class=\"et_pb_toggle_title\">Termine Registerproben 16:45-17:30 Uhr:<\/h5>\n\t\t\t\t<div class=\"et_pb_toggle_content clearfix\"><p>Violinen 1, 2, <span class=\"Apple-tab-span\"> <\/span>Saal Werk 1<span class=\"Apple-tab-span\"> <\/span><\/p>\n<p><span class=\"Apple-tab-span\"> <\/span>Violinen 3, Violen <span class=\"Apple-tab-span\"> <\/span>Raum 109<\/p>\n<p><span class=\"Apple-tab-span\"> <\/span>Violoncello \/ Kontrabass <span class=\"Apple-tab-span\"> <\/span>Raum 101<\/p>\n<p><span class=\"Apple-tab-span\"> <\/span>Bl\u00e4ser <span class=\"Apple-tab-span\"> <\/span>Raum 104<\/p><\/div>\n\t\t\t<\/div>\n\t\t\t<\/div>\n\t\t\t<\/div>\n\t\t\t\t\n\t\t\t\t\n\t\t\t\t\n\t\t\t\t\n\t\t\t<\/div>\n\t\t\t\t\n\t\t\t\t\n\t\t\t<\/div><div class=\"et_d4_element et_pb_section et_pb_section_5  et_pb_css_mix_blend_mode et_section_regular et_block_section\" >\n\t\t\t\t\n\t\t\t\t\n\t\t\t\t\n\t\t\t\t\n\t\t\t\t\n\t\t\t\t\n\t\t\t\t<div class=\"et_d4_element et_pb_row et_pb_row_8  et_pb_css_mix_blend_mode et_block_row\">\n\t\t\t\t<div class=\"et_d4_element et_pb_column_4_4 et_pb_column et_pb_column_8  et_pb_css_mix_blend_mode et-last-child et_block_column\">\n\t\t\t\t\n\t\t\t\t\n\t\t\t\t\n\t\t\t\t\n\t\t\t\t<div class=\"et_pb_module et_d4_element et_pb_divider et_pb_divider_2 et_pb_space\"><div class=\"et_pb_divider_internal\"><\/div><\/div>\n\t\t\t<\/div>\n\t\t\t\t\n\t\t\t\t\n\t\t\t\t\n\t\t\t\t\n\t\t\t<\/div>\n\t\t\t\t\n\t\t\t\t\n\t\t\t<\/div><div id=\"Streichinstrumente\" class=\"et_d4_element et_pb_section et_pb_section_6  et_pb_css_mix_blend_mode et_section_regular et_block_section\" >\n\t\t\t\t\n\t\t\t\t\n\t\t\t\t\n\t\t\t\t\n\t\t\t\t\n\t\t\t\t\n\t\t\t\t<div id=\"NBO\" class=\"et_d4_element et_pb_row et_pb_row_9 et_pb_section_parallax  et_pb_css_mix_blend_mode et_block_row\">\n\t\t\t\t<div class=\"et_d4_element et_pb_column_4_4 et_pb_column et_pb_column_9  et_pb_css_mix_blend_mode et-last-child et_block_column\">\n\t\t\t\t\n\t\t\t\t\n\t\t\t\t\n\t\t\t\t\n\t\t\t\t<div class=\"et_pb_module et_d4_element et_pb_text et_pb_text_11  et_pb_text_align_center et_pb_bg_layout_light\">\n\t\t\t\t\n\t\t\t\t\n\t\t\t\t\n\t\t\t\t\n\t\t\t\t<div class=\"et_pb_text_inner\"><p><strong>m\u0142odzie\u017cowa orkiestra d\u0119ta (m\u0142odsze dzieci)<\/strong><\/p><\/div>\n\t\t\t<\/div>\n\t\t\t<\/div>\n\t\t\t\t<span class=\"et_parallax_bg_wrap et-pb-parallax-wrapper\"><span\n\t\t\t\t\t\tclass=\"et_parallax_bg_phone_exist et_parallax_bg_tablet_exist et_parallax_bg et_pb_parallax_css et_parallax_bg--et_pb_row_9\"\n\t\t\t\t\t\tstyle=\"background-image: url(https:\/\/musikschule-goerlitz.de\/wp-content\/uploads\/2021\/09\/nbo.png);\"\n\t\t\t\t\t><\/span><\/span>\n\t\t\t\t\n\t\t\t\t\n\t\t\t\t\n\t\t\t<\/div><div class=\"et_d4_element et_pb_row et_pb_row_10  et_pb_css_mix_blend_mode et_block_row\">\n\t\t\t\t<div class=\"et_d4_element et_pb_column_4_4 et_pb_column et_pb_column_10  et_pb_css_mix_blend_mode et-last-child et_block_column\">\n\t\t\t\t\n\t\t\t\t\n\t\t\t\t\n\t\t\t\t\n\t\t\t\t<div class=\"et_pb_module et_d4_element et_pb_text et_pb_text_12  et_pb_text_align_left et_pb_bg_layout_light\">\n\t\t\t\t\n\t\t\t\t\n\t\t\t\t\n\t\t\t\t\n\t\t\t\t<div class=\"et_pb_text_inner\"><p>Holzblas-, Blechblas- und Schlaginstrumente im Miteinander. In diesem Orchester erhalten unsere Musiksch\u00fcler die Gelegenheit, die bereits erworbenen Fertigkeiten auszuprobieren und Spa\u00df am gemeinsamen Musizieren zu erleben. Nicht zuletzt gewinnen sie neue Motivation f\u00fcr das t\u00e4gliche \u00dcben. Sie lernen, sich in ein Ensemble einzuf\u00fcgen und miteinander St\u00fccke zu erarbeiten und einzustudieren.<\/p><\/div>\n\t\t\t<\/div><div class=\"et_pb_module et_d4_element et_pb_text et_pb_text_13  et_pb_text_align_left et_pb_bg_layout_light\">\n\t\t\t\t\n\t\t\t\t\n\t\t\t\t\n\t\t\t\t\n\t\t\t\t<div class=\"et_pb_text_inner\"><p><b>Leitung: Uwe Flaschel<\/b><\/p>\n<p><b>Wann?\u00a0<\/b><b>Mittwoch,16:00 Uhr, Werk 1, Brunnenstra\u00dfe 11<\/b><\/p><\/div>\n\t\t\t<\/div>\n\t\t\t<\/div>\n\t\t\t\t\n\t\t\t\t\n\t\t\t\t\n\t\t\t\t\n\t\t\t<\/div>\n\t\t\t\t\n\t\t\t\t\n\t\t\t<\/div><div class=\"et_d4_element et_pb_section et_pb_section_7  et_pb_css_mix_blend_mode et_section_regular et_block_section\" >\n\t\t\t\t\n\t\t\t\t\n\t\t\t\t\n\t\t\t\t\n\t\t\t\t\n\t\t\t\t\n\t\t\t\t<div class=\"et_d4_element et_pb_row et_pb_row_11  et_pb_css_mix_blend_mode et_block_row\">\n\t\t\t\t<div class=\"et_d4_element et_pb_column_4_4 et_pb_column et_pb_column_11  et_pb_css_mix_blend_mode et-last-child et_block_column\">\n\t\t\t\t\n\t\t\t\t\n\t\t\t\t\n\t\t\t\t\n\t\t\t\t<div class=\"et_pb_module et_d4_element et_pb_divider et_pb_divider_3 et_pb_space\"><div class=\"et_pb_divider_internal\"><\/div><\/div>\n\t\t\t<\/div>\n\t\t\t\t\n\t\t\t\t\n\t\t\t\t\n\t\t\t\t\n\t\t\t<\/div>\n\t\t\t\t\n\t\t\t\t\n\t\t\t<\/div><div id=\"Zupfinstrumente\" class=\"et_d4_element et_pb_section et_pb_section_8  et_pb_css_mix_blend_mode et_section_regular et_block_section\" >\n\t\t\t\t\n\t\t\t\t\n\t\t\t\t\n\t\t\t\t\n\t\t\t\t\n\t\t\t\t\n\t\t\t\t<div id=\"JBO\" class=\"et_d4_element et_pb_row et_pb_row_12 et_pb_section_parallax  et_pb_css_mix_blend_mode et_block_row\">\n\t\t\t\t<div class=\"et_d4_element et_pb_column_1_4 et_pb_column et_pb_column_12  et_pb_css_mix_blend_mode et_block_column\">\n\t\t\t\t\n\t\t\t\t\n\t\t\t\t\n\t\t\t\t\n\t\t\t\t<div class=\"et_pb_module et_d4_element et_pb_image et_pb_image_0\">\n\t\t\t\t\n\t\t\t\t\n\t\t\t\t\n\t\t\t\t\n\t\t\t\t<span class=\"et_pb_image_wrap\"><img decoding=\"async\" width=\"1000\" height=\"1198\" src=\"https:\/\/musikschule-goerlitz.de\/wp-content\/uploads\/2023\/09\/JBO-Logo-transparent-klein.png\" alt=\"\"  srcset=\"https:\/\/musikschule-goerlitz.de\/wp-content\/uploads\/2023\/09\/JBO-Logo-transparent-klein.png 1000w, https:\/\/musikschule-goerlitz.de\/wp-content\/uploads\/2023\/09\/JBO-Logo-transparent-klein-980x1174.png 980w, https:\/\/musikschule-goerlitz.de\/wp-content\/uploads\/2023\/09\/JBO-Logo-transparent-klein-480x575.png 480w\" sizes=\"(min-width: 0px) and (max-width: 480px) 480px, (min-width: 481px) and (max-width: 980px) 980px, (min-width: 981px) 1000px, 100vw\" class=\"wp-image-6013\" data-et-multi-view=\"{&quot;schema&quot;:{&quot;attrs&quot;:{&quot;desktop&quot;:{&quot;src&quot;:&quot;https:\\\/\\\/musikschule-goerlitz.de\\\/wp-content\\\/uploads\\\/2023\\\/09\\\/JBO-Logo-transparent-klein.png&quot;,&quot;alt&quot;:&quot;&quot;,&quot;title&quot;:&quot;JBO-Logo-transparent (klein)&quot;,&quot;class&quot;:&quot;wp-image-6013&quot;,&quot;srcset&quot;:&quot;https:\\\/\\\/musikschule-goerlitz.de\\\/wp-content\\\/uploads\\\/2023\\\/09\\\/JBO-Logo-transparent-klein.png 1000w, https:\\\/\\\/musikschule-goerlitz.de\\\/wp-content\\\/uploads\\\/2023\\\/09\\\/JBO-Logo-transparent-klein-980x1174.png 980w, https:\\\/\\\/musikschule-goerlitz.de\\\/wp-content\\\/uploads\\\/2023\\\/09\\\/JBO-Logo-transparent-klein-480x575.png 480w&quot;,&quot;sizes&quot;:&quot;(min-width: 0px) and (max-width: 480px) 480px, (min-width: 481px) and (max-width: 980px) 980px, (min-width: 981px) 1000px, 100vw&quot;},&quot;hover&quot;:{&quot;src&quot;:&quot;https:\\\/\\\/musikschule-goerlitz.de\\\/wp-content\\\/uploads\\\/2023\\\/06\\\/JBO-Logo-transparent.png&quot;}},&quot;target&quot;:&quot;.et_pb_image_0 img&quot;,&quot;hover_selector&quot;:&quot;.et_pb_image_0&quot;},&quot;slug&quot;:&quot;et_pb_image&quot;}\" \/><\/span>\n\t\t\t<\/div>\n\t\t\t<\/div><div class=\"et_d4_element et_pb_column_1_2 et_pb_column et_pb_column_13  et_pb_css_mix_blend_mode et_block_column\">\n\t\t\t\t\n\t\t\t\t\n\t\t\t\t\n\t\t\t\t\n\t\t\t\t<div class=\"et_pb_module et_d4_element et_pb_text et_pb_text_14  et_pb_text_align_center et_pb_bg_layout_light\">\n\t\t\t\t\n\t\t\t\t\n\t\t\t\t\n\t\t\t\t\n\t\t\t\t<div class=\"et_pb_text_inner\"><p><strong>m\u0142odzie\u017cowa orkiestra d\u0119ta (starsze dzieci)<\/strong><\/p><\/div>\n\t\t\t<\/div>\n\t\t\t<\/div><div class=\"et_d4_element et_pb_column_1_4 et_pb_column et_pb_column_14  et_pb_css_mix_blend_mode et-last-child et_block_column et_pb_column_empty\">\n\t\t\t\t\n\t\t\t\t\n\t\t\t\t\n\t\t\t\t\n\t\t\t\t\n\t\t\t<\/div>\n\t\t\t\t<span class=\"et_parallax_bg_wrap et-pb-parallax-wrapper\"><span\n\t\t\t\t\t\tclass=\"et_parallax_bg_phone_exist et_parallax_bg_tablet_exist et_parallax_bg et_pb_parallax_css et_parallax_bg--et_pb_row_12\"\n\t\t\t\t\t\tstyle=\"background-image: url(https:\/\/musikschule-goerlitz.de\/wp-content\/uploads\/2025\/08\/jba-25-praesentations-header-1.png);\"\n\t\t\t\t\t><\/span><\/span>\n\t\t\t\t\n\t\t\t\t\n\t\t\t\t\n\t\t\t<\/div><div class=\"et_d4_element et_pb_row et_pb_row_13  et_pb_css_mix_blend_mode et_block_row\">\n\t\t\t\t<div class=\"et_d4_element et_pb_column_4_4 et_pb_column et_pb_column_15  et_pb_css_mix_blend_mode et-last-child et_block_column\">\n\t\t\t\t\n\t\t\t\t\n\t\t\t\t\n\t\t\t\t\n\t\t\t\t<div class=\"et_pb_module et_d4_element et_pb_text et_pb_text_15  et_pb_text_align_left et_pb_bg_layout_light\">\n\t\t\t\t\n\t\t\t\t\n\t\t\t\t\n\t\t\t\t\n\t\t\t\t<div class=\"et_pb_text_inner\"><p>Das Jugendblasorchester der Musikschule G\u00f6rlitz (JBO) bietet Holz- und Blechbl\u00e4sern sowie Schlagzeugern \u00fcber viele Jahre (auch nach der Schulzeit) eine sinnvolle Freizeitbesch\u00e4ftigung. Die Mitwirkung im Orchester bedeutet einerseits, flei\u00dfig und selbstst\u00e4ndig zu \u00fcben. Andererseits sorgt die Teilnahme an Auftritten, Probenlagern und Orchesterreisen f\u00fcr unvergessliche Erlebnisse.<\/p>\n<p>Jeder, der ein Blasinstrument spielt oder spielen m\u00f6chte, kann bei uns Mitglied werden. Nachdem die Instrumentalisten in der 5. und 6. Klasse im Nachwuchsblasorchester (NBO) erste Erfahrungen gesammelt haben, spielen sie ab der 7. Klasse im Jugendblasorchester. Beide Orchester fahren jedes Jahr gemeinsam ins Probenlager. Ein Highlight sind auch die regelm\u00e4\u00dfigen Auslandsreisen\u2026<\/p>\n<p>Unser Repertoire umfasst neben b\u00f6hmischer und deutscher Blas- bzw. Marschmusik auch Musical- und Filmmusik, Titel aus Swing, Rock und Pop sowie festliche Musik mit Werken von Georg Friedrich H\u00e4ndel, Johann Strau\u00df und anderen Komponisten. Kooperationen bestehen u.a. auch zu Ensembles in Tschechien und Ungarn.<\/p><\/div>\n\t\t\t<\/div><div class=\"et_pb_module et_d4_element et_pb_text et_pb_text_16  et_pb_text_align_left et_pb_bg_layout_light\">\n\t\t\t\t\n\t\t\t\t\n\t\t\t\t\n\t\t\t\t\n\t\t\t\t<div class=\"et_pb_text_inner\"><p><b>Leitung: Uwe Flaschel<\/b><\/p>\n<p><b>Wann?\u00a0<\/b><b>Gesamtprobe: Freitag, 17:00 bis 18:30 Uhr, Saal, Werk1, Brunnenstr.<\/b><\/p><\/div>\n\t\t\t<\/div><div class=\"et_pb_module et_d4_element et_pb_accordion et_pb_accordion_1\">\n\t\t\t\t\n\t\t\t\t\n\t\t\t\t\n\t\t\t\t\n\t\t\t\t<div class=\"et_pb_toggle et_pb_module et_d4_element et_pb_accordion_item et_pb_accordion_item_2  et_pb_toggle_open\">\n\t\t\t\t\n\t\t\t\t\n\t\t\t\t\n\t\t\t\t\n\t\t\t\t<h5 class=\"et_pb_toggle_title\">Termine Registerproben \u2013 Werk 1<\/h5>\n\t\t\t\t<div class=\"et_pb_toggle_content clearfix\"><p><b>Montag:<\/b><\/p>\n<p>Holzbl\u00e4ser<span class=\"Apple-tab-span\"> <\/span>16:45-17:30 Uhr<\/p>\n<p>Trompeten<span class=\"Apple-tab-span\"> <\/span>17:30-18:15 Uhr<\/p>\n<p>Tiefes Blech<span class=\"Apple-tab-span\"> <\/span>18:15-19:00 Uhr<\/p>\n<p><b>Mittwoch:<\/b><\/p>\n<p>Schlagzeug<span class=\"Apple-tab-span\"> <\/span>18:00 Uhr<\/p>\n<p>&nbsp;<\/p><\/div>\n\t\t\t<\/div><div class=\"et_pb_toggle et_pb_module et_d4_element et_pb_accordion_item et_pb_accordion_item_3  et_pb_toggle_close\">\n\t\t\t\t\n\t\t\t\t\n\t\t\t\t\n\t\t\t\t\n\t\t\t\t<h5 class=\"et_pb_toggle_title\">Registerproben \u2013 Saal Werk 1, Brunnenstr.<\/h5>\n\t\t\t\t<div class=\"et_pb_toggle_content clearfix\"><p><b>Montag:<\/b><\/p>\n<p>Holzbl\u00e4ser<span class=\"Apple-tab-span\"> <\/span>16:45-17:30 Uhr<\/p>\n<p>Trompeten<span class=\"Apple-tab-span\"> <\/span>17:30-18:15 Uhr<\/p>\n<p>Tiefes Blech<span class=\"Apple-tab-span\"> <\/span>18:15-19:00 Uhr<\/p>\n<p><b>Mittwoch:<\/b><\/p>\n<p>Schlagzeug<span class=\"Apple-tab-span\"> <\/span>18:00 Uhr<\/p>\n<p>&nbsp;<\/p><\/div>\n\t\t\t<\/div>\n\t\t\t<\/div>\n\t\t\t<\/div>\n\t\t\t\t\n\t\t\t\t\n\t\t\t\t\n\t\t\t\t\n\t\t\t<\/div><div class=\"et_d4_element et_pb_row et_pb_row_14 et_animated  et_pb_css_mix_blend_mode et_block_row\">\n\t\t\t\t<div class=\"et_d4_element et_pb_column_1_2 et_pb_column et_pb_column_16  et_pb_css_mix_blend_mode et_block_column\">\n\t\t\t\t\n\t\t\t\t\n\t\t\t\t\n\t\t\t\t\n\t\t\t\t<div class=\"et_pb_module et_d4_element et_pb_text et_pb_text_17  et_pb_text_align_left et_pb_bg_layout_light\">\n\t\t\t\t\n\t\t\t\t\n\t\t\t\t\n\t\t\t\t\n\t\t\t\t<div class=\"et_pb_text_inner\"><p style=\"text-align: center;\">Das Jugenblasorchesters der Musikschule G\u00f6rlitz wird gesponsort durch die Stadtwerke G\u00f6rlitz.<\/p><\/div>\n\t\t\t<\/div>\n\t\t\t<\/div><div class=\"et_d4_element et_pb_column_1_2 et_pb_column et_pb_column_17  et_pb_css_mix_blend_mode et-last-child et_block_column\">\n\t\t\t\t\n\t\t\t\t\n\t\t\t\t\n\t\t\t\t\n\t\t\t\t<div class=\"et_pb_module et_d4_element et_pb_image et_pb_image_1\">\n\t\t\t\t\n\t\t\t\t\n\t\t\t\t\n\t\t\t\t\n\t\t\t\t<span class=\"et_pb_image_wrap\"><img decoding=\"async\" width=\"2272\" height=\"888\" src=\"https:\/\/musikschule-goerlitz.de\/wp-content\/uploads\/2024\/08\/swg_logo_schwarz-gelb_srgb_01.png\" alt=\"\"  srcset=\"https:\/\/musikschule-goerlitz.de\/wp-content\/uploads\/2024\/08\/swg_logo_schwarz-gelb_srgb_01.png 2272w, https:\/\/musikschule-goerlitz.de\/wp-content\/uploads\/2024\/08\/swg_logo_schwarz-gelb_srgb_01-1280x500.png 1280w, https:\/\/musikschule-goerlitz.de\/wp-content\/uploads\/2024\/08\/swg_logo_schwarz-gelb_srgb_01-980x383.png 980w, https:\/\/musikschule-goerlitz.de\/wp-content\/uploads\/2024\/08\/swg_logo_schwarz-gelb_srgb_01-480x188.png 480w\" sizes=\"(min-width: 0px) and (max-width: 480px) 480px, (min-width: 481px) and (max-width: 980px) 980px, (min-width: 981px) and (max-width: 1280px) 1280px, (min-width: 1281px) 2272px, 100vw\" class=\"wp-image-7099\" \/><\/span>\n\t\t\t<\/div>\n\t\t\t<\/div>\n\t\t\t\t\n\t\t\t\t\n\t\t\t\t\n\t\t\t\t\n\t\t\t<\/div><div class=\"et_d4_element et_pb_row et_pb_row_15 et_animated  et_pb_css_mix_blend_mode et_block_row\">\n\t\t\t\t<div class=\"et_d4_element et_pb_column_1_2 et_pb_column et_pb_column_18  et_pb_css_mix_blend_mode et_block_column\">\n\t\t\t\t\n\t\t\t\t\n\t\t\t\t\n\t\t\t\t\n\t\t\t\t<div class=\"et_pb_module et_d4_element et_pb_text et_pb_text_18  et_pb_text_align_left et_pb_bg_layout_light\">\n\t\t\t\t\n\t\t\t\t\n\t\t\t\t\n\t\t\t\t\n\t\t\t\t<div class=\"et_pb_text_inner\"><p style=\"text-align: center;\">Das Jugenblasorchesters der Musikschule G\u00f6rlitz wird gesponsort durch die KOMMWOHNEN G\u00f6rlitz.<\/p><\/div>\n\t\t\t<\/div>\n\t\t\t<\/div><div class=\"et_d4_element et_pb_column_1_2 et_pb_column et_pb_column_19  et_pb_css_mix_blend_mode et-last-child et_block_column\">\n\t\t\t\t\n\t\t\t\t\n\t\t\t\t\n\t\t\t\t\n\t\t\t\t<div class=\"et_pb_module et_d4_element et_pb_image et_pb_image_2\">\n\t\t\t\t\n\t\t\t\t\n\t\t\t\t\n\t\t\t\t\n\t\t\t\t<span class=\"et_pb_image_wrap\"><img decoding=\"async\" width=\"1957\" height=\"420\" src=\"https:\/\/musikschule-goerlitz.de\/wp-content\/uploads\/2025\/06\/Kommwohnen-in-Goerlitz.png\" alt=\"\"  srcset=\"https:\/\/musikschule-goerlitz.de\/wp-content\/uploads\/2025\/06\/Kommwohnen-in-Goerlitz.png 1957w, https:\/\/musikschule-goerlitz.de\/wp-content\/uploads\/2025\/06\/Kommwohnen-in-Goerlitz-1280x275.png 1280w, https:\/\/musikschule-goerlitz.de\/wp-content\/uploads\/2025\/06\/Kommwohnen-in-Goerlitz-980x210.png 980w, https:\/\/musikschule-goerlitz.de\/wp-content\/uploads\/2025\/06\/Kommwohnen-in-Goerlitz-480x103.png 480w\" sizes=\"(min-width: 0px) and (max-width: 480px) 480px, (min-width: 481px) and (max-width: 980px) 980px, (min-width: 981px) and (max-width: 1280px) 1280px, (min-width: 1281px) 1957px, 100vw\" class=\"wp-image-7998\" \/><\/span>\n\t\t\t<\/div>\n\t\t\t<\/div>\n\t\t\t\t\n\t\t\t\t\n\t\t\t\t\n\t\t\t\t\n\t\t\t<\/div>\n\t\t\t\t\n\t\t\t\t\n\t\t\t<\/div><div class=\"et_d4_element et_pb_section et_pb_section_9  et_pb_css_mix_blend_mode et_section_regular et_block_section\" >\n\t\t\t\t\n\t\t\t\t\n\t\t\t\t\n\t\t\t\t\n\t\t\t\t\n\t\t\t\t\n\t\t\t\t<div class=\"et_d4_element et_pb_row et_pb_row_16  et_pb_css_mix_blend_mode et_block_row\">\n\t\t\t\t<div class=\"et_d4_element et_pb_column_4_4 et_pb_column et_pb_column_20  et_pb_css_mix_blend_mode et-last-child et_block_column\">\n\t\t\t\t\n\t\t\t\t\n\t\t\t\t\n\t\t\t\t\n\t\t\t\t<div class=\"et_pb_module et_d4_element et_pb_divider et_pb_divider_4 et_pb_space\"><div class=\"et_pb_divider_internal\"><\/div><\/div>\n\t\t\t<\/div>\n\t\t\t\t\n\t\t\t\t\n\t\t\t\t\n\t\t\t\t\n\t\t\t<\/div>\n\t\t\t\t\n\t\t\t\t\n\t\t\t<\/div><div class=\"et_d4_element et_pb_section et_pb_section_10  et_pb_css_mix_blend_mode et_section_regular et_block_section\" >\n\t\t\t\t\n\t\t\t\t\n\t\t\t\t\n\t\t\t\t\n\t\t\t\t\n\t\t\t\t\n\t\t\t\t<div id=\"BigBand\" class=\"et_d4_element et_pb_row et_pb_row_17 et_pb_section_parallax  et_pb_css_mix_blend_mode et_block_row\">\n\t\t\t\t<div class=\"et_d4_element et_pb_column_1_4 et_pb_column et_pb_column_21  et_pb_css_mix_blend_mode et_block_column\">\n\t\t\t\t\n\t\t\t\t\n\t\t\t\t\n\t\t\t\t\n\t\t\t\t<div class=\"et_pb_module et_d4_element et_pb_image et_pb_image_3 et_pb_image_sticky\">\n\t\t\t\t\n\t\t\t\t\n\t\t\t\t\n\t\t\t\t\n\t\t\t\t<span class=\"et_pb_image_wrap\"><img decoding=\"async\" width=\"1000\" height=\"712\" src=\"https:\/\/musikschule-goerlitz.de\/wp-content\/uploads\/2023\/09\/BIGBand-Logo-transparent.png\" alt=\"\"  srcset=\"https:\/\/musikschule-goerlitz.de\/wp-content\/uploads\/2023\/09\/BIGBand-Logo-transparent.png 1000w, https:\/\/musikschule-goerlitz.de\/wp-content\/uploads\/2023\/09\/BIGBand-Logo-transparent-980x698.png 980w, https:\/\/musikschule-goerlitz.de\/wp-content\/uploads\/2023\/09\/BIGBand-Logo-transparent-480x342.png 480w\" sizes=\"(min-width: 0px) and (max-width: 480px) 480px, (min-width: 481px) and (max-width: 980px) 980px, (min-width: 981px) 1000px, 100vw\" class=\"wp-image-6008\" \/><\/span>\n\t\t\t<\/div>\n\t\t\t<\/div><div class=\"et_d4_element et_pb_column_1_2 et_pb_column et_pb_column_22  et_pb_css_mix_blend_mode et_block_column\">\n\t\t\t\t\n\t\t\t\t\n\t\t\t\t\n\t\t\t\t\n\t\t\t\t<div class=\"et_pb_module et_d4_element et_pb_text et_pb_text_19  et_pb_text_align_center et_pb_bg_layout_light\">\n\t\t\t\t\n\t\t\t\t\n\t\t\t\t\n\t\t\t\t\n\t\t\t\t<div class=\"et_pb_text_inner\"><p><strong>Big-Band<\/strong><\/p><\/div>\n\t\t\t<\/div>\n\t\t\t<\/div><div class=\"et_d4_element et_pb_column_1_4 et_pb_column et_pb_column_23  et_pb_css_mix_blend_mode et-last-child et_block_column et_pb_column_empty\">\n\t\t\t\t\n\t\t\t\t\n\t\t\t\t\n\t\t\t\t\n\t\t\t\t\n\t\t\t<\/div>\n\t\t\t\t<span class=\"et_parallax_bg_wrap et-pb-parallax-wrapper\"><span\n\t\t\t\t\t\tclass=\"et_parallax_bg_phone_exist et_parallax_bg_tablet_exist et_parallax_bg et_pb_parallax_css et_parallax_bg--et_pb_row_17\"\n\t\t\t\t\t\tstyle=\"background-image: url(https:\/\/musikschule-goerlitz.de\/wp-content\/uploads\/2025\/11\/bigbandpraesih.webp);\"\n\t\t\t\t\t><\/span><\/span>\n\t\t\t\t\n\t\t\t\t\n\t\t\t\t\n\t\t\t<\/div><div class=\"et_d4_element et_pb_row et_pb_row_18  et_pb_css_mix_blend_mode et_block_row\">\n\t\t\t\t<div class=\"et_d4_element et_pb_column_4_4 et_pb_column et_pb_column_24  et_pb_css_mix_blend_mode et-last-child et_block_column\">\n\t\t\t\t\n\t\t\t\t\n\t\t\t\t\n\t\t\t\t\n\t\t\t\t<div class=\"et_pb_module et_d4_element et_pb_text et_pb_text_20  et_pb_text_align_left et_pb_bg_layout_light\">\n\t\t\t\t\n\t\t\t\t\n\t\t\t\t\n\t\t\t\t\n\t\t\t\t<div class=\"et_pb_text_inner\"><p>Die Tower Big Band, gegr\u00fcndet 1995 von Fritz Holm in G\u00f6rlitz, ist das Instrumentenst\u00e4rkste Ensemble der Jazz-\/Rock-\/Pop-Abteilung.<span class=\"Apple-converted-space\">\u00a0 <\/span>Seit 2024 tritt sie wieder unter ihrem urspr\u00fcnglichen Namen auf.<span class=\"Apple-converted-space\">\u00a0 <\/span>Das ganze Jahr \u00fcber bereichert die Band die musikalische Landschaft um und in G\u00f6rlitz mit zahlreichen Auftritten.<span class=\"Apple-converted-space\">\u00a0 <\/span>Neben der Rhythmusgruppe \u2013 dem Fundament einer Bigband bestehend aus Klavier, Bass, Gitarre und Schlagzeug und Percussion \u2013 lebt das Ensemble vor allem von den Holz- und Blechbl\u00e4sern, darunter Alt-, Tenor- und Baritonsaxophon, Trompeten, Posaunen sowie der Querfl\u00f6te.<\/p><\/div>\n\t\t\t<\/div><div class=\"et_pb_module et_d4_element et_pb_text et_pb_text_21  et_pb_text_align_left et_pb_bg_layout_light\">\n\t\t\t\t\n\t\t\t\t\n\t\t\t\t\n\t\t\t\t\n\t\t\t\t<div class=\"et_pb_text_inner\"><p><b>Leitung: Christian Voigt &amp; Richard Sch\u00f6nfelder<\/b><\/p>\n<p><b>Wann?\u00a0<\/b><b>Gesamtprobe: Donnerstag, 18:15 bis 20:00 Uhr, Raum 3, Fischmarkt<\/b><\/p><\/div>\n\t\t\t<\/div>\n\t\t\t<\/div>\n\t\t\t\t\n\t\t\t\t\n\t\t\t\t\n\t\t\t\t\n\t\t\t<\/div>\n\t\t\t\t\n\t\t\t\t\n\t\t\t<\/div><div class=\"et_d4_element et_pb_section et_pb_section_11  et_pb_css_mix_blend_mode et_section_regular et_block_section\" >\n\t\t\t\t\n\t\t\t\t\n\t\t\t\t\n\t\t\t\t\n\t\t\t\t\n\t\t\t\t\n\t\t\t\t<div class=\"et_d4_element et_pb_row et_pb_row_19  et_pb_css_mix_blend_mode et_block_row\">\n\t\t\t\t<div class=\"et_d4_element et_pb_column_4_4 et_pb_column et_pb_column_25  et_pb_css_mix_blend_mode et-last-child et_block_column\">\n\t\t\t\t\n\t\t\t\t\n\t\t\t\t\n\t\t\t\t\n\t\t\t\t<div class=\"et_pb_module et_d4_element et_pb_divider et_pb_divider_5 et_pb_space\"><div class=\"et_pb_divider_internal\"><\/div><\/div>\n\t\t\t<\/div>\n\t\t\t\t\n\t\t\t\t\n\t\t\t\t\n\t\t\t\t\n\t\t\t<\/div>\n\t\t\t\t\n\t\t\t\t\n\t\t\t<\/div><\/p>","protected":false},"excerpt":{"rendered":"","protected":false},"author":2,"featured_media":0,"parent":0,"menu_order":0,"comment_status":"closed","ping_status":"closed","template":"","meta":{"_monsterinsights_skip_tracking":false,"_monsterinsights_sitenote_active":false,"_monsterinsights_sitenote_note":"","_monsterinsights_sitenote_category":0,"_et_pb_use_builder":"on","_et_pb_old_content":"<!-- wp:divi\/placeholder \/-->","_et_gb_content_width":"","footnotes":""},"class_list":["post-351","page","type-page","status-publish","hentry"],"_links":{"self":[{"href":"https:\/\/musikschule-goerlitz.de\/pl\/wp-json\/wp\/v2\/pages\/351","targetHints":{"allow":["GET"]}}],"collection":[{"href":"https:\/\/musikschule-goerlitz.de\/pl\/wp-json\/wp\/v2\/pages"}],"about":[{"href":"https:\/\/musikschule-goerlitz.de\/pl\/wp-json\/wp\/v2\/types\/page"}],"author":[{"embeddable":true,"href":"https:\/\/musikschule-goerlitz.de\/pl\/wp-json\/wp\/v2\/users\/2"}],"replies":[{"embeddable":true,"href":"https:\/\/musikschule-goerlitz.de\/pl\/wp-json\/wp\/v2\/comments?post=351"}],"version-history":[{"count":9,"href":"https:\/\/musikschule-goerlitz.de\/pl\/wp-json\/wp\/v2\/pages\/351\/revisions"}],"predecessor-version":[{"id":8609,"href":"https:\/\/musikschule-goerlitz.de\/pl\/wp-json\/wp\/v2\/pages\/351\/revisions\/8609"}],"wp:attachment":[{"href":"https:\/\/musikschule-goerlitz.de\/pl\/wp-json\/wp\/v2\/media?parent=351"}],"curies":[{"name":"wp","href":"https:\/\/api.w.org\/{rel}","templated":true}]}}