{"id":279,"date":"2021-05-18T09:55:38","date_gmt":"2021-05-18T09:55:38","guid":{"rendered":"https:\/\/musikschule.alles-eitel.de\/?page_id=279"},"modified":"2024-09-11T06:16:01","modified_gmt":"2024-09-11T06:16:01","slug":"verwaltungsteam","status":"publish","type":"page","link":"https:\/\/musikschule-goerlitz.de\/pl\/verwaltungsteam\/","title":{"rendered":"administracja"},"content":{"rendered":"<div class=\"et_d4_element et_pb_section et_pb_section_0  et_pb_css_mix_blend_mode et_section_regular et_block_section\" >\n\t\t\t\t\n\t\t\t\t\n\t\t\t\t\n\t\t\t\t\n\t\t\t\t\n\t\t\t\t\n\t\t\t\t<div class=\"et_d4_element et_pb_row et_pb_row_0 et_pb_section_parallax  et_pb_css_mix_blend_mode et_block_row\">\n\t\t\t\t<div class=\"et_d4_element et_pb_column_4_4 et_pb_column et_pb_column_0  et_pb_css_mix_blend_mode et-last-child et_block_column\">\n\t\t\t\t\n\t\t\t\t\n\t\t\t\t\n\t\t\t\t\n\t\t\t\t<div class=\"et_pb_module et_d4_element et_pb_text et_pb_text_0  et_pb_text_align_left et_pb_bg_layout_light\">\n\t\t\t\t\n\t\t\t\t\n\t\t\t\t\n\t\t\t\t\n\t\t\t\t<div class=\"et_pb_text_inner\"><p>SCHULLEITUNG<\/p><\/div>\n\t\t\t<\/div>\n\t\t\t<\/div>\n\t\t\t\t<span class=\"et_parallax_bg_wrap et-pb-parallax-wrapper\"><span\n\t\t\t\t\t\tclass=\"et_parallax_bg et_pb_parallax_css et_parallax_bg--et_pb_row_0\"\n\t\t\t\t\t\tstyle=\"background-image: url(https:\/\/musikschule-goerlitz.de\/wp-content\/uploads\/2021\/08\/Dokument-Hintergrund.png);\"\n\t\t\t\t\t><\/span><\/span>\n\t\t\t\t\n\t\t\t\t\n\t\t\t\t\n\t\t\t<\/div><div class=\"et_d4_element et_pb_row et_pb_row_1  et_pb_css_mix_blend_mode et_block_row\">\n\t\t\t\t<div class=\"et_d4_element et_pb_column_1_2 et_pb_column et_pb_column_1  et_pb_css_mix_blend_mode et_block_column\">\n\t\t\t\t\n\t\t\t\t\n\t\t\t\t\n\t\t\t\t\n\t\t\t\t<div class=\"et_pb_module et_d4_element et_pb_image et_pb_image_0\">\n\t\t\t\t\n\t\t\t\t\n\t\t\t\t\n\t\t\t\t\n\t\t\t\t<span class=\"et_pb_image_wrap\"><img loading=\"lazy\" decoding=\"async\" width=\"561\" height=\"566\" src=\"https:\/\/musikschule-goerlitz.de\/wp-content\/uploads\/2021\/08\/thomas-leiter.jpg\" alt=\"\"  srcset=\"https:\/\/musikschule-goerlitz.de\/wp-content\/uploads\/2021\/08\/thomas-leiter.jpg 561w, https:\/\/musikschule-goerlitz.de\/wp-content\/uploads\/2021\/08\/thomas-leiter-480x484.jpg 480w\" sizes=\"(min-width: 0px) and (max-width: 480px) 480px, (min-width: 481px) 561px, 100vw\" class=\"wp-image-1685\" \/><\/span>\n\t\t\t<\/div><div class=\"et_pb_with_border et_pb_module et_d4_element et_pb_text et_pb_text_1  et_pb_text_align_left et_pb_bg_layout_light\">\n\t\t\t\t\n\t\t\t\t\n\t\t\t\t\n\t\t\t\t\n\t\t\t\t<div class=\"et_pb_text_inner\"><p><span style=\"color: #932c2d;\"><strong>Thomas Stapel<br \/><\/strong><\/span><span style=\"color: #000000;\">Schulleiter Musikschule \"Johann Adam Hiller\" e.V. G\u00f6rlitz<\/span><\/p><\/div>\n\t\t\t<\/div>\n\t\t\t<\/div><div class=\"et_d4_element et_pb_column_1_2 et_pb_column et_pb_column_2  et_pb_css_mix_blend_mode et-last-child et_block_column\">\n\t\t\t\t\n\t\t\t\t\n\t\t\t\t\n\t\t\t\t\n\t\t\t\t<div class=\"et_pb_module et_d4_element et_pb_image et_pb_image_1\">\n\t\t\t\t\n\t\t\t\t\n\t\t\t\t\n\t\t\t\t\n\t\t\t\t<span class=\"et_pb_image_wrap\"><img loading=\"lazy\" decoding=\"async\" width=\"561\" height=\"566\" src=\"https:\/\/musikschule-goerlitz.de\/wp-content\/uploads\/2021\/08\/stelv-karolina.png\" alt=\"\"  srcset=\"https:\/\/musikschule-goerlitz.de\/wp-content\/uploads\/2021\/08\/stelv-karolina.png 561w, https:\/\/musikschule-goerlitz.de\/wp-content\/uploads\/2021\/08\/stelv-karolina-480x484.png 480w\" sizes=\"(min-width: 0px) and (max-width: 480px) 480px, (min-width: 481px) 561px, 100vw\" class=\"wp-image-1960\" \/><\/span>\n\t\t\t<\/div><div class=\"et_pb_with_border et_pb_module et_d4_element et_pb_text et_pb_text_2  et_pb_text_align_left et_pb_bg_layout_light\">\n\t\t\t\t\n\t\t\t\t\n\t\t\t\t\n\t\t\t\t\n\t\t\t\t<div class=\"et_pb_text_inner\"><p><span style=\"color: #932c2d;\"><strong>Karolina Najechalska<br \/><\/strong><\/span><span style=\"color: #000000;\">Stellvertretende Schulleiterin Musikschule \"Johann Adam Hiller\" e.V. G\u00f6rlitz<\/span><span style=\"color: #932c2d;\"><strong><br \/><\/strong><\/span><\/p><\/div>\n\t\t\t<\/div>\n\t\t\t<\/div>\n\t\t\t\t\n\t\t\t\t\n\t\t\t\t\n\t\t\t\t\n\t\t\t<\/div><div class=\"et_d4_element et_pb_row et_pb_row_2 et_pb_section_parallax  et_pb_css_mix_blend_mode et_block_row\">\n\t\t\t\t<div class=\"et_d4_element et_pb_column_1_2 et_pb_column et_pb_column_3  et_pb_css_mix_blend_mode et_block_column\">\n\t\t\t\t\n\t\t\t\t\n\t\t\t\t\n\t\t\t\t\n\t\t\t\t<div class=\"et_pb_module et_d4_element et_pb_text et_pb_text_3  et_pb_text_align_left et_pb_bg_layout_light\">\n\t\t\t\t\n\t\t\t\t\n\t\t\t\t\n\t\t\t\t\n\t\t\t\t<div class=\"et_pb_text_inner\"><p>SEKRETARIAT<\/p><\/div>\n\t\t\t<\/div>\n\t\t\t<\/div><div class=\"et_d4_element et_pb_column_1_2 et_pb_column et_pb_column_4  et_pb_css_mix_blend_mode et-last-child et_block_column\">\n\t\t\t\t\n\t\t\t\t\n\t\t\t\t\n\t\t\t\t\n\t\t\t\t<div class=\"et_pb_module et_d4_element et_pb_blurb et_pb_blurb_0  et_pb_text_align_left  et_pb_blurb_position_left et_block_module et_pb_bg_layout_light\">\n\t\t\t\t\n\t\t\t\t\n\t\t\t\t\n\t\t\t\t\n\t\t\t\t<div class=\"et_pb_blurb_content\">\n\t\t\t\t\t<div class=\"et_pb_main_blurb_image et_pb_css_mix_blend_mode\"><span class=\"et_pb_image_wrap\"><span class=\"et-waypoint et_pb_animation_top et_pb_animation_top_tablet et_pb_animation_top_phone et-pb-icon\">\ue090<\/span><\/span><\/div>\n\t\t\t\t\t<div class=\"et_pb_blurb_container\">\n\t\t\t\t\t\t<h4 class=\"et_pb_module_header\"><span>(03581) 40 72 61<\/span><\/h4>\n\t\t\t\t\t\t\n\t\t\t\t\t<\/div>\n\t\t\t\t<\/div>\n\t\t\t<\/div>\n\t\t\t<\/div>\n\t\t\t\t<span class=\"et_parallax_bg_wrap et-pb-parallax-wrapper\"><span\n\t\t\t\t\t\tclass=\"et_parallax_bg et_pb_parallax_css et_parallax_bg--et_pb_row_2\"\n\t\t\t\t\t\tstyle=\"background-image: url(https:\/\/musikschule-goerlitz.de\/wp-content\/uploads\/2021\/08\/Dokument-Hintergrund.png);\"\n\t\t\t\t\t><\/span><\/span>\n\t\t\t\t\n\t\t\t\t\n\t\t\t\t\n\t\t\t<\/div><div class=\"et_d4_element et_pb_row et_pb_row_3  et_pb_css_mix_blend_mode et_block_row\">\n\t\t\t\t<div class=\"et_d4_element et_pb_column_1_2 et_pb_column et_pb_column_5  et_pb_css_mix_blend_mode et_block_column\">\n\t\t\t\t\n\t\t\t\t\n\t\t\t\t\n\t\t\t\t\n\t\t\t\t<div class=\"et_pb_module et_d4_element et_pb_image et_pb_image_2\">\n\t\t\t\t\n\t\t\t\t\n\t\t\t\t\n\t\t\t\t\n\t\t\t\t<span class=\"et_pb_image_wrap\"><img loading=\"lazy\" decoding=\"async\" width=\"561\" height=\"566\" src=\"https:\/\/musikschule-goerlitz.de\/wp-content\/uploads\/2021\/08\/beate.jpg\" alt=\"\"  srcset=\"https:\/\/musikschule-goerlitz.de\/wp-content\/uploads\/2021\/08\/beate.jpg 561w, https:\/\/musikschule-goerlitz.de\/wp-content\/uploads\/2021\/08\/beate-480x484.jpg 480w\" sizes=\"(min-width: 0px) and (max-width: 480px) 480px, (min-width: 481px) 561px, 100vw\" class=\"wp-image-1683\" \/><\/span>\n\t\t\t<\/div><div class=\"et_pb_with_border et_pb_module et_d4_element et_pb_text et_pb_text_4  et_pb_text_align_left et_pb_bg_layout_light\">\n\t\t\t\t\n\t\t\t\t\n\t\t\t\t\n\t\t\t\t\n\t\t\t\t<div class=\"et_pb_text_inner\"><p><span style=\"color: #932c2d;\"><strong>Beate Bauer<\/strong><\/span><br \/><span style=\"color: #000000;\">Schriftwechsel, allgemeine Verwaltungsaufgaben, An- &amp; Abmeldung, <span>\u00a0 <\/span><span>Bearbeitung von Anfragen zu Angeboten unserer Schule,\u00a0<\/span>Organisation des Unterrichtsablaufes<\/span><\/p>\n<p><span style=\"color: #000000;\"><a href=\"mailto:bauer@musikschule-goerlitz.de\" target=\"_blank\" rel=\"noopener\" style=\"color: #000000;\">bauer@musikschule-goerlitz.de<\/a><br \/>(03581) 40 72 61<br \/><\/span><\/p><\/div>\n\t\t\t<\/div>\n\t\t\t<\/div><div class=\"et_d4_element et_pb_column_1_2 et_pb_column et_pb_column_6  et_pb_css_mix_blend_mode et-last-child et_block_column\">\n\t\t\t\t\n\t\t\t\t\n\t\t\t\t\n\t\t\t\t\n\t\t\t\t<div class=\"et_pb_module et_d4_element et_pb_image et_pb_image_3\">\n\t\t\t\t\n\t\t\t\t\n\t\t\t\t\n\t\t\t\t\n\t\t\t\t<span class=\"et_pb_image_wrap\"><img loading=\"lazy\" decoding=\"async\" width=\"561\" height=\"566\" src=\"https:\/\/musikschule-goerlitz.de\/wp-content\/uploads\/2021\/08\/wilke.jpg\" alt=\"\"  srcset=\"https:\/\/musikschule-goerlitz.de\/wp-content\/uploads\/2021\/08\/wilke.jpg 561w, https:\/\/musikschule-goerlitz.de\/wp-content\/uploads\/2021\/08\/wilke-480x484.jpg 480w\" sizes=\"(min-width: 0px) and (max-width: 480px) 480px, (min-width: 481px) 561px, 100vw\" class=\"wp-image-1687\" \/><\/span>\n\t\t\t<\/div><div class=\"et_pb_with_border et_pb_module et_d4_element et_pb_text et_pb_text_5  et_pb_text_align_left et_pb_bg_layout_light\">\n\t\t\t\t\n\t\t\t\t\n\t\t\t\t\n\t\t\t\t\n\t\t\t\t<div class=\"et_pb_text_inner\"><p><span style=\"color: #932c2d;\"><strong>Angelika Wilke<\/strong><\/span><\/p>\n<p><span style=\"color: #000000;\"><span>allgemeine Verwaltungsaufgaben, Po<\/span>steingang\/ Postausgang, Ansprechpartnerin f\u00fcr polnische Sch\u00fcler innen<\/span><\/p>\n<p><span style=\"color: #000000;\"><br \/>(03581) 40 72 61<\/span><\/p>\n<p>&nbsp;<\/p>\n<p><span style=\"color: #000000;\"><\/span><\/p><\/div>\n\t\t\t<\/div>\n\t\t\t<\/div>\n\t\t\t\t\n\t\t\t\t\n\t\t\t\t\n\t\t\t\t\n\t\t\t<\/div><div class=\"et_d4_element et_pb_row et_pb_row_4 et_animated  et_pb_css_mix_blend_mode et_block_row\">\n\t\t\t\t<div class=\"et_d4_element et_pb_column_1_2 et_pb_column et_pb_column_7  et_pb_css_mix_blend_mode et_block_column\">\n\t\t\t\t\n\t\t\t\t\n\t\t\t\t\n\t\t\t\t\n\t\t\t\t<div class=\"et_pb_module et_d4_element et_pb_blurb et_pb_blurb_1  et_pb_text_align_left  et_pb_blurb_position_left et_block_module et_pb_bg_layout_light\">\n\t\t\t\t\n\t\t\t\t\n\t\t\t\t\n\t\t\t\t\n\t\t\t\t<div class=\"et_pb_blurb_content\">\n\t\t\t\t\t<div class=\"et_pb_main_blurb_image et_pb_css_mix_blend_mode\"><span class=\"et_pb_image_wrap\"><span class=\"et-waypoint et_pb_animation_top et_pb_animation_top_tablet et_pb_animation_top_phone et-pb-icon\">\ue06b<\/span><\/span><\/div>\n\t\t\t\t\t<div class=\"et_pb_blurb_container\">\n\t\t\t\t\t\t<h4 class=\"et_pb_module_header\"><span>Unsere \u00d6ffnungszeiten:<\/span><\/h4>\n\t\t\t\t\t\t<div class=\"et_pb_blurb_description\"><p>in der Schulzeit von:<br \/>Montag: 9:00 - 11:00 und 14:00 - 17:00 Uhr<br \/>Dienstag. 14:00 -17:00 Uhr<br \/>Mittwoch: 14:00 - 17:00 Uhr<br \/>Donnerstag: 9:00 -12:00 Uhr und 14:00 - 17:00 Uhr<\/p>\n<p>in der Ferienzeit:<br \/>Montag - Freitag: 8:00 - 14:00 Uhr<\/p><\/div>\n\t\t\t\t\t<\/div>\n\t\t\t\t<\/div>\n\t\t\t<\/div>\n\t\t\t<\/div><div class=\"et_d4_element et_pb_column_1_2 et_pb_column et_pb_column_8  et_pb_css_mix_blend_mode et-last-child et_block_column\">\n\t\t\t\t\n\t\t\t\t\n\t\t\t\t\n\t\t\t\t\n\t\t\t\t<div class=\"et_pb_module et_d4_element et_pb_text et_pb_text_6  et_pb_text_align_left et_pb_bg_layout_light\">\n\t\t\t\t\n\t\t\t\t\n\t\t\t\t\n\t\t\t\t\n\t\t\t\t<div class=\"et_pb_text_inner\"><p>&nbsp;<\/p>\n<p>Termine au\u00dferhalb der \u00d6ffnungszeiten k\u00f6nnen telefonisch vereinbart werden.<\/p>\n<p>F\u00fcr genauere Informationen zum Unterricht und unserer Schule k\u00f6nnen Sie uns gerne auch anrufen oder unser <a href=\"https:\/\/musikschule-goerlitz.de\/pl\/kontakt\/\">Kontakt<\/a>-Formular nutzen.<\/p><\/div>\n\t\t\t<\/div>\n\t\t\t<\/div>\n\t\t\t\t\n\t\t\t\t\n\t\t\t\t\n\t\t\t\t\n\t\t\t<\/div><div class=\"et_d4_element et_pb_row et_pb_row_5 et_pb_section_parallax  et_pb_css_mix_blend_mode et_block_row\">\n\t\t\t\t<div class=\"et_d4_element et_pb_column_1_2 et_pb_column et_pb_column_9  et_pb_css_mix_blend_mode et_block_column\">\n\t\t\t\t\n\t\t\t\t\n\t\t\t\t\n\t\t\t\t\n\t\t\t\t<div class=\"et_pb_module et_d4_element et_pb_text et_pb_text_7  et_pb_text_align_left et_pb_bg_layout_light\">\n\t\t\t\t\n\t\t\t\t\n\t\t\t\t\n\t\t\t\t\n\t\t\t\t<div class=\"et_pb_text_inner\"><p>BUCHHALTUNG<\/p><\/div>\n\t\t\t<\/div>\n\t\t\t<\/div><div class=\"et_d4_element et_pb_column_1_2 et_pb_column et_pb_column_10  et_pb_css_mix_blend_mode et-last-child et_block_column\">\n\t\t\t\t\n\t\t\t\t\n\t\t\t\t\n\t\t\t\t\n\t\t\t\t<div class=\"et_pb_module et_d4_element et_pb_blurb et_pb_blurb_2  et_pb_text_align_left  et_pb_blurb_position_left et_block_module et_pb_bg_layout_light\">\n\t\t\t\t\n\t\t\t\t\n\t\t\t\t\n\t\t\t\t\n\t\t\t\t<div class=\"et_pb_blurb_content\">\n\t\t\t\t\t<div class=\"et_pb_main_blurb_image et_pb_css_mix_blend_mode\"><span class=\"et_pb_image_wrap\"><span class=\"et-waypoint et_pb_animation_top et_pb_animation_top_tablet et_pb_animation_top_phone et-pb-icon\">\ue090<\/span><\/span><\/div>\n\t\t\t\t\t<div class=\"et_pb_blurb_container\">\n\t\t\t\t\t\t<h4 class=\"et_pb_module_header\"><span>(03581) 64 90 16 7<\/span><\/h4>\n\t\t\t\t\t\t\n\t\t\t\t\t<\/div>\n\t\t\t\t<\/div>\n\t\t\t<\/div>\n\t\t\t<\/div>\n\t\t\t\t<span class=\"et_parallax_bg_wrap et-pb-parallax-wrapper\"><span\n\t\t\t\t\t\tclass=\"et_parallax_bg et_pb_parallax_css et_parallax_bg--et_pb_row_5\"\n\t\t\t\t\t\tstyle=\"background-image: url(https:\/\/musikschule-goerlitz.de\/wp-content\/uploads\/2021\/08\/Dokument-Hintergrund.png);\"\n\t\t\t\t\t><\/span><\/span>\n\t\t\t\t\n\t\t\t\t\n\t\t\t\t\n\t\t\t<\/div><div class=\"et_d4_element et_pb_row et_pb_row_6  et_pb_css_mix_blend_mode et_block_row\">\n\t\t\t\t<div class=\"et_d4_element et_pb_column_4_4 et_pb_column et_pb_column_11  et_pb_css_mix_blend_mode et-last-child et_block_column\">\n\t\t\t\t\n\t\t\t\t\n\t\t\t\t\n\t\t\t\t\n\t\t\t\t<div class=\"et_pb_module et_d4_element et_pb_image et_pb_image_4\">\n\t\t\t\t\n\t\t\t\t\n\t\t\t\t\n\t\t\t\t\n\t\t\t\t<span class=\"et_pb_image_wrap\"><img loading=\"lazy\" decoding=\"async\" width=\"561\" height=\"566\" src=\"https:\/\/musikschule-goerlitz.de\/wp-content\/uploads\/2021\/08\/seiffert.jpg\" alt=\"\"  srcset=\"https:\/\/musikschule-goerlitz.de\/wp-content\/uploads\/2021\/08\/seiffert.jpg 561w, https:\/\/musikschule-goerlitz.de\/wp-content\/uploads\/2021\/08\/seiffert-480x484.jpg 480w\" sizes=\"(min-width: 0px) and (max-width: 480px) 480px, (min-width: 481px) 561px, 100vw\" class=\"wp-image-1684\" \/><\/span>\n\t\t\t<\/div><div class=\"et_pb_with_border et_pb_module et_d4_element et_pb_text et_pb_text_8  et_pb_text_align_left et_pb_bg_layout_light\">\n\t\t\t\t\n\t\t\t\t\n\t\t\t\t\n\t\t\t\t\n\t\t\t\t<div class=\"et_pb_text_inner\"><p><span style=\"color: #932c2d;\"><strong>Friederike Seiffert<br \/><\/strong><\/span><span style=\"color: #000000;\">Rechnungsf\u00fchrung, Mahnwesen, Antr\u00e4ge und Abrechnung<\/span><\/p>\n<p><span style=\"color: #000000;\"><a href=\"mailto:seiffert@musikschule-goerlitz.de\" target=\"_blank\" rel=\"noopener\" style=\"color: #000000;\">seiffert@musikschule-goerlitz.de<\/a><br \/>(03581) 64 90 16 7<br \/><\/span><\/p><\/div>\n\t\t\t<\/div>\n\t\t\t<\/div>\n\t\t\t\t\n\t\t\t\t\n\t\t\t\t\n\t\t\t\t\n\t\t\t<\/div>\n\t\t\t\t\n\t\t\t\t\n\t\t\t<\/div>","protected":false},"excerpt":{"rendered":"","protected":false},"author":2,"featured_media":0,"parent":0,"menu_order":0,"comment_status":"closed","ping_status":"closed","template":"","meta":{"_monsterinsights_skip_tracking":false,"_monsterinsights_sitenote_active":false,"_monsterinsights_sitenote_note":"","_monsterinsights_sitenote_category":0,"_et_pb_use_builder":"on","_et_pb_old_content":"<!-- wp:divi\/placeholder \/-->","_et_gb_content_width":"","footnotes":""},"class_list":["post-279","page","type-page","status-publish","hentry"],"_links":{"self":[{"href":"https:\/\/musikschule-goerlitz.de\/pl\/wp-json\/wp\/v2\/pages\/279","targetHints":{"allow":["GET"]}}],"collection":[{"href":"https:\/\/musikschule-goerlitz.de\/pl\/wp-json\/wp\/v2\/pages"}],"about":[{"href":"https:\/\/musikschule-goerlitz.de\/pl\/wp-json\/wp\/v2\/types\/page"}],"author":[{"embeddable":true,"href":"https:\/\/musikschule-goerlitz.de\/pl\/wp-json\/wp\/v2\/users\/2"}],"replies":[{"embeddable":true,"href":"https:\/\/musikschule-goerlitz.de\/pl\/wp-json\/wp\/v2\/comments?post=279"}],"version-history":[{"count":10,"href":"https:\/\/musikschule-goerlitz.de\/pl\/wp-json\/wp\/v2\/pages\/279\/revisions"}],"predecessor-version":[{"id":7149,"href":"https:\/\/musikschule-goerlitz.de\/pl\/wp-json\/wp\/v2\/pages\/279\/revisions\/7149"}],"wp:attachment":[{"href":"https:\/\/musikschule-goerlitz.de\/pl\/wp-json\/wp\/v2\/media?parent=279"}],"curies":[{"name":"wp","href":"https:\/\/api.w.org\/{rel}","templated":true}]}}