{"id":159,"date":"2021-04-26T18:28:07","date_gmt":"2021-04-26T18:28:07","guid":{"rendered":"https:\/\/musikschule.alles-eitel.de\/?page_id=159"},"modified":"2024-01-03T09:53:51","modified_gmt":"2024-01-03T09:53:51","slug":"historie","status":"publish","type":"page","link":"https:\/\/musikschule-goerlitz.de\/pl\/historie\/","title":{"rendered":"Historia szko\u0142y"},"content":{"rendered":"<p><div class=\"et_d4_element et_pb_section et_pb_section_0  et_pb_css_mix_blend_mode et_section_regular et_block_section\" >\n\t\t\t\t\n\t\t\t\t\n\t\t\t\t\n\t\t\t\t\n\t\t\t\t\n\t\t\t\t\n\t\t\t\t<div class=\"et_d4_element et_pb_row et_pb_row_0  et_pb_css_mix_blend_mode et_block_row\">\n\t\t\t\t<div class=\"et_d4_element et_pb_column_4_4 et_pb_column et_pb_column_0  et_pb_css_mix_blend_mode et-last-child et_block_column\">\n\t\t\t\t\n\t\t\t\t\n\t\t\t\t\n\t\t\t\t\n\t\t\t\t<div class=\"et_pb_module et_d4_element et_pb_divider et_pb_divider_0 et_pb_space\"><div class=\"et_pb_divider_internal\"><\/div><\/div>\n\t\t\t<\/div>\n\t\t\t\t\n\t\t\t\t\n\t\t\t\t\n\t\t\t\t\n\t\t\t<\/div>\n\t\t\t\t\n\t\t\t\t\n\t\t\t<\/div><div id=\"1200\" class=\"et_d4_element et_pb_section et_pb_section_1  et_pb_css_mix_blend_mode et_section_regular et_block_section\" >\n\t\t\t\t\n\t\t\t\t\n\t\t\t\t\n\t\t\t\t\n\t\t\t\t\n\t\t\t\t\n\t\t\t\t<div class=\"et_d4_element et_pb_row et_pb_row_1  et_pb_css_mix_blend_mode et_block_row\">\n\t\t\t\t<div class=\"et_d4_element et_pb_column_3_5 et_pb_column et_pb_column_1  et_pb_css_mix_blend_mode et_block_column\">\n\t\t\t\t\n\t\t\t\t\n\t\t\t\t\n\t\t\t\t\n\t\t\t\t<div class=\"et_pb_module et_d4_element et_pb_text et_pb_text_0  et_pb_text_align_left et_pb_bg_layout_light\">\n\t\t\t\t\n\t\t\t\t\n\t\t\t\t\n\t\t\t\t\n\t\t\t\t<div class=\"et_pb_text_inner\"><p>Fischmarkt 6<\/p><\/div>\n\t\t\t<\/div><div class=\"et_pb_module et_d4_element et_pb_text et_pb_text_1  et_pb_text_align_left et_pb_bg_layout_light\">\n\t\t\t\t\n\t\t\t\t\n\t\t\t\t\n\t\t\t\t\n\t\t\t\t<div class=\"et_pb_text_inner\"><p><strong>1220<\/strong><br \/><span>Wahrscheinlicher Verlauf der 1. Stadtbefestigung an der R\u00fcckfront des Hauses<\/span><\/p>\n<p><strong>1600<\/strong><br \/><span>1759: B\u00e4cker- und Krischelgasse am 5. September abgebrannt<\/span><\/p>\n<p><span><strong>1767<\/strong><br \/>erstmals Name Fischmarkt<\/span><\/p><\/div>\n\t\t\t<\/div>\n\t\t\t<\/div><div class=\"et_d4_element et_pb_column_2_5 et_pb_column et_pb_column_2  et_pb_css_mix_blend_mode et-last-child et_block_column\">\n\t\t\t\t\n\t\t\t\t\n\t\t\t\t\n\t\t\t\t\n\t\t\t\t<div class=\"et_pb_with_border et_pb_module et_d4_element et_pb_image et_pb_image_0\">\n\t\t\t\t\n\t\t\t\t\n\t\t\t\t\n\t\t\t\t\n\t\t\t\t<span class=\"et_pb_image_wrap\"><img loading=\"lazy\" decoding=\"async\" width=\"460\" height=\"350\" src=\"https:\/\/musikschule-goerlitz.de\/wp-content\/uploads\/2021\/08\/1600_460.jpg\" alt=\"\"  srcset=\"https:\/\/musikschule-goerlitz.de\/wp-content\/uploads\/2021\/08\/1600_460.jpg 460w, https:\/\/musikschule-goerlitz.de\/wp-content\/uploads\/2021\/08\/1600_460-300x228.jpg 300w, https:\/\/musikschule-goerlitz.de\/wp-content\/uploads\/2021\/08\/1600_460-16x12.jpg 16w\" sizes=\"(max-width: 460px) 100vw, 460px\" class=\"wp-image-1888\" \/><\/span>\n\t\t\t<\/div><div class=\"et_pb_module et_d4_element et_pb_text et_pb_text_2  et_pb_text_align_left et_pb_bg_layout_light\">\n\t\t\t\t\n\t\t\t\t\n\t\t\t\t\n\t\t\t\t\n\t\t\t\t<div class=\"et_pb_text_inner\"><p>Lage des Geb\u00e4udes Fischmarkt 6 um 1600<\/p><\/div>\n\t\t\t<\/div>\n\t\t\t<\/div>\n\t\t\t\t\n\t\t\t\t\n\t\t\t\t\n\t\t\t\t\n\t\t\t<\/div>\n\t\t\t\t\n\t\t\t\t\n\t\t\t<\/div><div id=\"1800\" class=\"et_d4_element et_pb_section et_pb_section_2  et_pb_css_mix_blend_mode et_section_regular et_block_section\" >\n\t\t\t\t\n\t\t\t\t\n\t\t\t\t\n\t\t\t\t\n\t\t\t\t\n\t\t\t\t\n\t\t\t\t<div class=\"et_d4_element et_pb_row et_pb_row_2  et_pb_css_mix_blend_mode et_block_row\">\n\t\t\t\t<div class=\"et_d4_element et_pb_column_3_5 et_pb_column et_pb_column_3  et_pb_css_mix_blend_mode et_block_column\">\n\t\t\t\t\n\t\t\t\t\n\t\t\t\t\n\t\t\t\t\n\t\t\t\t<div class=\"et_pb_module et_d4_element et_pb_text et_pb_text_3  et_pb_text_align_left et_pb_bg_layout_light\">\n\t\t\t\t\n\t\t\t\t\n\t\t\t\t\n\t\t\t\t\n\t\t\t\t<div class=\"et_pb_text_inner\"><p><strong>817<\/strong><br \/>Brand am Fischmarkt 13-15 und Fischmarktgasse 5<\/p>\n<div class=\"htmlpicrowsleft\">\n<p><strong>1836-1838<\/strong> <br \/>Bau der M\u00e4dchenb\u00fcrgerschule f\u00fcr \u201eT\u00f6chter der gebildeten B\u00fcrger-Familien\u201c<\/p>\n<p><strong>1836<\/strong><br \/>128 Sch\u00fcler in der M\u00e4dchenschule<\/p>\n<p><strong>1844<\/strong> <br \/>Wassertr\u00f6ge von der Webergasse und Fischmarkt vereint und unter gew\u00f6lbten \u00dcberbau an die Nordseite der Schule verlegt<\/p>\n<p>&nbsp;<\/p>\n<p>&nbsp;<\/p>\n<p>&nbsp;<\/p>\n<p>\u00a0<strong style=\"font-size: 17px;\">1851<\/strong><\/p>\n<p><span style=\"font-size: 17px;\"><\/span><\/p>\n<p>Gersdorffsche Privatschule mit eingegliedert<\/p>\n<p><strong>1853<\/strong><br \/>300 Sch\u00fcler<\/p>\n<p><strong>1860<\/strong> <br \/>Lehrerinnenseminar (3-j\u00e4hriger Kurs)<\/p>\n<p><strong>1875<\/strong> <br \/>Neunstufiger Lehrgang, Anpassung an h\u00f6here Schulen f\u00fcr Knaben<\/p>\n<p><strong>1882<\/strong> <br \/>Umzug der M\u00e4dchenschulen in das neue Geb\u00e4ude am Wilhelmsplatz 5 (dort bis 1950)<\/p>\n<p><strong>1891-1906<\/strong> <br \/>Gemeindeschule VII f\u00fcr M\u00e4dchen, ab 1904 haben auch Knaben der\u00a0 Gemeindeschule VI hier Unterricht (Adressbuch)<\/p>\n<p class=\"Quellenangabe\"><strong>\u00a0<\/strong><\/p>\n<\/div>\n<p>&nbsp;<\/p><\/div>\n\t\t\t<\/div>\n\t\t\t<\/div><div class=\"et_d4_element et_pb_column_2_5 et_pb_column et_pb_column_4  et_pb_css_mix_blend_mode et-last-child et_block_column\">\n\t\t\t\t\n\t\t\t\t\n\t\t\t\t\n\t\t\t\t\n\t\t\t\t<div class=\"et_pb_with_border et_pb_module et_d4_element et_pb_image et_pb_image_1\">\n\t\t\t\t\n\t\t\t\t\n\t\t\t\t\n\t\t\t\t\n\t\t\t\t<span class=\"et_pb_image_wrap\"><img loading=\"lazy\" decoding=\"async\" width=\"460\" height=\"209\" src=\"https:\/\/musikschule-goerlitz.de\/wp-content\/uploads\/2021\/08\/1759_460.jpg\" alt=\"\"  srcset=\"https:\/\/musikschule-goerlitz.de\/wp-content\/uploads\/2021\/08\/1759_460.jpg 460w, https:\/\/musikschule-goerlitz.de\/wp-content\/uploads\/2021\/08\/1759_460-300x136.jpg 300w, https:\/\/musikschule-goerlitz.de\/wp-content\/uploads\/2021\/08\/1759_460-18x8.jpg 18w\" sizes=\"(max-width: 460px) 100vw, 460px\" class=\"wp-image-1891\" \/><\/span>\n\t\t\t<\/div><div class=\"et_pb_module et_d4_element et_pb_text et_pb_text_4  et_pb_text_align_left et_pb_bg_layout_light\">\n\t\t\t\t\n\t\t\t\t\n\t\t\t\t\n\t\t\t\t\n\t\t\t\t<div class=\"et_pb_text_inner\"><p>der Fischmarkt vor 1759<\/p><\/div>\n\t\t\t<\/div><div class=\"et_pb_with_border et_pb_module et_d4_element et_pb_image et_pb_image_2\">\n\t\t\t\t\n\t\t\t\t\n\t\t\t\t\n\t\t\t\t\n\t\t\t\t<span class=\"et_pb_image_wrap\"><img loading=\"lazy\" decoding=\"async\" width=\"304\" height=\"400\" src=\"https:\/\/musikschule-goerlitz.de\/wp-content\/uploads\/2021\/08\/1845_460.jpg\" alt=\"\"  srcset=\"https:\/\/musikschule-goerlitz.de\/wp-content\/uploads\/2021\/08\/1845_460.jpg 304w, https:\/\/musikschule-goerlitz.de\/wp-content\/uploads\/2021\/08\/1845_460-228x300.jpg 228w, https:\/\/musikschule-goerlitz.de\/wp-content\/uploads\/2021\/08\/1845_460-9x12.jpg 9w\" sizes=\"(max-width: 304px) 100vw, 304px\" class=\"wp-image-1892\" \/><\/span>\n\t\t\t<\/div><div class=\"et_pb_module et_d4_element et_pb_text et_pb_text_5  et_pb_text_align_left et_pb_bg_layout_light\">\n\t\t\t\t\n\t\t\t\t\n\t\t\t\t\n\t\t\t\t\n\t\t\t\t<div class=\"et_pb_text_inner\"><p>Zeichnung des Hauses Fischmarkt 6 um 1845<\/p><\/div>\n\t\t\t<\/div>\n\t\t\t<\/div>\n\t\t\t\t\n\t\t\t\t\n\t\t\t\t\n\t\t\t\t\n\t\t\t<\/div>\n\t\t\t\t\n\t\t\t\t\n\t\t\t<\/div><div id=\"1900\" class=\"et_d4_element et_pb_section et_pb_section_3  et_pb_css_mix_blend_mode et_section_regular et_block_section\" >\n\t\t\t\t\n\t\t\t\t\n\t\t\t\t\n\t\t\t\t\n\t\t\t\t\n\t\t\t\t\n\t\t\t\t<div class=\"et_d4_element et_pb_row et_pb_row_3  et_pb_css_mix_blend_mode et_block_row\">\n\t\t\t\t<div class=\"et_d4_element et_pb_column_1_3 et_pb_column et_pb_column_5  et_pb_css_mix_blend_mode et_block_column\">\n\t\t\t\t\n\t\t\t\t\n\t\t\t\t\n\t\t\t\t\n\t\t\t\t<div class=\"et_pb_with_border et_pb_module et_d4_element et_pb_image et_pb_image_3\">\n\t\t\t\t\n\t\t\t\t\n\t\t\t\t\n\t\t\t\t\n\t\t\t\t<span class=\"et_pb_image_wrap\"><img loading=\"lazy\" decoding=\"async\" width=\"460\" height=\"200\" src=\"https:\/\/musikschule-goerlitz.de\/wp-content\/uploads\/2021\/08\/1938_460.jpg\" alt=\"\"  srcset=\"https:\/\/musikschule-goerlitz.de\/wp-content\/uploads\/2021\/08\/1938_460.jpg 460w, https:\/\/musikschule-goerlitz.de\/wp-content\/uploads\/2021\/08\/1938_460-300x130.jpg 300w, https:\/\/musikschule-goerlitz.de\/wp-content\/uploads\/2021\/08\/1938_460-18x8.jpg 18w\" sizes=\"(max-width: 460px) 100vw, 460px\" class=\"wp-image-1893\" \/><\/span>\n\t\t\t<\/div><div class=\"et_pb_module et_d4_element et_pb_text et_pb_text_6  et_pb_text_align_left et_pb_bg_layout_light\">\n\t\t\t\t\n\t\t\t\t\n\t\t\t\t\n\t\t\t\t\n\t\t\t\t<div class=\"et_pb_text_inner\"><p>Eintrag der Gemeindeschule V im G\u00f6rlitzer Adressbuch 1938\/39<\/p><\/div>\n\t\t\t<\/div>\n\t\t\t<\/div><div class=\"et_d4_element et_pb_column_2_3 et_pb_column et_pb_column_6  et_pb_css_mix_blend_mode et-last-child et_block_column\">\n\t\t\t\t\n\t\t\t\t\n\t\t\t\t\n\t\t\t\t\n\t\t\t\t<div class=\"et_pb_module et_d4_element et_pb_text et_pb_text_7  et_pb_text_align_left et_pb_bg_layout_light\">\n\t\t\t\t\n\t\t\t\t\n\t\t\t\t\n\t\t\t\t\n\t\t\t\t<div class=\"et_pb_text_inner\"><p><strong>1909<\/strong><br \/>Treppenanbau am Fischmarkt 6<\/p>\n<p><strong>1913<\/strong><br \/>Entw\u00e4sserungsanlage gebaut<\/p>\n<p><strong>1929-1939<\/strong><br \/>Gemeindeschule V (Adressbuch)<\/p>\n<p><strong>1939<\/strong><br \/>Gemeindeschule V im Fischmarkt geschlossen<\/p><\/div>\n\t\t\t<\/div>\n\t\t\t<\/div>\n\t\t\t\t\n\t\t\t\t\n\t\t\t\t\n\t\t\t\t\n\t\t\t<\/div><div class=\"et_d4_element et_pb_row et_pb_row_4  et_pb_css_mix_blend_mode et_block_row\">\n\t\t\t\t<div class=\"et_d4_element et_pb_column_1_3 et_pb_column et_pb_column_7  et_pb_css_mix_blend_mode et_block_column\">\n\t\t\t\t\n\t\t\t\t\n\t\t\t\t\n\t\t\t\t\n\t\t\t\t<div class=\"et_pb_with_border et_pb_module et_d4_element et_pb_image et_pb_image_4\">\n\t\t\t\t\n\t\t\t\t\n\t\t\t\t\n\t\t\t\t\n\t\t\t\t<span class=\"et_pb_image_wrap\"><img loading=\"lazy\" decoding=\"async\" width=\"460\" height=\"688\" src=\"https:\/\/musikschule-goerlitz.de\/wp-content\/uploads\/2021\/08\/eroeffnungskonzert1939_460.jpg\" alt=\"\"  srcset=\"https:\/\/musikschule-goerlitz.de\/wp-content\/uploads\/2021\/08\/eroeffnungskonzert1939_460.jpg 460w, https:\/\/musikschule-goerlitz.de\/wp-content\/uploads\/2021\/08\/eroeffnungskonzert1939_460-201x300.jpg 201w, https:\/\/musikschule-goerlitz.de\/wp-content\/uploads\/2021\/08\/eroeffnungskonzert1939_460-8x12.jpg 8w\" sizes=\"(max-width: 460px) 100vw, 460px\" class=\"wp-image-1894\" \/><\/span>\n\t\t\t<\/div><div class=\"et_pb_module et_d4_element et_pb_text et_pb_text_8  et_pb_text_align_left et_pb_bg_layout_light\">\n\t\t\t\t\n\t\t\t\t\n\t\t\t\t\n\t\t\t\t\n\t\t\t\t<div class=\"et_pb_text_inner\"><p>Programm des Er\u00f6ffnungskonzertes zur \u00dcbergabe des Lausitzer Konservatoriums 1939<\/p><\/div>\n\t\t\t<\/div>\n\t\t\t<\/div><div class=\"et_d4_element et_pb_column_2_3 et_pb_column et_pb_column_8  et_pb_css_mix_blend_mode et-last-child et_block_column\">\n\t\t\t\t\n\t\t\t\t\n\t\t\t\t\n\t\t\t\t\n\t\t\t\t<div class=\"et_pb_module et_d4_element et_pb_text et_pb_text_9  et_pb_text_align_left et_pb_bg_layout_light\">\n\t\t\t\t\n\t\t\t\t\n\t\t\t\t\n\t\t\t\t\n\t\t\t\t<div class=\"et_pb_text_inner\"><p>St\u00e4dtische Musikschule G\u00f6rlitz<\/p><\/div>\n\t\t\t<\/div><div class=\"et_pb_module et_d4_element et_pb_text et_pb_text_10  et_pb_text_align_left et_pb_bg_layout_light\">\n\t\t\t\t\n\t\t\t\t\n\t\t\t\t\n\t\t\t\t\n\t\t\t\t<div class=\"et_pb_text_inner\"><p><strong>14.6.1939<\/strong><br \/>\u00dcbergabe des Lausitzer Konservatoriums - Er\u00f6ffnung der St\u00e4dtischen Musikschule G\u00f6rlitz<\/p>\n<p><strong>1.8.1939<\/strong><br \/>erste Sch\u00fcler der St\u00e4dtischen Musikschule G\u00f6rlitz im Sch\u00fclerbuch eingetragen<br \/>1. Direktor Helmut Klix<br \/>Berichte \u00fcber eine \u201ejunge Sch\u00f6pfung\u201c St\u00e4dtische Musikschule (Verwaltungsbericht 1941-1942 II D.\/St. 1-2 im Ratsarchiv)<\/p>\n<p><strong>1941<\/strong><br \/>St\u00e4dtische Musikschule G\u00f6rlitz, Musik f\u00fcr Jugend und Volk, Konservatorium und Musikseminar (Adressbuch)<br \/>ausf\u00fchrliche Monatsberichte im Verwaltungs-Bericht<\/p>\n<p><strong>1941-1942<\/strong><br \/>II D.St.1-2, Ratsarchiv G\u00f6rlitz<\/p><\/div>\n\t\t\t<\/div>\n\t\t\t<\/div>\n\t\t\t\t\n\t\t\t\t\n\t\t\t\t\n\t\t\t\t\n\t\t\t<\/div><div class=\"et_d4_element et_pb_row et_pb_row_5  et_pb_css_mix_blend_mode et_block_row\">\n\t\t\t\t<div class=\"et_d4_element et_pb_column_1_3 et_pb_column et_pb_column_9  et_pb_css_mix_blend_mode et_block_column\">\n\t\t\t\t\n\t\t\t\t\n\t\t\t\t\n\t\t\t\t\n\t\t\t\t<div class=\"et_pb_with_border et_pb_module et_d4_element et_pb_image et_pb_image_5\">\n\t\t\t\t\n\t\t\t\t\n\t\t\t\t\n\t\t\t\t\n\t\t\t\t<span class=\"et_pb_image_wrap\"><img loading=\"lazy\" decoding=\"async\" width=\"460\" height=\"200\" src=\"https:\/\/musikschule-goerlitz.de\/wp-content\/uploads\/2021\/08\/1941adressbuch1_460.jpg\" alt=\"\"  srcset=\"https:\/\/musikschule-goerlitz.de\/wp-content\/uploads\/2021\/08\/1941adressbuch1_460.jpg 460w, https:\/\/musikschule-goerlitz.de\/wp-content\/uploads\/2021\/08\/1941adressbuch1_460-300x130.jpg 300w, https:\/\/musikschule-goerlitz.de\/wp-content\/uploads\/2021\/08\/1941adressbuch1_460-18x8.jpg 18w\" sizes=\"(max-width: 460px) 100vw, 460px\" class=\"wp-image-1895\" \/><\/span>\n\t\t\t<\/div><div class=\"et_pb_module et_d4_element et_pb_text et_pb_text_11  et_pb_text_align_left et_pb_bg_layout_light\">\n\t\t\t\t\n\t\t\t\t\n\t\t\t\t\n\t\t\t\t\n\t\t\t\t<div class=\"et_pb_text_inner\"><p>Programm des Er\u00f6ffnungskonzertes zur \u00dcbergabe des Lausitzer Konservatoriums 1939<\/p><\/div>\n\t\t\t<\/div>\n\t\t\t<\/div><div class=\"et_d4_element et_pb_column_2_3 et_pb_column et_pb_column_10  et_pb_css_mix_blend_mode et-last-child et_block_column\">\n\t\t\t\t\n\t\t\t\t\n\t\t\t\t\n\t\t\t\t\n\t\t\t\t<div class=\"et_pb_module et_d4_element et_pb_text et_pb_text_12  et_pb_text_align_left et_pb_bg_layout_light\">\n\t\t\t\t\n\t\t\t\t\n\t\t\t\t\n\t\t\t\t\n\t\t\t\t<div class=\"et_pb_text_inner\"><p>Lausitzer Konservatorium<\/p><\/div>\n\t\t\t<\/div><div class=\"et_pb_module et_d4_element et_pb_text et_pb_text_13  et_pb_text_align_left et_pb_bg_layout_light\">\n\t\t\t\t\n\t\t\t\t\n\t\t\t\t\n\t\t\t\t\n\t\t\t\t<div class=\"et_pb_text_inner\"><p><strong>1944<\/strong><br \/>Lausitzer Konservatorium, Direktor Eberhard Wenzel, Musikseminar und Jugendmusikabteilung<\/p>\n<p><strong>1945<\/strong><br \/>Schule geschlossen<\/p>\n<p><strong>1946<\/strong><br \/>Musikschule wieder er\u00f6ffnet (Februar 1946), Name: \u201eLausitzer Konservatorium und Musikseminar und Jugendmusikschule\u201c<\/p>\n<p><strong>1947-1948<\/strong><br \/>Evangelische Kirchenmusikschule von E. Wenzel gegr\u00fcndet, Unterricht auch im Fischmarkt 6<br \/>1950 Musikschule aufgel\u00f6st<\/p><\/div>\n\t\t\t<\/div>\n\t\t\t<\/div>\n\t\t\t\t\n\t\t\t\t\n\t\t\t\t\n\t\t\t\t\n\t\t\t<\/div><div class=\"et_d4_element et_pb_row et_pb_row_6  et_pb_css_mix_blend_mode et_block_row\">\n\t\t\t\t<div class=\"et_d4_element et_pb_column_4_4 et_pb_column et_pb_column_11  et_pb_css_mix_blend_mode et-last-child et_block_column\">\n\t\t\t\t\n\t\t\t\t\n\t\t\t\t\n\t\t\t\t\n\t\t\t\t<div class=\"et_pb_module et_d4_element et_pb_text et_pb_text_14  et_pb_text_align_left et_pb_bg_layout_light\">\n\t\t\t\t\n\t\t\t\t\n\t\t\t\t\n\t\t\t\t\n\t\t\t\t<div class=\"et_pb_text_inner\"><p>Fachgrundschule f\u00fcr Musik<\/p><\/div>\n\t\t\t<\/div>\n\t\t\t<\/div>\n\t\t\t\t\n\t\t\t\t\n\t\t\t\t\n\t\t\t\t\n\t\t\t<\/div><div class=\"et_d4_element et_pb_row et_pb_row_7  et_pb_css_mix_blend_mode et_block_row\">\n\t\t\t\t<div class=\"et_d4_element et_pb_column_1_3 et_pb_column et_pb_column_12  et_pb_css_mix_blend_mode et_block_column et_pb_column_empty\">\n\t\t\t\t\n\t\t\t\t\n\t\t\t\t\n\t\t\t\t\n\t\t\t\t\n\t\t\t<\/div><div class=\"et_d4_element et_pb_column_2_3 et_pb_column et_pb_column_13  et_pb_css_mix_blend_mode et-last-child et_block_column\">\n\t\t\t\t\n\t\t\t\t\n\t\t\t\t\n\t\t\t\t\n\t\t\t\t<div class=\"et_pb_module et_d4_element et_pb_text et_pb_text_15  et_pb_text_align_left et_pb_bg_layout_light\">\n\t\t\t\t\n\t\t\t\t\n\t\t\t\t\n\t\t\t\t\n\t\t\t\t<div class=\"et_pb_text_inner\"><p><strong>1950<\/strong><span> <\/span><br \/><span>Neugr\u00fcndung einer: \u201eFachgrundschule f\u00fcr Musik\u201c. Vorbereitende Einrichtung f\u00fcr Hochschule in Dresden (14-18-j\u00e4hrige) Musikschule Torgau dazu. Die Lehrer E. Wenzel und Frau Frenzel-Weiner entlassen, Direktor Steinhard aus Torgau danach Pfaender.<\/span><\/p><\/div>\n\t\t\t<\/div>\n\t\t\t<\/div>\n\t\t\t\t\n\t\t\t\t\n\t\t\t\t\n\t\t\t\t\n\t\t\t<\/div><div class=\"et_d4_element et_pb_row et_pb_row_8  et_pb_css_mix_blend_mode et_block_row\">\n\t\t\t\t<div class=\"et_d4_element et_pb_column_1_3 et_pb_column et_pb_column_14  et_pb_css_mix_blend_mode et_block_column\">\n\t\t\t\t\n\t\t\t\t\n\t\t\t\t\n\t\t\t\t\n\t\t\t\t<div class=\"et_pb_with_border et_pb_module et_d4_element et_pb_image et_pb_image_6\">\n\t\t\t\t\n\t\t\t\t\n\t\t\t\t\n\t\t\t\t\n\t\t\t\t<span class=\"et_pb_image_wrap\"><img loading=\"lazy\" decoding=\"async\" width=\"312\" height=\"400\" src=\"https:\/\/musikschule-goerlitz.de\/wp-content\/uploads\/2021\/08\/volksmusikschule.jpg\" alt=\"\"  srcset=\"https:\/\/musikschule-goerlitz.de\/wp-content\/uploads\/2021\/08\/volksmusikschule.jpg 312w, https:\/\/musikschule-goerlitz.de\/wp-content\/uploads\/2021\/08\/volksmusikschule-234x300.jpg 234w, https:\/\/musikschule-goerlitz.de\/wp-content\/uploads\/2021\/08\/volksmusikschule-9x12.jpg 9w\" sizes=\"(max-width: 312px) 100vw, 312px\" class=\"wp-image-1897\" \/><\/span>\n\t\t\t<\/div><div class=\"et_pb_module et_d4_element et_pb_text et_pb_text_16  et_pb_text_align_left et_pb_bg_layout_light\">\n\t\t\t\t\n\t\t\t\t\n\t\t\t\t\n\t\t\t\t\n\t\t\t\t<div class=\"et_pb_text_inner\"><p>Fotografie des Einganges zur Volksmusikschule Fischmarkt 6 , aufgenommen in den 1950er Jahren<\/p><\/div>\n\t\t\t<\/div>\n\t\t\t<\/div><div class=\"et_d4_element et_pb_column_2_3 et_pb_column et_pb_column_15  et_pb_css_mix_blend_mode et-last-child et_block_column\">\n\t\t\t\t\n\t\t\t\t\n\t\t\t\t\n\t\t\t\t\n\t\t\t\t<div class=\"et_pb_module et_d4_element et_pb_text et_pb_text_17  et_pb_text_align_left et_pb_bg_layout_light\">\n\t\t\t\t\n\t\t\t\t\n\t\t\t\t\n\t\t\t\t\n\t\t\t\t<div class=\"et_pb_text_inner\"><p>Volksmusikschule<\/p><\/div>\n\t\t\t<\/div><div class=\"et_pb_module et_d4_element et_pb_text et_pb_text_18  et_pb_text_align_left et_pb_bg_layout_light\">\n\t\t\t\t\n\t\t\t\t\n\t\t\t\t\n\t\t\t\t\n\t\t\t\t<div class=\"et_pb_text_inner\"><div class=\"siteobject-content htmlpicrows leftaligned\">\n<div class=\"htmlpicrowsright\">\n<p><strong>1951<\/strong><br \/>Soll die Jugendmusikschule wieder eingerichtet werden, der Versuch scheiterte aus Platzgr\u00fcnden, sie wird vom Fischmarkt an die 10. OS verlegt. Direktor dort: Baldowski - nach den Ferien keine Sch\u00fcler mehr.<br \/>Im Oktober wird Frau Frenzel-Weiner gebeten, die neue Musikschule in der 10. OS einzurichten. Die Schule befand sich dort bis 1958.<\/p>\n<p><strong>1951<\/strong><br \/>Neuwerbung von Sch\u00fclern. Am 20.11.1951 wurde die Schule wieder er\u00f6ffnet. 2 Lehrkr\u00e4fte, 100 Kinder, gro\u00dfe Gruppen (Marianne Pfeiffer und Frau Frenzel-Weiner), es gingen schon mehrere namhafte Musiker hervor, wie Ulf Dennert. Unterrichtsf\u00e4cher sind: Klavier, Violine, Blockfl\u00f6te, Musiklehre, Chor<\/p>\n<p><strong>1952<\/strong><br \/>weitere 50 Sch\u00fcler werden aufgenommen. Die Instrumentalf\u00e4cher Cello, Gitarre, Mandoline und Akkordeon werden gebildet. Lehrer: Runge (Gitarre und Mandoline), jedes Jahr neue Instrumentengruppen<br \/>1954: die Volksmusikschule G\u00f6rlitz ist Hauptstelle, in Zittau wird eine Au\u00dfenstelle gebildet, St\u00fctzpunkte in Reichenbach und Niesky kommen hinzu<\/p>\n<p><strong>1955<\/strong><br \/>3.2.1955 \u201eVerordnung \u00fcber die Volksmusikschulen\u201c - au\u00dfer Kindern werden jetzt auch Jugendliche und Erwachsene unterrichtet<\/p>\n<p><strong>1956<\/strong><br \/>400 Sch\u00fcler \/ 13 hauptamtliche Lehrkr\u00e4fte, MTS Rothenburg kommt hinzu<\/p>\n<p><strong>1957<\/strong><br \/>Streichorchester als bestes Streichorchester in Leipzig ausgezeichnet \u201eEine Delegierung nach Moskau ist wegen der Gr\u00f6\u00dfe des Klangk\u00f6rpers nicht m\u00f6glich.\u201c<\/p>\n<p><strong>1958<\/strong><br \/>Aufl\u00f6sung der Fachgrundschule am Fischmarkt 6<\/p>\n<\/div>\n<div><\/div>\n<\/div>\n<div class=\"siteobject-content htmlpicrows leftaligned\">\n<div class=\"htmlpicrowsleft\"><\/div>\n<div class=\"htmlpicrowsright\"><\/div>\n<\/div><\/div>\n\t\t\t<\/div><div class=\"et_pb_module et_d4_element et_pb_text et_pb_text_19  et_pb_text_align_left et_pb_bg_layout_light\">\n\t\t\t\t\n\t\t\t\t\n\t\t\t\t\n\t\t\t\t\n\t\t\t\t<div class=\"et_pb_text_inner\"><p><strong>1958<\/strong><br \/>Musikschule unter Leitung von Frau Frenzel\u2013Weiner, wieder am Fischmarkt 6 (von 1951-1958 in 10. OS.) Erweiterung durch Tanz, Schauspiel, Sprecher, Aufbau Jugendblasorchester wird begonnen<\/p>\n<p><strong>1959<\/strong><br \/>600 Sch\u00fcler \/ 16 hauptamtliche und 18 nebenamtliche Lehrkr\u00e4fte<\/p>\n<p><strong>1960<\/strong><br \/>Umstrukturierung in eine Musikschule, ohne die St\u00fctzpunkte Reichenbach und Rothenburg. Aufnahme von Blasunterricht, Blasorchester, wesentliche Erweiterung um 400 Sch\u00fcler. Orientierungsfahrt nach Polen(Krakau), Arbeit mit Vorschulkindern. G\u00f6rlitz erste Musikschule die mit Vorschulkindern arbeitet, Minister f\u00fcr Kultur hier, darauf Musikschultagung: Demonstration der Arbeit mit Vorschulkindern<\/p>\n<p><strong>1964<\/strong><br \/>Aufnahme von ersten Kontakten zu den Musikschulen Katowice und Zgorzelec<\/p>\n<p><strong>1969<\/strong><br \/>erstmals Staatstitel \u201eKollektiv der sozialistischen Arbeit\u201c<\/p>\n<p><strong>1973<\/strong><br \/>Gr\u00fcndung eines deutsch-polnischen Freundschaftsorchesters<\/p>\n<p><strong>1977<\/strong><br \/>Bildung der Abteilung Tanzmusik, Erweiterung der Angebote durch den Beginn der Vorschulerziehung. Vorbereitungslehrg\u00e4nge f\u00fcr den Dresdner Kreuzchor<\/p>\n<p><strong>1979<\/strong><br \/>Dachtraufe erneuert<\/p>\n<p><strong>1981<\/strong><br \/>Erdgeschoss zum Fischmarkt zu verputzt und gestrichen<br \/>1985 Verabschiedung der Direktorin Frau Studienr\u00e4tin Frenzel-Weiner in den Ruhestand<\/p>\n<p><strong>1985<\/strong><br \/>Nachfolgerin wird Heidemarie St\u00fcbner<\/p><\/div>\n\t\t\t<\/div>\n\t\t\t<\/div>\n\t\t\t\t\n\t\t\t\t\n\t\t\t\t\n\t\t\t\t\n\t\t\t<\/div>\n\t\t\t\t\n\t\t\t\t\n\t\t\t<\/div><div id=\"1984\" class=\"et_d4_element et_pb_section et_pb_section_4 et_pb_section_parallax et_pb_with_background  et_pb_css_mix_blend_mode et_section_regular et_block_section\" >\n\t\t\t\t\n\t\t\t\t<span class=\"et_parallax_bg_wrap et-pb-parallax-wrapper\"><span\n\t\t\t\t\t\tclass=\"et_parallax_bg et_pb_parallax_css et_parallax_bg--et_pb_section_4\"\n\t\t\t\t\t\tstyle=\"background-image: url(https:\/\/musikschule-goerlitz.de\/wp-content\/uploads\/2021\/08\/Dokument-Hintergrund.png);\"\n\t\t\t\t\t><\/span><\/span>\n\t\t\t\t\n\t\t\t\t\n\t\t\t\t\n\t\t\t\t\n\t\t\t\t<div id=\"1984\" class=\"et_d4_element et_pb_row et_pb_row_9  et_pb_css_mix_blend_mode et_block_row\">\n\t\t\t\t<div class=\"et_d4_element et_pb_column_1_3 et_pb_column et_pb_column_16  et_pb_css_mix_blend_mode et_block_column\">\n\t\t\t\t\n\t\t\t\t\n\t\t\t\t\n\t\t\t\t\n\t\t\t\t<div class=\"et_pb_module et_d4_element et_pb_text et_pb_text_20  et_pb_text_align_left et_pb_bg_layout_light\">\n\t\t\t\t\n\t\t\t\t\n\t\t\t\t\n\t\t\t\t\n\t\t\t\t<div class=\"et_pb_text_inner\"><p><strong>Kollegen mit wissenschaftlicher Qualifizierung, Diplom-P\u00e4dagogen:<\/strong><\/p>\n<p>&nbsp;<\/p>\n<ul>\n<li>Sonnhild Clajus (Gitarre)<\/li>\n<li>Christian Hanslik (Klavier)<\/li>\n<li>Ilse H\u00fcllweck (Akkordeon)<\/li>\n<li>Eveline Grundke (Klarinette)<\/li>\n<li>Heidrun Schentke (Violine)<\/li>\n<li>Christian Voigt (Klarinette)<\/li>\n<li>Kirsten Zenner (Kontraba\u00df)<\/li>\n<\/ul><\/div>\n\t\t\t<\/div>\n\t\t\t<\/div><div class=\"et_d4_element et_pb_column_1_3 et_pb_column et_pb_column_17  et_pb_css_mix_blend_mode et_block_column\">\n\t\t\t\t\n\t\t\t\t\n\t\t\t\t\n\t\t\t\t\n\t\t\t\t<div class=\"et_pb_module et_d4_element et_pb_circle_counter et_pb_circle_counter_0 container-width-change-notify  et_pb_text_align_center et_pb_bg_layout_light et_block_module et_pb_with_title\">\n\t\t\t\t<div class=\"et_pb_circle_counter_inner\" data-number-value=\"480\" data-bar-bg-color=\"#3e4c00\">\n\t\t\t\t\n\t\t\t\t\n\t\t\t\t\n\t\t\t\t\n\t\t\t\t\t<div class=\"percent\"><p><span class=\"percent-value\"><\/span><span class=\"percent-sign\"><\/span><\/p><\/div>\n\t\t\t\t\t<h3 class=\"et_pb_module_header\">Sch\u00fcler und Sch\u00fclerinnen<\/h3>\n\t\t\t\t<\/div>\n\t\t\t<\/div>\n\t\t\t<\/div><div class=\"et_d4_element et_pb_column_1_3 et_pb_column et_pb_column_18  et_pb_css_mix_blend_mode et-last-child et_block_column\">\n\t\t\t\t\n\t\t\t\t\n\t\t\t\t\n\t\t\t\t\n\t\t\t\t<div class=\"et_pb_module et_d4_element et_pb_text et_pb_text_21  et_pb_text_align_left et_pb_bg_layout_light\">\n\t\t\t\t\n\t\t\t\t\n\t\t\t\t\n\t\t\t\t\n\t\t\t\t<div class=\"et_pb_text_inner\"><p><strong>Namhafte Interpreten, die ihre Ausbildung in der Musikschule G\u00f6rlitz vor dem Hochschulstudium erhielten:<\/strong><\/p>\n<p><strong><\/strong><\/p>\n<p><strong><\/strong><\/p>\n<ul>\n<li>Peter Mirring \u2013 Konzertmeister Staatskapelle Dresden (1956-58)<\/li>\n<li>Eckart Haupt \u2013 Solofl\u00f6tist Staatskapelle Dresden (1954-62)<\/li>\n<li>Ulf D\u00e4unert \u2013 Vorspieler 1. Viol. Kom. Oper Berlin (1951-60)<\/li>\n<li>Eberhard Freiberger \u2013 Solobratschist Gewandhausorch. (1955-62)<\/li>\n<li>Michael Frenzel \u2013 2. Konzertmeister Staatskapelle Dresden (1956-67)<\/li>\n<li>Heinz-Dieter Richter \u2013 Vorspieler Staatskapelle Dresden (1958-67)<\/li>\n<\/ul><\/div>\n\t\t\t<\/div>\n\t\t\t<\/div>\n\t\t\t\t\n\t\t\t\t\n\t\t\t\t\n\t\t\t\t\n\t\t\t<\/div><div class=\"et_d4_element et_pb_row et_pb_row_10  et_pb_css_mix_blend_mode et_block_row\">\n\t\t\t\t<div class=\"et_d4_element et_pb_column_4_4 et_pb_column et_pb_column_19  et_pb_css_mix_blend_mode et-last-child et_block_column\">\n\t\t\t\t\n\t\t\t\t\n\t\t\t\t\n\t\t\t\t\n\t\t\t\t<div class=\"et_pb_module et_d4_element et_pb_text et_pb_text_22  et_pb_text_align_left et_pb_bg_layout_light\">\n\t\t\t\t\n\t\t\t\t\n\t\t\t\t\n\t\t\t\t\n\t\t\t\t<div class=\"et_pb_text_inner\"><p><strong>1984<\/strong><\/p><\/div>\n\t\t\t<\/div>\n\t\t\t<\/div>\n\t\t\t\t\n\t\t\t\t\n\t\t\t\t\n\t\t\t\t\n\t\t\t<\/div>\n\t\t\t\t\n\t\t\t\t\n\t\t\t<\/div><div id=\"Adam\" class=\"et_d4_element et_pb_section et_pb_section_5  et_pb_css_mix_blend_mode et_section_regular et_block_section\" >\n\t\t\t\t\n\t\t\t\t\n\t\t\t\t\n\t\t\t\t\n\t\t\t\t\n\t\t\t\t\n\t\t\t\t<div class=\"et_d4_element et_pb_row et_pb_row_11  et_pb_css_mix_blend_mode et_block_row\">\n\t\t\t\t<div class=\"et_d4_element et_pb_column_4_4 et_pb_column et_pb_column_20  et_pb_css_mix_blend_mode et-last-child et_block_column\">\n\t\t\t\t\n\t\t\t\t\n\t\t\t\t\n\t\t\t\t\n\t\t\t\t<div class=\"et_pb_module et_d4_element et_pb_text et_pb_text_23  et_pb_text_align_left et_pb_bg_layout_light\">\n\t\t\t\t\n\t\t\t\t\n\t\t\t\t\n\t\t\t\t\n\t\t\t\t<div class=\"et_pb_text_inner\"><p>Musikschule \"Johann Adam Hiller\" G\u00f6rlitz<\/p><\/div>\n\t\t\t<\/div>\n\t\t\t<\/div>\n\t\t\t\t\n\t\t\t\t\n\t\t\t\t\n\t\t\t\t\n\t\t\t<\/div><div class=\"et_d4_element et_pb_row et_pb_row_12  et_pb_css_mix_blend_mode et_block_row\">\n\t\t\t\t<div class=\"et_d4_element et_pb_column_3_5 et_pb_column et_pb_column_21  et_pb_css_mix_blend_mode et_block_column\">\n\t\t\t\t\n\t\t\t\t\n\t\t\t\t\n\t\t\t\t\n\t\t\t\t<div class=\"et_pb_module et_d4_element et_pb_text et_pb_text_24  et_pb_text_align_left et_pb_bg_layout_light\">\n\t\t\t\t\n\t\t\t\t\n\t\t\t\t\n\t\t\t\t\n\t\t\t\t<div class=\"et_pb_text_inner\"><div class=\"siteobject-content htmlpicrows leftaligned\">\n<div class=\"htmlpicrowsright\">\n<p><strong>1986<\/strong><br \/>Verleihung des Namen \u201cJohann Adam Hiller\u201c, anl\u00e4sslich des 35-j\u00e4hrigen Bestehens der Schule<br \/>Johann Adam Hiller: Er begann seine musikalische Laufbahn am Gymnasium in G\u00f6rlitz<\/p>\n<p>Hofmeister beim jungen Grafen Br\u00fchl in Dresden<br \/>Ersten Gewandhaus- Kapellmeister in Leipzig<br \/>Kantor der Thomasschule zum Musikdirektor der Thomaskirche Leipzig<\/p>\n<p><strong>1989<\/strong><br \/>Anschluss des Musikunterrichtskabinettes an die Musikschule<\/p>\n<p><strong>1990<\/strong><br \/>Gr\u00fcndung: \u201eFreundeskreis der Musikschule e. G.\u201c<\/p>\n<p><strong>1991<\/strong><br \/>Au\u00dfenstelle Zittau profiliert sich zu einer selbstst\u00e4ndigen Musikschule<\/p>\n<p><strong>1992<\/strong><br \/><span>Am 9.10.1992 wurde in der Musikschule \u201eJohann Adam Hiller\u201c G\u00f6rlitz das <b>Europera-Jugendorchester<\/b> gegr\u00fcndet. Neben dem Direktor der Musikschule, Matthias Kertzsch, und dem Leiter des Jugendsinfonieorchesters der Musikschule, Thomas Stapel, nahmen an der Gr\u00fcndungsveranstaltung vom Musiktheaters G\u00f6rlitz der Intendant, Prof. Wolf-Dieter<\/span><span>\u00a0<\/span><span>Ludwig, der Generalmusikdirektor, Reinhard Seehafer sowie Vertreter der Sing- und Musizierschule <\/span><span>\u201e<\/span><span>Schlesische Lausitz<\/span><span>\u201c<\/span><span> und der tschechischen Musikschule Liberec sowie der polnischen Musikschulen Zgorzelec und Jelenia G\u00f3ra teil.<\/span><\/p>\n<\/div>\n<\/div><\/div>\n\t\t\t<\/div><div class=\"et_pb_button_module_wrapper et_pb_button_0_wrapper  et_pb_module\">\n\t\t\t\t<a class=\"et_pb_button et_d4_element et_pb_button_0 et_pb_bg_layout_light et_block_module\" href=\"https:\/\/musikschule-goerlitz.de\/pl\/?p=6331&#038;preview=true\">mehr zum Europera-Jugendorchester<\/a>\n\t\t\t<\/div><div class=\"et_pb_module et_d4_element et_pb_text et_pb_text_25  et_pb_text_align_left et_pb_bg_layout_light\">\n\t\t\t\t\n\t\t\t\t\n\t\t\t\t\n\t\t\t\t\n\t\t\t\t<div class=\"et_pb_text_inner\"><div class=\"siteobject-content htmlpicrows leftaligned\">\n<div class=\"htmlpicrowsright\">\n<p><strong>1993<\/strong><br \/>Gr\u00fcndung der Tower Big Band- Leitung Fritz Golm<\/p>\n<p><strong>1996<\/strong><br \/>Holger Gruhne wird Direktor der Musikschule<br \/>Musikschule als kommunale Einrichtung geschlossen<\/p>\n<\/div>\n<div><\/div>\n<\/div>\n<div class=\"siteobject-content htmlpicrows leftaligned\">\n<div class=\"htmlpicrowsleft\"><\/div>\n<div class=\"htmlpicrowsright\"><\/div>\n<\/div><\/div>\n\t\t\t<\/div>\n\t\t\t<\/div><div class=\"et_d4_element et_pb_column_2_5 et_pb_column et_pb_column_22  et_pb_css_mix_blend_mode et-last-child et_block_column\">\n\t\t\t\t\n\t\t\t\t\n\t\t\t\t\n\t\t\t\t\n\t\t\t\t<div class=\"et_pb_module et_d4_element et_pb_image et_pb_image_7\">\n\t\t\t\t\n\t\t\t\t\n\t\t\t\t\n\t\t\t\t\n\t\t\t\t<span class=\"et_pb_image_wrap\"><img loading=\"lazy\" decoding=\"async\" width=\"460\" height=\"503\" src=\"https:\/\/musikschule-goerlitz.de\/wp-content\/uploads\/2021\/08\/hillerjohannadam03_460.jpg\" alt=\"\"  srcset=\"https:\/\/musikschule-goerlitz.de\/wp-content\/uploads\/2021\/08\/hillerjohannadam03_460.jpg 460w, https:\/\/musikschule-goerlitz.de\/wp-content\/uploads\/2021\/08\/hillerjohannadam03_460-274x300.jpg 274w, https:\/\/musikschule-goerlitz.de\/wp-content\/uploads\/2021\/08\/hillerjohannadam03_460-11x12.jpg 11w\" sizes=\"(max-width: 460px) 100vw, 460px\" class=\"wp-image-1907\" \/><\/span>\n\t\t\t<\/div><div class=\"et_pb_module et_d4_element et_pb_text et_pb_text_26  et_pb_text_align_left et_pb_bg_layout_light\">\n\t\t\t\t\n\t\t\t\t\n\t\t\t\t\n\t\t\t\t\n\t\t\t\t<div class=\"et_pb_text_inner\"><p><span>Johann Adam Hiller begann seine musikalische Laufbahn am Gymnasium in G\u00f6rlitz.<\/span><\/p><\/div>\n\t\t\t<\/div><div class=\"et_pb_with_border et_pb_module et_d4_element et_pb_image et_pb_image_8\">\n\t\t\t\t\n\t\t\t\t\n\t\t\t\t\n\t\t\t\t\n\t\t\t\t<span class=\"et_pb_image_wrap\"><img loading=\"lazy\" decoding=\"async\" width=\"2280\" height=\"1113\" src=\"https:\/\/musikschule-goerlitz.de\/wp-content\/uploads\/2023\/12\/europera_logo_.jpg\" alt=\"\"  srcset=\"https:\/\/musikschule-goerlitz.de\/wp-content\/uploads\/2023\/12\/europera_logo_.jpg 2280w, https:\/\/musikschule-goerlitz.de\/wp-content\/uploads\/2023\/12\/europera_logo_-1280x625.jpg 1280w, https:\/\/musikschule-goerlitz.de\/wp-content\/uploads\/2023\/12\/europera_logo_-980x478.jpg 980w, https:\/\/musikschule-goerlitz.de\/wp-content\/uploads\/2023\/12\/europera_logo_-480x234.jpg 480w\" sizes=\"(min-width: 0px) and (max-width: 480px) 480px, (min-width: 481px) and (max-width: 980px) 980px, (min-width: 981px) and (max-width: 1280px) 1280px, (min-width: 1281px) 2280px, 100vw\" class=\"wp-image-6305\" \/><\/span>\n\t\t\t<\/div>\n\t\t\t<\/div>\n\t\t\t\t\n\t\t\t\t\n\t\t\t\t\n\t\t\t\t\n\t\t\t<\/div>\n\t\t\t\t\n\t\t\t\t\n\t\t\t<\/div><div class=\"et_d4_element et_pb_section et_pb_section_6  et_pb_css_mix_blend_mode et_section_regular et_block_section\" >\n\t\t\t\t\n\t\t\t\t\n\t\t\t\t\n\t\t\t\t\n\t\t\t\t\n\t\t\t\t\n\t\t\t\t<div class=\"et_d4_element et_pb_row et_pb_row_13  et_pb_css_mix_blend_mode et_block_row\">\n\t\t\t\t<div class=\"et_d4_element et_pb_column_4_4 et_pb_column et_pb_column_23  et_pb_css_mix_blend_mode et-last-child et_block_column\">\n\t\t\t\t\n\t\t\t\t\n\t\t\t\t\n\t\t\t\t\n\t\t\t\t<div class=\"et_pb_module et_d4_element et_pb_text et_pb_text_27  et_pb_text_align_left et_pb_bg_layout_light\">\n\t\t\t\t\n\t\t\t\t\n\t\t\t\t\n\t\t\t\t\n\t\t\t\t<div class=\"et_pb_text_inner\"><p>Musikschule \"Johann Adam Hiller\" G\u00f6rlitz - ein e.V.<\/p><\/div>\n\t\t\t<\/div>\n\t\t\t<\/div>\n\t\t\t\t\n\t\t\t\t\n\t\t\t\t\n\t\t\t\t\n\t\t\t<\/div><div class=\"et_d4_element et_pb_row et_pb_row_14  et_pb_css_mix_blend_mode et_block_row\">\n\t\t\t\t<div class=\"et_d4_element et_pb_column_3_5 et_pb_column et_pb_column_24  et_pb_css_mix_blend_mode et_block_column\">\n\t\t\t\t\n\t\t\t\t\n\t\t\t\t\n\t\t\t\t\n\t\t\t\t<div class=\"et_pb_module et_d4_element et_pb_text et_pb_text_28  et_pb_text_align_left et_pb_bg_layout_light\">\n\t\t\t\t\n\t\t\t\t\n\t\t\t\t\n\t\t\t\t\n\t\t\t\t<div class=\"et_pb_text_inner\"><div class=\"siteobject-content htmlpicrows leftaligned\">\n<div class=\"htmlpicrowsright\">\n<p><strong>-1997<\/strong> <br \/>der Musikschulverein \u00fcbernimmt die Tr\u00e4gerschaft, die Musikschule \u2013 ein e. V.<\/p>\n<p><strong>2000<\/strong> <br \/>erstes Podium der Jazz-Rock-Pop-Abteilung<\/p>\n<p><strong>2000<\/strong> <br \/>Holger Gruhne bei Bus-Ungl\u00fcck ums Leben gekommen<\/p>\n<p><strong>2000<\/strong> <br \/>Kati Kasper wird neue Musikschuldirektorin. Das Jugendblasorchester geht in die Tr\u00e4gerschaft des Musikschulvereins \u00fcber<\/p>\n<\/div>\n<\/div><\/div>\n\t\t\t<\/div>\n\t\t\t<\/div><div class=\"et_d4_element et_pb_column_2_5 et_pb_column et_pb_column_25  et_pb_css_mix_blend_mode et-last-child et_block_column et_pb_column_empty\">\n\t\t\t\t\n\t\t\t\t\n\t\t\t\t\n\t\t\t\t\n\t\t\t\t\n\t\t\t<\/div>\n\t\t\t\t\n\t\t\t\t\n\t\t\t\t\n\t\t\t\t\n\t\t\t<\/div>\n\t\t\t\t\n\t\t\t\t\n\t\t\t<\/div><div id=\"2000\" class=\"et_d4_element et_pb_section et_pb_section_7  et_pb_css_mix_blend_mode et_section_regular et_block_section\" >\n\t\t\t\t\n\t\t\t\t\n\t\t\t\t\n\t\t\t\t\n\t\t\t\t\n\t\t\t\t\n\t\t\t\t<div class=\"et_d4_element et_pb_row et_pb_row_15  et_pb_css_mix_blend_mode et_block_row\">\n\t\t\t\t<div class=\"et_d4_element et_pb_column_3_5 et_pb_column et_pb_column_26  et_pb_css_mix_blend_mode et_block_column\">\n\t\t\t\t\n\t\t\t\t\n\t\t\t\t\n\t\t\t\t\n\t\t\t\t<div class=\"et_pb_module et_d4_element et_pb_text et_pb_text_29  et_pb_text_align_left et_pb_bg_layout_light\">\n\t\t\t\t\n\t\t\t\t\n\t\t\t\t\n\t\t\t\t\n\t\t\t\t<div class=\"et_pb_text_inner\"><div class=\"siteobject-content htmlpicrows leftaligned\">\n<div class=\"htmlpicrowsright\">\n<p><strong>2001<\/strong><br \/>Renovation des gesamten Schulgeb\u00e4udes, Entstehung eines neuen Kammermusiksaals. Festwoche zum \u201e50\u201c-j\u00e4hrigen Bestehen<\/p>\n<p><strong>2002<\/strong><br \/>Erster internationaler Klavierwettbewerb G\u00f6rlitz \/ Zgorzelec<\/p>\n<p><strong>2006<\/strong><br \/>Erstes G\u00f6rlitzer Blasmusikfest mit internationaler Beteiligung<\/p>\n<p><strong>2008<\/strong><br \/>40 Jahre Jugendblasorchester G\u00f6rlitz und zweites G\u00f6rlitzer Blasmusikfest mit internationaler Beteiligung<\/p>\n<p><strong>2008<\/strong><br \/>Robert Koegler wird neuer Musikschuldirektor<\/p>\n<p><strong>2009<\/strong><br \/>Brandschutzma\u00dfnahmen im Geb\u00e4ude Fischmarkt 6. Das hintere Treppenhaus wird komplett abgetragen und wieder neu aufgebaut, die Schule bekommt viele Glast\u00fcren und eine BMZ mit Aufschaltung zur Feuerwehr<\/p>\n<p><strong>2010<\/strong><br \/>die Musikschule hat 1000 Sch\u00fcler<\/p>\n<p><strong>2011<\/strong><br \/>Musikschule bekommt Ehrentitel der Europastadt f\u00fcr die aus Noten und T\u00f6nen gebaute Br\u00fccke \u00fcber die Nei\u00dfe<\/p>\n<p><strong>2012<\/strong><\/p>\n<p>Historische Recherchen ergeben, dass die St\u00e4dtische Musikschule G\u00f6rlitz bereits 1939 er\u00f6ffnet wurde (Erster Direktor: Helmut Klix).<span class=\"Apple-converted-space\">\u00a0<\/span><\/p>\n<p>Das Jugendblasorchester der Musikschule bezieht das \u201eWerk 1\u201c<span class=\"Apple-converted-space\">\u00a0<\/span>des ehemaligen Waggonbau G\u00f6rlitz und mit dem historischen \u201eDirektorenzimmer\u201c einen neuen Probensaal.<\/p>\n<p><strong>2017<\/strong><\/p>\n<p>Stefan Meier wird Leiter des k\u00fcnstlerischen Bereiches der Musikschule, der kaufm\u00e4nnisch-gesch\u00e4ftsf\u00fchrende Bereich wird Cornelia Siegmund \u00fcbertragen.<\/p>\n<p><span class=\"Apple-converted-space\">\u00a0<\/span><strong>2018<\/strong><\/p>\n<p>Nach dem Ausscheiden von Stefan Meier wird bis zur Findung eines neuen Musikschulleiters \u00fcbergangsweise ein Leitungsteam f\u00fcr den k\u00fcnstlerisch-p\u00e4dagogischen Bereich gebildet: Christian Voigt, Robert Kretschmer, Karsten Wiesner.<\/p>\n<p>Das Jugendblasorchester G\u00f6rlitz feiert sein 50j\u00e4hriges Bestehen.<\/p>\n<p><strong>2019<\/strong><\/p>\n<p>Thomas Stapel, als Kind Sch\u00fcler und ehemals Lehrer der Musikschule G\u00f6rlitz,<span class=\"Apple-converted-space\"> <\/span>wird Leiter der Musikschule.<\/p>\n<p>Die Musikschule feiert ihr 80j\u00e4hriges Bestehen. <span class=\"Apple-converted-space\">\u00a0<\/span><\/p>\n<p><strong>2020-21<\/strong><\/p>\n<p>Die weltweite Corona-Pandemie \u00fcberschattet auch die Arbeit der Musikschule G\u00f6rlitz.<span class=\"Apple-converted-space\">\u00a0<\/span><\/p>\n<\/div>\n<\/div><\/div>\n\t\t\t<\/div>\n\t\t\t<\/div><div class=\"et_d4_element et_pb_column_2_5 et_pb_column et_pb_column_27  et_pb_css_mix_blend_mode et-last-child et_block_column\">\n\t\t\t\t\n\t\t\t\t\n\t\t\t\t\n\t\t\t\t\n\t\t\t\t<div class=\"et_pb_with_border et_pb_module et_d4_element et_pb_image et_pb_image_9\">\n\t\t\t\t\n\t\t\t\t\n\t\t\t\t\n\t\t\t\t\n\t\t\t\t<span class=\"et_pb_image_wrap\"><img decoding=\"async\" src=\"https:\/\/musikschule-goerlitz.de\/wp-content\/uploads\/2021\/08\/Werk1-JBO-Niederschlesischer-Kurier-pdf.jpg\" alt=\"\"  \/><\/span>\n\t\t\t<\/div><div class=\"et_pb_module et_d4_element et_pb_text et_pb_text_30  et_pb_text_align_left et_pb_bg_layout_light\">\n\t\t\t\t\n\t\t\t\t\n\t\t\t\t\n\t\t\t\t\n\t\t\t\t<div class=\"et_pb_text_inner\"><p>2012 zieht das Jugendblasorchester um<\/p><\/div>\n\t\t\t<\/div>\n\t\t\t<\/div>\n\t\t\t\t\n\t\t\t\t\n\t\t\t\t\n\t\t\t\t\n\t\t\t<\/div>\n\t\t\t\t\n\t\t\t\t\n\t\t\t<\/div><div id=\"1984\" class=\"et_d4_element et_pb_section et_pb_section_8 et_pb_section_parallax et_pb_with_background  et_pb_css_mix_blend_mode et_section_regular et_block_section\" >\n\t\t\t\t\n\t\t\t\t<span class=\"et_parallax_bg_wrap et-pb-parallax-wrapper\"><span\n\t\t\t\t\t\tclass=\"et_parallax_bg et_pb_parallax_css et_parallax_bg--et_pb_section_8\"\n\t\t\t\t\t\tstyle=\"background-image: url(https:\/\/musikschule-goerlitz.de\/wp-content\/uploads\/2021\/08\/Dokument-Hintergrund.png);\"\n\t\t\t\t\t><\/span><\/span>\n\t\t\t\t\n\t\t\t\t\n\t\t\t\t\n\t\t\t\t\n\t\t\t\t<div class=\"et_d4_element et_pb_row et_pb_row_16  et_pb_css_mix_blend_mode et_block_row\">\n\t\t\t\t<div class=\"et_d4_element et_pb_column_1_3 et_pb_column et_pb_column_28  et_pb_css_mix_blend_mode et_block_column\">\n\t\t\t\t\n\t\t\t\t\n\t\t\t\t\n\t\t\t\t\n\t\t\t\t<div class=\"et_pb_module et_d4_element et_pb_number_counter et_pb_number_counter_0  et_pb_text_align_center et_pb_bg_layout_light et_pb_with_title\" data-number-value=\"33\" data-number-separator=\"\">\n\t\t\t\t\n\t\t\t\t\n\t\t\t\t\n\t\t\t\t\n\t\t\t\t<div class=\"percent\" ><p><span class=\"percent-value\"><\/span><span class=\"percent-sign\"><\/span><\/p><\/div>\n\t\t\t\t<h3 class=\"title\">Instrumental- &amp; Vokalf\u00e4cher<\/h3>\n\t\t\t<\/div>\n\t\t\t<\/div><div class=\"et_d4_element et_pb_column_1_3 et_pb_column et_pb_column_29  et_pb_css_mix_blend_mode et_block_column\">\n\t\t\t\t\n\t\t\t\t\n\t\t\t\t\n\t\t\t\t\n\t\t\t\t<div class=\"et_pb_module et_d4_element et_pb_circle_counter et_pb_circle_counter_1 container-width-change-notify  et_pb_text_align_center et_pb_bg_layout_light et_block_module et_pb_with_title\">\n\t\t\t\t<div class=\"et_pb_circle_counter_inner\" data-number-value=\"1410\" data-bar-bg-color=\"#3e4c00\">\n\t\t\t\t\n\t\t\t\t\n\t\t\t\t\n\t\t\t\t\n\t\t\t\t\t<div class=\"percent\"><p><span class=\"percent-value\"><\/span><span class=\"percent-sign\"><\/span><\/p><\/div>\n\t\t\t\t\t<h3 class=\"et_pb_module_header\">Sch\u00fcler und Sch\u00fclerinnen<\/h3>\n\t\t\t\t<\/div>\n\t\t\t<\/div>\n\t\t\t<\/div><div class=\"et_d4_element et_pb_column_1_3 et_pb_column et_pb_column_30  et_pb_css_mix_blend_mode et-last-child et_block_column\">\n\t\t\t\t\n\t\t\t\t\n\t\t\t\t\n\t\t\t\t\n\t\t\t\t<div class=\"et_pb_module et_d4_element et_pb_number_counter et_pb_number_counter_1  et_pb_text_align_center et_pb_bg_layout_light et_pb_with_title\" data-number-value=\"60\" data-number-separator=\"\">\n\t\t\t\t\n\t\t\t\t\n\t\t\t\t\n\t\t\t\t\n\t\t\t\t<div class=\"percent\" ><p><span class=\"percent-value\"><\/span><span class=\"percent-sign\"><\/span><\/p><\/div>\n\t\t\t\t<h3 class=\"title\">P\u00e4dagogen<\/h3>\n\t\t\t<\/div>\n\t\t\t<\/div>\n\t\t\t\t\n\t\t\t\t\n\t\t\t\t\n\t\t\t\t\n\t\t\t<\/div><div class=\"et_d4_element et_pb_row et_pb_row_17  et_pb_css_mix_blend_mode et_block_row\">\n\t\t\t\t<div class=\"et_d4_element et_pb_column_4_4 et_pb_column et_pb_column_31  et_pb_css_mix_blend_mode et-last-child et_block_column\">\n\t\t\t\t\n\t\t\t\t\n\t\t\t\t\n\t\t\t\t\n\t\t\t\t<div class=\"et_pb_module et_d4_element et_pb_text et_pb_text_31  et_pb_text_align_left et_pb_bg_layout_light\">\n\t\t\t\t\n\t\t\t\t\n\t\t\t\t\n\t\t\t\t\n\t\t\t\t<div class=\"et_pb_text_inner\"><p><strong>2020<\/strong><\/p><\/div>\n\t\t\t<\/div>\n\t\t\t<\/div>\n\t\t\t\t\n\t\t\t\t\n\t\t\t\t\n\t\t\t\t\n\t\t\t<\/div>\n\t\t\t\t\n\t\t\t\t\n\t\t\t<\/div><div class=\"et_d4_element et_pb_section et_pb_section_9  et_pb_css_mix_blend_mode et_section_regular et_block_section\" >\n\t\t\t\t\n\t\t\t\t\n\t\t\t\t\n\t\t\t\t\n\t\t\t\t\n\t\t\t\t\n\t\t\t\t\n\t\t\t\t\n\t\t\t\t\n\t\t\t<\/div><\/p>","protected":false},"excerpt":{"rendered":"","protected":false},"author":2,"featured_media":0,"parent":0,"menu_order":0,"comment_status":"closed","ping_status":"closed","template":"","meta":{"_monsterinsights_skip_tracking":false,"_monsterinsights_sitenote_active":false,"_monsterinsights_sitenote_note":"","_monsterinsights_sitenote_category":0,"_et_pb_use_builder":"on","_et_pb_old_content":"<!-- wp:divi\/placeholder \/-->","_et_gb_content_width":"","footnotes":""},"class_list":["post-159","page","type-page","status-publish","hentry"],"_links":{"self":[{"href":"https:\/\/musikschule-goerlitz.de\/pl\/wp-json\/wp\/v2\/pages\/159","targetHints":{"allow":["GET"]}}],"collection":[{"href":"https:\/\/musikschule-goerlitz.de\/pl\/wp-json\/wp\/v2\/pages"}],"about":[{"href":"https:\/\/musikschule-goerlitz.de\/pl\/wp-json\/wp\/v2\/types\/page"}],"author":[{"embeddable":true,"href":"https:\/\/musikschule-goerlitz.de\/pl\/wp-json\/wp\/v2\/users\/2"}],"replies":[{"embeddable":true,"href":"https:\/\/musikschule-goerlitz.de\/pl\/wp-json\/wp\/v2\/comments?post=159"}],"version-history":[{"count":9,"href":"https:\/\/musikschule-goerlitz.de\/pl\/wp-json\/wp\/v2\/pages\/159\/revisions"}],"predecessor-version":[{"id":6332,"href":"https:\/\/musikschule-goerlitz.de\/pl\/wp-json\/wp\/v2\/pages\/159\/revisions\/6332"}],"wp:attachment":[{"href":"https:\/\/musikschule-goerlitz.de\/pl\/wp-json\/wp\/v2\/media?parent=159"}],"curies":[{"name":"wp","href":"https:\/\/api.w.org\/{rel}","templated":true}]}}