{"id":137,"date":"2021-04-26T17:49:22","date_gmt":"2021-04-26T17:49:22","guid":{"rendered":"https:\/\/musikschule.alles-eitel.de\/?page_id=137"},"modified":"2026-04-13T11:52:41","modified_gmt":"2026-04-13T09:52:41","slug":"startseite","status":"publish","type":"page","link":"https:\/\/musikschule-goerlitz.de\/pl\/","title":{"rendered":"Startseite"},"content":{"rendered":"<div class=\"et_pb_section_0 et_pb_section et_pb_fullwidth_section et_section_regular et_block_section\">\n<div class=\"et_pb_fullwidth_slider_0 et_pb_slider et_pb_slider_no_pagination et_clickable et_pb_module\"><div class=\"et_pb_slides\">\n<div class=\"et_pb_slide_0 et_pb_slide et_pb_slider_with_overlay et_pb_media_alignment_center et_pb_bg_layout_dark et_pb_text_align_center et_clickable\" data-slide-id=\"divi\/slide-0\"><div class=\"et_pb_slide_overlay_container\"><\/div><div class=\"et_pb_container\"><div class=\"et_pb_slider_container_inner\"><div class=\"et_pb_slide_description\"><h2 class=\"et_pb_slide_title\">Gemeinsames Musizieren<\/h2><div class=\"et_pb_slide_content\"><p>Werde Teil in einem unserer Ensembles, Orchester oder Bands.<\/p>\n<\/div><\/div><\/div><\/div><\/div>\n\n<div class=\"et_pb_slide_1 et_pb_slide et_pb_slider_with_overlay et_pb_media_alignment_center et_pb_bg_layout_dark et_pb_text_align_center\" data-slide-id=\"divi\/slide-1\"><div class=\"et_pb_slide_overlay_container\"><\/div><div class=\"et_pb_container\"><div class=\"et_pb_slider_container_inner\"><div class=\"et_pb_slide_description\"><h2 class=\"et_pb_slide_title\"><a href=\"https:\/\/musikschule-goerlitz.de\/wp-content\/uploads\/2021\/08\/Schueleranmeldung_ab_April_2020_aktuell.pdf\" target=\"\" class=\"et_pb_slide_title_link\">Jetzt Anmelden<\/a><\/h2><div class=\"et_pb_slide_content\"><p><span>Wir bieten f\u00fcr jede Altersgruppe instrumentalen und vokalen Einzel- und Gruppenunterricht sowie zahlreiche Kurse an.<\/span><\/p>\n<\/div><div class=\"et_pb_button_wrapper\"><a class=\"et_pb_button et_pb_more_button\" href=\"https:\/\/musikschule-goerlitz.de\/wp-content\/uploads\/2021\/08\/Schueleranmeldung_ab_April_2020_aktuell.pdf\">Zur Anmeldung<\/a><\/div><\/div><\/div><\/div><\/div>\n\n<div class=\"et_pb_slide_2 et_pb_slide et_pb_slider_with_overlay et_pb_media_alignment_center et_pb_bg_layout_dark et_pb_text_align_center et_clickable\" data-slide-id=\"divi\/slide-2\"><div class=\"et_pb_slide_overlay_container\"><\/div><div class=\"et_pb_container\"><div class=\"et_pb_slider_container_inner\"><div class=\"et_pb_slide_description\"><h2 class=\"et_pb_slide_title\">Finde Dein Instrument<\/h2><div class=\"et_pb_slide_content\"><p>W\u00e4hle aus unserem vielf\u00e4ltigen Angebot an Instrumental- &amp; Vokalf\u00e4chern<\/p>\n<\/div><\/div><\/div><\/div><\/div>\n\n<div class=\"et_pb_slide_3 et_pb_slide et_pb_slide_with_image et_pb_slider_with_overlay et_pb_media_alignment_center et_pb_bg_layout_dark et_pb_text_align_center\" data-slide-id=\"divi\/slide-3\"><div class=\"et_pb_slide_overlay_container\"><\/div><div class=\"et_pb_container\"><div class=\"et_pb_slider_container_inner\"><div class=\"et_pb_slide_image\"><img loading=\"lazy\" decoding=\"async\" src=\"https:\/\/musikschule-goerlitz.de\/wp-content\/uploads\/2023\/12\/StimmeAn_Logo_RGB.jpg\" width=\"960\" height=\"560\" srcset=\"https:\/\/musikschule-goerlitz.de\/wp-content\/uploads\/2023\/12\/StimmeAn_Logo_RGB.jpg 960w, https:\/\/musikschule-goerlitz.de\/wp-content\/uploads\/2023\/12\/StimmeAn_Logo_RGB-480x280.jpg 480w\" sizes=\"(min-width: 0px) and (max-width: 480px) 480px, (min-width: 481px) 960px, 100vw\" class=\"wp-image-6238\" \/><\/div><div class=\"et_pb_slide_description\"><h2 class=\"et_pb_slide_title\"><a href=\"https:\/\/www.lvdm-sachsen.de\/stimme-an.html\" target=\"\" class=\"et_pb_slide_title_link\">LANDESWEITES KINDER-SING-PROJEKT<\/a><\/h2><div class=\"et_pb_slide_content\"><p><span>\u00a0Stimme: an! \u2013 das landesweite &#8222;KinderSingProjekt&#8220; ist offiziell gestartet! Insgesamt nehmen mehr als 1.500 Kinder und Jugendliche an dem Projekt teil.\u00a0<\/span><\/p>\n<\/div><div class=\"et_pb_button_wrapper\"><a class=\"et_pb_button et_pb_more_button\" href=\"https:\/\/www.lvdm-sachsen.de\/stimme-an.html\">Wir sind dabei!<\/a><\/div><\/div><\/div><\/div><\/div>\n\n<div class=\"et_pb_slide_4 et_pb_slide et_pb_slider_with_overlay et_pb_media_alignment_center et_pb_bg_layout_dark et_pb_text_align_center et_clickable\" data-slide-id=\"divi\/slide-4\"><div class=\"et_pb_slide_overlay_container\"><\/div><div class=\"et_pb_container\"><div class=\"et_pb_slider_container_inner\"><div class=\"et_pb_slide_description\"><h2 class=\"et_pb_slide_title\"><a href=\"https:\/\/musikschule-goerlitz.de\/#link-news\" target=\"\" class=\"et_pb_slide_title_link\">Aktuelles<\/a><\/h2><div class=\"et_pb_slide_content\"><p>Hier findest du Neuigkeiten aus dem Schulleben, Infos zum Unterricht und noch viel mehr &#8230;<\/p>\n<\/div><\/div><\/div><\/div><\/div>\n<\/div><\/div>\n\n<section class=\"et_pb_fullwidth_header_0 et_pb_fullwidth_header et_pb_bg_layout_dark et_pb_text_align_center et_pb_module et_flex_module\"><div class=\"et_pb_fullwidth_header_container center\"><div class=\"header-content-container center\"><div class=\"header-content et_flex_module\"><img loading=\"lazy\" decoding=\"async\" src=\"https:\/\/musikschule-goerlitz.de\/wp-content\/uploads\/2021\/09\/logo_musikschule_white.png\" width=\"1879\" height=\"563\" srcset=\"https:\/\/musikschule-goerlitz.de\/wp-content\/uploads\/2021\/09\/logo_musikschule_white.png 1879w, https:\/\/musikschule-goerlitz.de\/wp-content\/uploads\/2021\/09\/logo_musikschule_white-1280x384.png 1280w, https:\/\/musikschule-goerlitz.de\/wp-content\/uploads\/2021\/09\/logo_musikschule_white-980x294.png 980w, https:\/\/musikschule-goerlitz.de\/wp-content\/uploads\/2021\/09\/logo_musikschule_white-480x144.png 480w\" sizes=\"(min-width: 0px) and (max-width: 480px) 480px, (min-width: 481px) and (max-width: 980px) 980px, (min-width: 981px) and (max-width: 1280px) 1280px, (min-width: 1281px) 1879px, 100vw\" class=\"header-logo wp-image-2502\"  \/><div class=\"et_pb_header_button_wrapper\"><\/div><\/div><\/div><\/div><div class=\"et_pb_fullwidth_header_overlay\"><\/div><div class=\"et_pb_fullwidth_header_scroll\"><\/div><\/section>\n\n<section class=\"et_pb_fullwidth_header_1 et_pb_fullwidth_header et_pb_bg_layout_dark et_pb_text_align_left et_pb_module et_flex_module\"><div class=\"et_pb_fullwidth_header_container left\"><div class=\"header-content-container center\"><div class=\"header-content et_flex_module\"><div class=\"et_pb_header_button_wrapper\"><\/div><\/div><\/div><\/div><div class=\"et_pb_fullwidth_header_overlay\"><\/div><div class=\"et_pb_fullwidth_header_scroll\"><a class=\"scroll-down-container scroll-down-container-tablet scroll-down-container-phone\" href=\"#\"><span class=\"scroll-down et-pb-icon\">;<\/span><span class=\"scroll-down-tablet et-pb-icon\"><\/span><span class=\"scroll-down-phone et-pb-icon\"><\/span><\/a><\/div><\/section>\n<\/div>\n\n<div class=\"et_pb_section_1 et_pb_section et_section_regular et_block_section et_animated\">\n<div class=\"et_pb_row_0 et_pb_row et_block_row\" id=\"Angebote\"><span class=\"et-pb-parallax-wrapper\"><span class=\"et-pb-parallax-background et-pb-parallax-background--css et-pb-parallax-background-module--divi-row-0\" style=\"\"><\/span><\/span>\n<div class=\"et_pb_column_0 et_pb_column et_pb_column_4_4 et-last-child et_block_column et_pb_css_mix_blend_mode_passthrough\">\n<div class=\"et_pb_text_0 et_pb_text et_pb_bg_layout_light et_pb_module et_block_module preset--module--divi-text--default\"><div class=\"et_pb_text_inner\"><p>Entdecke alle Unterrichtsangebote<\/p>\n<\/div><\/div>\n<\/div>\n<\/div>\n\n<div class=\"et_pb_row_1 et_pb_row et_block_row\">\n<div class=\"et_pb_column_1 et_pb_column et_pb_column_1_2 et_block_column et_pb_column_empty et_pb_css_mix_blend_mode_passthrough\"><\/div>\n\n<div class=\"et_pb_column_2 et_pb_column et_pb_column_1_2 et-last-child et_block_column et_pb_css_mix_blend_mode_passthrough\">\n<div class=\"et_pb_text_1 et_pb_text et_pb_bg_layout_light et_pb_module et_block_module preset--module--divi-text--default\"><div class=\"et_pb_text_inner\"><p>Instrumental- und Vokalunterricht<\/p>\n<\/div><\/div>\n\n<div class=\"et_pb_text_2 et_pb_text et_pb_bg_layout_light et_pb_module et_block_module preset--module--divi-text--default\"><div class=\"et_pb_text_inner\"><p style=\"text-align: justify;\">Wir bieten f\u00fcr jede Altersgruppe instrumentalen und vokalen Einzel- und Gruppenunterricht an.<\/p>\n<p style=\"text-align: justify;\">Das Mindestalter f\u00fcr den\u00a0Beginn des Instrumentalunterricht betr\u00e4gt 5-7 Jahre.<\/p>\n<\/div><\/div>\n\n\n\n\n\n\n\n\n\n\n\n\n\n<div class=\"et_pb_text_3 et_pb_text et_pb_bg_layout_light et_pb_module et_block_module preset--module--divi-text--default\"><div class=\"et_pb_text_inner\"><p>Anfangsunterricht<\/p>\n<\/div><\/div>\n\n<div class=\"et_pb_text_4 et_pb_text et_pb_bg_layout_light et_pb_module et_block_module preset--module--divi-text--default\"><div class=\"et_pb_text_inner\"><p><span>Kinder im Alter von 1-3 Jahren k\u00f6nnen in Begleitung eines Erwachsenen den\u00a0Musikgarten besuchen.<\/span><\/p>\n<p><span>F\u00fcr Kinder im Kindergartenalter bieten wir die Musikalische Fr\u00fcherziehung an.<\/span><\/p>\n<\/div><\/div>\n\n\n\n\n\n\n\n\n\n\n\n\n\n<div class=\"et_pb_text_5 et_pb_text et_pb_bg_layout_light et_pb_module et_block_module preset--module--divi-text--default\"><div class=\"et_pb_text_inner\"><p>Ensembles<\/p>\n<\/div><\/div>\n\n<div class=\"et_pb_text_6 et_pb_text et_pb_bg_layout_light et_pb_module et_block_module preset--module--divi-text--default\"><div class=\"et_pb_text_inner\"><p>Finde Anschluss in einem unserer Ensembles. F\u00fcr jedes Instrument und jeden Musikstil findest du hier Gleichgesinnte.<\/p>\n<\/div><\/div>\n\n\n\n\n\n\n\n\n\n\n\n\n<\/div>\n<\/div>\n<\/div>\n\n<div class=\"et_pb_section_2 et_pb_section et_section_regular et_block_section et_animated\" id=\"link-news\">\n<div class=\"et_pb_row_2 et_pb_row et_block_row\"><span class=\"et-pb-parallax-wrapper\"><span class=\"et-pb-parallax-background et-pb-parallax-background--css et-pb-parallax-background-module--divi-row-2\" style=\"\"><\/span><\/span>\n<div class=\"et_pb_column_3 et_pb_column et_pb_column_4_4 et-last-child et_block_column et_pb_css_mix_blend_mode_passthrough\">\n<div class=\"et_pb_text_7 et_pb_text et_pb_bg_layout_light et_pb_module et_block_module preset--module--divi-text--default\"><div class=\"et_pb_text_inner\"><p>Aktuelles aus der Musikschule<\/p>\n<\/div><\/div>\n<\/div>\n<\/div>\n\n<div class=\"et_pb_row_3 et_pb_row et_pb_row_3-4_1-4 et_block_row et_block_row_3-4_1-4\">\n<div class=\"et_pb_column_4 et_pb_column et_pb_column_3_4 et_block_column et_pb_css_mix_blend_mode_passthrough\">\n<div class=\"et_pb_blog_0 et_pb_blog et_pb_bg_layout_light et_pb_posts et_pb_module pa-blog-image-3-2\"><div class=\"et_pb_ajax_pagination_container\"><div class=\"et_pb_posts et_grid_module\"><article class=\"et_pb_post et_pb_post_id_8684 clearfix et_pb_blog_item_0_0 post-8684 post type-post status-publish format-standard has-post-thumbnail hentry category-aktuelles\"><div class=\"et_pb_image_container\"><a href=\"https:\/\/musikschule-goerlitz.de\/pl\/in-time-ein-musik-und-tanztheaterprojekt-fuer-kinder-und-jugendliche-von-9-18-jahren\/\" class=\"entry-featured-image-url\"><img loading=\"lazy\" decoding=\"async\" src=\"https:\/\/musikschule-goerlitz.de\/wp-content\/uploads\/2026\/03\/In-Time.webp\" width=\"400\" height=\"400\" alt=\"&#8222;IN TIME&#8220; &#8211; Ein Musik- und Tanztheaterprojekt f\u00fcr Kinder und Jugendliche von 9 &#8211; 18 Jahren\" class=\"\" srcset=\"https:\/\/musikschule-goerlitz.de\/wp-content\/uploads\/2026\/03\/In-Time.webp 479w, https:\/\/musikschule-goerlitz.de\/wp-content\/uploads\/2026\/03\/In-Time-400x400.webp 480w\" sizes=\"(max-width:479px) 479px, 100vw\" \/><span data-icon=\"\ue050\" class=\"et_overlay et_pb_inline_icon\"><\/span><\/a><\/div><h2 class=\"entry-title\"><a href=\"https:\/\/musikschule-goerlitz.de\/pl\/in-time-ein-musik-und-tanztheaterprojekt-fuer-kinder-und-jugendliche-von-9-18-jahren\/\">&#8222;IN TIME&#8220; &#8211; Ein Musik- und Tanztheaterprojekt f\u00fcr Kinder und Jugendliche von 9 &#8211; 18 Jahren<\/a><\/h2><p class=\"post-meta\"><span class=\"published\">4. March 2026<\/span><\/p><div class=\"post-content\"><div class=\"post-content-inner\"><p>Sehr geehrte Eltern,in den Osterferien und in&#8230;<\/p>\n<\/div><a href=\"https:\/\/musikschule-goerlitz.de\/pl\/in-time-ein-musik-und-tanztheaterprojekt-fuer-kinder-und-jugendliche-von-9-18-jahren\/\" class=\"more-link\">read more<\/a><\/div><\/article><article class=\"et_pb_post et_pb_post_id_7654 clearfix et_pb_no_thumb et_pb_blog_item_0_1 post-7654 post type-post status-publish format-standard hentry category-aktuelles\"><h2 class=\"entry-title\"><a href=\"https:\/\/musikschule-goerlitz.de\/pl\/geister-ein-musikalisches-hoerspiel-von-thomas-stapel\/\">Geister &#8211; ein musikalisches H\u00f6rspiel von Thomas Stapel<\/a><\/h2><p class=\"post-meta\"><span class=\"published\">15. January 2025<\/span><\/p><div class=\"post-content\"><div class=\"post-content-inner\"><p>Text &amp; Musik: Thomas Stapel Kinderchor der&#8230;<\/p>\n<\/div><a href=\"https:\/\/musikschule-goerlitz.de\/pl\/geister-ein-musikalisches-hoerspiel-von-thomas-stapel\/\" class=\"more-link\">read more<\/a><\/div><\/article><article class=\"et_pb_post et_pb_post_id_7077 clearfix et_pb_no_thumb et_pb_blog_item_0_2 post-7077 post type-post status-publish format-standard hentry category-aktuelles tag-basta tag-big-band tag-jazz tag-tower\"><h2 class=\"entry-title\"><a href=\"https:\/\/musikschule-goerlitz.de\/pl\/tower-big-band-rockt-in-der-goerlitzer-altstadt\/\">&#8222;Tower&#8220;-BigBand rockt in der G\u00f6rlitzer Altstadt<\/a><\/h2><p class=\"post-meta\"><span class=\"published\">20. August 2024<\/span><\/p><div class=\"post-content\"><div class=\"post-content-inner\"><p>Am vergangenen Wochenende begeisterte die&#8230;<\/p>\n<\/div><a href=\"https:\/\/musikschule-goerlitz.de\/pl\/tower-big-band-rockt-in-der-goerlitzer-altstadt\/\" class=\"more-link\">read more<\/a><\/div><\/article><article class=\"et_pb_post et_pb_post_id_6827 clearfix et_pb_no_thumb et_pb_blog_item_0_3 post-6827 post type-post status-publish format-standard hentry category-aktuelles\"><h2 class=\"entry-title\"><a href=\"https:\/\/musikschule-goerlitz.de\/pl\/ein-leben-fuer-die-musik-sigrid-richter-aus-goerlitz-unterrichtet-seit-60-jahren\/\">Ein Leben f\u00fcr die Musik \u2013 Sigrid Richter aus G\u00f6rlitz unterrichtet seit 60 Jahren<\/a><\/h2><p class=\"post-meta\"><span class=\"published\">4. May 2024<\/span><\/p><div class=\"post-content\"><div class=\"post-content-inner\"><p>82 Jahre alt und doch von Altersm\u00fcdigkeit keine&#8230;<\/p>\n<\/div><a href=\"https:\/\/musikschule-goerlitz.de\/pl\/ein-leben-fuer-die-musik-sigrid-richter-aus-goerlitz-unterrichtet-seit-60-jahren\/\" class=\"more-link\">read more<\/a><\/div><\/article><article class=\"et_pb_post et_pb_post_id_6798 clearfix et_pb_blog_item_0_4 post-6798 post type-post status-publish format-standard has-post-thumbnail hentry category-aktuelles\"><div class=\"et_pb_image_container\"><a href=\"https:\/\/musikschule-goerlitz.de\/pl\/der-nachtschwaermer-musical-von-thomas-stapel\/\" class=\"entry-featured-image-url\"><img loading=\"lazy\" decoding=\"async\" src=\"https:\/\/musikschule-goerlitz.de\/wp-content\/uploads\/2024\/04\/Neues-Projekt-1-Animiertes-Bild-Gross.gif\" width=\"400\" height=\"360\" alt=\"DER NACHTSCHW\u00c4RMER &#8211; Musical von Thomas Stapel\" class=\"\" srcset=\"https:\/\/musikschule-goerlitz.de\/wp-content\/uploads\/2024\/04\/Neues-Projekt-1-Animiertes-Bild-Gross.gif 479w, https:\/\/musikschule-goerlitz.de\/wp-content\/uploads\/2024\/04\/Neues-Projekt-1-Animiertes-Bild-Gross-400x360.gif 480w\" sizes=\"(max-width:479px) 479px, 100vw\" \/><span data-icon=\"\ue050\" class=\"et_overlay et_pb_inline_icon\"><\/span><\/a><\/div><h2 class=\"entry-title\"><a href=\"https:\/\/musikschule-goerlitz.de\/pl\/der-nachtschwaermer-musical-von-thomas-stapel\/\">DER NACHTSCHW\u00c4RMER &#8211; Musical von Thomas Stapel<\/a><\/h2><p class=\"post-meta\"><span class=\"published\">25. April 2024<\/span><\/p><div class=\"post-content\"><div class=\"post-content-inner\"><p>Die Geschichte des St\u00fcckes spielt im&#8230;<\/p>\n<\/div><a href=\"https:\/\/musikschule-goerlitz.de\/pl\/der-nachtschwaermer-musical-von-thomas-stapel\/\" class=\"more-link\">read more<\/a><\/div><\/article><article class=\"et_pb_post et_pb_post_id_5195 clearfix et_pb_no_thumb et_pb_blog_item_0_5 post-5195 post type-post status-publish format-standard hentry category-aktuelles\"><h2 class=\"entry-title\"><a href=\"https:\/\/musikschule-goerlitz.de\/pl\/so-geht-saechsisch-unsere-musikschule-im-portraet\/\">So geht s\u00e4chsisch &#8230; Unsere Musikschule im Portr\u00e4t<\/a><\/h2><p class=\"post-meta\"><span class=\"published\">23. March 2023<\/span><\/p><div class=\"post-content\"><div class=\"post-content-inner\"><\/div><a href=\"https:\/\/musikschule-goerlitz.de\/pl\/so-geht-saechsisch-unsere-musikschule-im-portraet\/\" class=\"more-link\">read more<\/a><\/div><\/article><article class=\"et_pb_post et_pb_post_id_4877 clearfix et_pb_no_thumb et_pb_blog_item_0_6 post-4877 post type-post status-publish format-standard hentry category-aktuelles\"><h2 class=\"entry-title\"><a href=\"https:\/\/musikschule-goerlitz.de\/pl\/der-neue-musikschul-video-trailer\/\">der neue Musikschul-Video-Trailer<\/a><\/h2><p class=\"post-meta\"><span class=\"published\">14. December 2022<\/span><\/p><div class=\"post-content\"><div class=\"post-content-inner\"><p>Wir freuen uns, euch gleich zwei Premieren zu&#8230;<\/p>\n<\/div><a href=\"https:\/\/musikschule-goerlitz.de\/pl\/der-neue-musikschul-video-trailer\/\" class=\"more-link\">read more<\/a><\/div><\/article><article class=\"et_pb_post et_pb_post_id_4566 clearfix et_pb_no_thumb et_pb_blog_item_0_7 post-4566 post type-post status-publish format-standard hentry category-uncategorized\"><h2 class=\"entry-title\"><a href=\"https:\/\/musikschule-goerlitz.de\/pl\/oeffnungszeiten-des-bueros-waehrend-der-ferien-montag-bis-freitag-von-8-bis-14-uhr\/\">\u00d6ffnungszeiten des B\u00fcros w\u00e4hrend Ferienzeiten: Montag bis Freitag von 8 bis 14 Uhr<\/a><\/h2><p class=\"post-meta\"><span class=\"published\">9. August 2022<\/span><\/p><div class=\"post-content\"><div class=\"post-content-inner\"><\/div><a href=\"https:\/\/musikschule-goerlitz.de\/pl\/oeffnungszeiten-des-bueros-waehrend-der-ferien-montag-bis-freitag-von-8-bis-14-uhr\/\" class=\"more-link\">read more<\/a><\/div><\/article><article class=\"et_pb_post et_pb_post_id_3691 clearfix et_pb_no_thumb et_pb_blog_item_0_8 post-3691 post type-post status-publish format-standard hentry category-aktuelles\"><h2 class=\"entry-title\"><a href=\"https:\/\/musikschule-goerlitz.de\/pl\/neujahrsvideo-des-jugendblasorchester-goerlitz\/\">Neujahrsvideo des Jugendblasorchester G\u00f6rlitz<\/a><\/h2><p class=\"post-meta\"><span class=\"published\">1. January 2022<\/span><\/p><div class=\"post-content\"><div class=\"post-content-inner\"><\/div><a href=\"https:\/\/musikschule-goerlitz.de\/pl\/neujahrsvideo-des-jugendblasorchester-goerlitz\/\" class=\"more-link\">read more<\/a><\/div><\/article><\/div><\/div><\/div>\n<\/div>\n\n<div class=\"et_pb_column_5 et_pb_column et_pb_column_1_4 et-last-child et_block_column et_pb_css_mix_blend_mode_passthrough preset--module--divi-column--ea59b1a1-412d-4622-98e9-fa7bd6db60e1\" id=\"sticky\">\n<div class=\"et_pb_divider_0 et_pb_divider et_pb_space et_pb_divider_position_top et_pb_module\"><div class=\"et_pb_divider_internal\"><\/div><\/div>\n\n<div class=\"et_pb_post_slider_0 et_pb_post_slider et_pb_bg_layout_dark et_pb_slider et_pb_slider_fullwidth_off et_pb_slider_no_arrows et_pb_slider_no_pagination et_slider_speed_6000 et_slider_auto et_pb_post_slider_image_bottom et_pb_module et_block_module preset--module--divi-post-slider--default\"><div class=\"et_pb_slides\"><div class=\"et_pb_slide et_pb_post_slide-8684\" style=\"background-image:\"><div class=\"et_pb_container clearfix\"><div class=\"et_pb_slider_container_inner\"><div class=\"et_pb_slide_description\"><h2 class=\"et_pb_slide_title\"><a href=\"https:\/\/musikschule-goerlitz.de\/pl\/in-time-ein-musik-und-tanztheaterprojekt-fuer-kinder-und-jugendliche-von-9-18-jahren\/\">&#8222;IN TIME&#8220; &#8211; Ein Musik- und Tanztheaterprojekt f\u00fcr Kinder und Jugendliche von 9 &#8211; 18 Jahren<\/a><\/h2><div class=\"et_pb_slide_content\"><div class=\"et_pb_slide_content_body\"><p>Sehr geehrte Eltern,in den Osterferien und in der darauf folgenden Woche besteht die M\u00f6glichkeit&#8230;<\/p>\n<\/div><\/div><div class=\"et_pb_button_wrapper\"><a class=\"et_pb_button et_pb_more_button\" href=\"https:\/\/musikschule-goerlitz.de\/pl\/in-time-ein-musik-und-tanztheaterprojekt-fuer-kinder-und-jugendliche-von-9-18-jahren\/\">mehr<\/a><\/div><\/div><div class=\"et_pb_slide_image\"><img loading=\"lazy\" decoding=\"async\" src=\"https:\/\/musikschule-goerlitz.de\/wp-content\/uploads\/2026\/03\/In-Time.webp\" alt=\"\" width=\"1280\" height=\"720\" \/><\/div><\/div><\/div><\/div><div class=\"et_pb_slide et_pb_slide_with_no_image et_pb_post_slide-7654\" style=\"background-image:\"><div class=\"et_pb_container clearfix\"><div class=\"et_pb_slider_container_inner\"><div class=\"et_pb_slide_description\"><h2 class=\"et_pb_slide_title\"><a href=\"https:\/\/musikschule-goerlitz.de\/pl\/geister-ein-musikalisches-hoerspiel-von-thomas-stapel\/\">Geister &#8211; ein musikalisches H\u00f6rspiel von Thomas Stapel<\/a><\/h2><div class=\"et_pb_slide_content\"><div class=\"et_pb_slide_content_body\"><p>Text &amp; Musik: Thomas Stapel Kinderchor der Musikschule &#8222;Johann Adam Hiller&#8220; G\u00f6rlitz e.V&#8230;.<\/p>\n<\/div><\/div><div class=\"et_pb_button_wrapper\"><a class=\"et_pb_button et_pb_more_button\" href=\"https:\/\/musikschule-goerlitz.de\/pl\/geister-ein-musikalisches-hoerspiel-von-thomas-stapel\/\">mehr<\/a><\/div><\/div><\/div><\/div><\/div><div class=\"et_pb_slide et_pb_slide_with_no_image et_pb_post_slide-7077\" style=\"background-image:\"><div class=\"et_pb_container clearfix\"><div class=\"et_pb_slider_container_inner\"><div class=\"et_pb_slide_description\"><h2 class=\"et_pb_slide_title\"><a href=\"https:\/\/musikschule-goerlitz.de\/pl\/tower-big-band-rockt-in-der-goerlitzer-altstadt\/\">&#8222;Tower&#8220;-BigBand rockt in der G\u00f6rlitzer Altstadt<\/a><\/h2><div class=\"et_pb_slide_content\"><div class=\"et_pb_slide_content_body\"><p>Am vergangenen Wochenende begeisterte die BigBand unserer Musikschule zahlreiche Zuh\u00f6rer an der&#8230;<\/p>\n<\/div><\/div><div class=\"et_pb_button_wrapper\"><a class=\"et_pb_button et_pb_more_button\" href=\"https:\/\/musikschule-goerlitz.de\/pl\/tower-big-band-rockt-in-der-goerlitzer-altstadt\/\">mehr<\/a><\/div><\/div><\/div><\/div><\/div><div class=\"et_pb_slide et_pb_slide_with_no_image et_pb_post_slide-6827\" style=\"background-image:\"><div class=\"et_pb_container clearfix\"><div class=\"et_pb_slider_container_inner\"><div class=\"et_pb_slide_description\"><h2 class=\"et_pb_slide_title\"><a href=\"https:\/\/musikschule-goerlitz.de\/pl\/ein-leben-fuer-die-musik-sigrid-richter-aus-goerlitz-unterrichtet-seit-60-jahren\/\">Ein Leben f\u00fcr die Musik \u2013 Sigrid Richter aus G\u00f6rlitz unterrichtet seit 60 Jahren<\/a><\/h2><div class=\"et_pb_slide_content\"><div class=\"et_pb_slide_content_body\"><p>82 Jahre alt und doch von Altersm\u00fcdigkeit keine Spur \u2013 das ist Oma Sigrid aus G\u00f6rlitz. Seit 60&#8230;<\/p>\n<\/div><\/div><div class=\"et_pb_button_wrapper\"><a class=\"et_pb_button et_pb_more_button\" href=\"https:\/\/musikschule-goerlitz.de\/pl\/ein-leben-fuer-die-musik-sigrid-richter-aus-goerlitz-unterrichtet-seit-60-jahren\/\">mehr<\/a><\/div><\/div><\/div><\/div><\/div><div class=\"et_pb_slide et_pb_post_slide-6798\" style=\"background-image:\"><div class=\"et_pb_container clearfix\"><div class=\"et_pb_slider_container_inner\"><div class=\"et_pb_slide_description\"><h2 class=\"et_pb_slide_title\"><a href=\"https:\/\/musikschule-goerlitz.de\/pl\/der-nachtschwaermer-musical-von-thomas-stapel\/\">DER NACHTSCHW\u00c4RMER &#8211; Musical von Thomas Stapel<\/a><\/h2><div class=\"et_pb_slide_content\"><div class=\"et_pb_slide_content_body\"><p>Die Geschichte des St\u00fcckes spielt im Schulmilieu. Julian \u2013 in der Abitur-Abschlussklasse &#8211; f\u00fchrt&#8230;<\/p>\n<\/div><\/div><div class=\"et_pb_button_wrapper\"><a class=\"et_pb_button et_pb_more_button\" href=\"https:\/\/musikschule-goerlitz.de\/pl\/der-nachtschwaermer-musical-von-thomas-stapel\/\">mehr<\/a><\/div><\/div><div class=\"et_pb_slide_image\"><img loading=\"lazy\" decoding=\"async\" src=\"https:\/\/musikschule-goerlitz.de\/wp-content\/uploads\/2024\/04\/Neues-Projekt-1-Animiertes-Bild-Gross.gif\" alt=\"\" width=\"540\" height=\"360\" \/><\/div><\/div><\/div><\/div><div class=\"et_pb_slide et_pb_slide_with_no_image et_pb_post_slide-5195\" style=\"background-image:\"><div class=\"et_pb_container clearfix\"><div class=\"et_pb_slider_container_inner\"><div class=\"et_pb_slide_description\"><h2 class=\"et_pb_slide_title\"><a href=\"https:\/\/musikschule-goerlitz.de\/pl\/so-geht-saechsisch-unsere-musikschule-im-portraet\/\">So geht s\u00e4chsisch &#8230; Unsere Musikschule im Portr\u00e4t<\/a><\/h2><div class=\"et_pb_slide_content\"><div class=\"et_pb_slide_content_body\"><\/div><\/div><div class=\"et_pb_button_wrapper\"><a class=\"et_pb_button et_pb_more_button\" href=\"https:\/\/musikschule-goerlitz.de\/pl\/so-geht-saechsisch-unsere-musikschule-im-portraet\/\">mehr<\/a><\/div><\/div><\/div><\/div><\/div><\/div><\/div>\n\n<div class=\"et_pb_divider_1 et_pb_divider et_pb_space et_pb_divider_position_top et_pb_module\"><div class=\"et_pb_divider_internal\"><\/div><\/div>\n\n<div class=\"et_pb_text_8 et_pb_text et_pb_bg_layout_light et_clickable et_pb_module et_block_module preset--module--divi-text--default\"><div class=\"et_pb_text_inner\"><p><a href=\"https:\/\/musikschule-goerlitz.de\/galerie\/\">Galerien<\/a><\/p>\n<\/div><\/div>\n\n<div class=\"et_pb_slider_0 et_pb_slider et_pb_slider_fullwidth_off et_pb_slider_no_arrows et_slider_auto et_slider_speed_4000 et_clickable et_pb_module et_block_module\"><div class=\"et_pb_slides\">\n<div class=\"et_pb_slide_5 et_pb_slide et_pb_media_alignment_center et_pb_bg_layout_dark et_pb_text_align_center et_clickable\" data-slide-id=\"divi\/slide-5\"><div class=\"et_pb_container\"><div class=\"et_pb_slider_container_inner\"><div class=\"et_pb_slide_description\"><\/div><\/div><\/div><\/div>\n\n<div class=\"et_pb_slide_6 et_pb_slide et_pb_media_alignment_center et_pb_bg_layout_dark et_pb_text_align_center et_clickable\" data-slide-id=\"divi\/slide-6\"><div class=\"et_pb_container\"><div class=\"et_pb_slider_container_inner\"><div class=\"et_pb_slide_description\"><\/div><\/div><\/div><\/div>\n\n<div class=\"et_pb_slide_7 et_pb_slide et_pb_media_alignment_center et_pb_bg_layout_dark et_pb_text_align_center et_clickable\" data-slide-id=\"divi\/slide-7\"><div class=\"et_pb_container\"><div class=\"et_pb_slider_container_inner\"><div class=\"et_pb_slide_description\"><\/div><\/div><\/div><\/div>\n\n<div class=\"et_pb_slide_8 et_pb_slide et_pb_media_alignment_center et_pb_bg_layout_dark et_pb_text_align_center et_clickable\" data-slide-id=\"divi\/slide-8\"><div class=\"et_pb_container\"><div class=\"et_pb_slider_container_inner\"><div class=\"et_pb_slide_description\"><\/div><\/div><\/div><\/div>\n\n<div class=\"et_pb_slide_9 et_pb_slide et_pb_media_alignment_center et_pb_bg_layout_dark et_pb_text_align_center et_clickable\" data-slide-id=\"divi\/slide-9\"><div class=\"et_pb_container\"><div class=\"et_pb_slider_container_inner\"><div class=\"et_pb_slide_description\"><\/div><\/div><\/div><\/div>\n<\/div><\/div>\n<\/div>\n<\/div>\n\n<div class=\"et_pb_row_4 et_pb_row et_block_row\">\n<div class=\"et_pb_column_6 et_pb_column et_pb_column_4_4 et-last-child et_block_column et_pb_css_mix_blend_mode_passthrough\">\n<div class=\"et_pb_divider_2 et_pb_divider et_pb_space et_pb_divider_position_top et_pb_module\" id=\"stop\"><div class=\"et_pb_divider_internal\"><\/div><\/div>\n<\/div>\n<\/div>\n<\/div>\n\n<div class=\"et_pb_section_3 et_pb_section et_section_regular et_block_section et_animated\" id=\"link-kontakt\">\n<div class=\"et_pb_row_5 et_pb_row et_block_row\">\n<div class=\"et_pb_column_7 et_pb_column et_pb_column_1_2 et_block_column et_pb_css_mix_blend_mode_passthrough\">\n<div class=\"et_pb_text_9 et_pb_text et_pb_bg_layout_light et_pb_module et_block_module preset--module--divi-text--default\"><div class=\"et_pb_text_inner\"><p><strong>Unsere B\u00fcro-Sprechzeiten:<\/strong><br \/>Montag: 9:00 &#8211; 11:00 und 14:00 &#8211; 17:00 Uhr<br \/>Dienstag. 14:00 -17:00 Uhr<br \/>Mittwoch: 14:00 &#8211; 17:00 Uhr<br \/>Donnerstag: 9:00 -12:00 Uhr und 14:00 &#8211; 17:00 Uhr<\/p>\n<p><strong>Adresse und Kontaktdaten:<\/strong><br \/>Fischmarkt 6 \u00b7 02826 G\u00f6rlitz<br \/>Telefon: 03581 407261<br \/>Fax: 03581 421290<br \/>Mail: info@musikschule-goerlitz.de<\/p>\n<\/div><\/div>\n\n<div class=\"et_pb_blurb_0 et_pb_blurb et_pb_bg_layout_light et_pb_blurb_position_left et_animated et_pb_module et_block_module\"><div class=\"et_pb_blurb_content\"><div class=\"et_pb_main_blurb_image\"><span class=\"et_pb_image_wrap\"><span class=\"et-pb-icon et-waypoint et_pb_animation_top et_pb_animation_top_tablet et_pb_animation_top_phone\">\ue012<\/span><\/span><\/div><div class=\"et_pb_blurb_container\"><h4 class=\"et_pb_module_header\">Bankverbindung f\u00fcr Entgelte und Spenden:<\/h4><div class=\"et_pb_blurb_description\"><p><span>Musikschulverein \u201eJohann Adam Hiller\u201c e. V.<\/span><\/p>\n<p><span>IBAN: DE41 8505 0100 0000 0366 17<\/span><\/p>\n<\/div><\/div><\/div><\/div>\n<\/div>\n\n<div class=\"et_pb_column_8 et_pb_column et_pb_column_1_2 et-last-child et_block_column et_pb_css_mix_blend_mode_passthrough\">\n<div class=\"et_pb_contact_form_0 et_pb_contact_form_container clearfix et_pb_module et_flex_module preset--module--divi-contact-form--default\" data-form_unique_num=\"0\" data-form_unique_id=\"633d9bc1-536b-4189-9f09-d191b557564b\" data-redirect_url=\"https:\/\/musikschule-goerlitz.de\/\" id=\"et_pb_contact_form_633d9bc1-536b-4189-9f09-d191b557564b\"><h1 class=\"et_pb_contact_main_title\">Lassen Sie uns eine Nachricht zukommen:<\/h1><div class=\"et-pb-contact-message\"><\/div><div class=\"et_pb_contact\"><form class=\"et_pb_contact_form et_flex_module\" method=\"post\" action=\"https:\/\/musikschule-goerlitz.de\/pl\/wp-json\/wp\/v2\/pages\/137\">\n<div class=\"et_pb_contact_field_0 et_pb_contact_field et_pb_module et_flex_module et_flex_column_12_24 et_flex_column_12_24_tablet et_flex_column_12_24_phone\" data-id=\"name\" data-type=\"input\"><label class=\"et_pb_contact_form_label\" for=\"et_pb_contact_0_name_0\">Vor- und Nachname (erforderlich)<\/label><input type=\"text\" name=\"et_pb_contact_0_name_0\" id=\"et_pb_contact_0_name_0\" class=\"input\" data-required_mark=\"required\" data-field_type=\"input\" data-original_id=\"name\" placeholder=\"Vor- und Nachname (erforderlich)\" pattern=\".{2,}\"  value=\"\" \/><\/div>\n\n<div class=\"et_pb_contact_field_1 et_pb_contact_field et_pb_module et_flex_module et_flex_column_12_24 et_flex_column_12_24_tablet et_flex_column_12_24_phone\" data-id=\"email\" data-type=\"email\"><label class=\"et_pb_contact_form_label\" for=\"et_pb_contact_0_email_1\">E-Mail-Adresse (erforderlich)<\/label><input type=\"text\" name=\"et_pb_contact_0_email_1\" id=\"et_pb_contact_0_email_1\" class=\"input\" data-required_mark=\"required\" data-field_type=\"email\" data-original_id=\"email\" placeholder=\"E-Mail-Adresse (erforderlich)\"  value=\"\" \/><\/div>\n\n<div class=\"et_pb_contact_field_2 et_pb_contact_field et_pb_module et_flex_module et_flex_column_24_24 et_flex_column_24_24_tablet et_flex_column_24_24_phone\" data-id=\"anschrift\" data-type=\"input\"><label class=\"et_pb_contact_form_label\" for=\"et_pb_contact_0_anschrift_2\">Anschrift (erforderlich)<\/label><input type=\"text\" name=\"et_pb_contact_0_anschrift_2\" id=\"et_pb_contact_0_anschrift_2\" class=\"input\" data-required_mark=\"required\" data-field_type=\"input\" data-original_id=\"anschrift\" placeholder=\"Anschrift (erforderlich)\"  value=\"\" \/><\/div>\n\n<div class=\"et_pb_contact_field_3 et_pb_contact_field et_pb_module et_flex_module et_flex_column_24_24 et_flex_column_24_24_tablet et_flex_column_24_24_phone\" data-id=\"telefon\" data-type=\"input\"><label class=\"et_pb_contact_form_label\" for=\"et_pb_contact_0_telefon_3\">Telefonnummer<\/label><input type=\"text\" name=\"et_pb_contact_0_telefon_3\" id=\"et_pb_contact_0_telefon_3\" class=\"input\" data-required_mark=\"not_required\" data-field_type=\"input\" data-original_id=\"telefon\" placeholder=\"Telefonnummer\" pattern=\"[0-9\\s\\-]*\"  value=\"\" \/><\/div>\n\n<div class=\"et_pb_contact_field_4 et_pb_contact_field et_pb_module et_flex_module et_flex_column_24_24 et_flex_column_24_24_tablet et_flex_column_24_24_phone\" data-id=\"message\" data-type=\"input\"><label class=\"et_pb_contact_form_label\" for=\"et_pb_contact_0_message_4\">Nachricht<\/label><input type=\"text\" name=\"et_pb_contact_0_message_4\" id=\"et_pb_contact_0_message_4\" class=\"input\" data-required_mark=\"required\" data-field_type=\"input\" data-original_id=\"message\" placeholder=\"Nachricht\"  value=\"\" \/><\/div>\n\n<div class=\"et_pb_contact_field_5 et_pb_contact_field et_pb_text_align_left et_pb_module et_flex_module et_flex_column_24_24 et_flex_column_24_24_tablet et_flex_column_24_24_phone\" data-id=\"datenschutzerkl\u00e4rung\" data-type=\"checkbox\" data-conditional-logic=\"[[&quot;name&quot;,&quot;is not empty&quot;,&quot;&quot;],[&quot;email&quot;,&quot;is not empty&quot;,&quot;&quot;]]\" data-conditional-relation=\"all\"><label class=\"et_pb_contact_form_label\">Datenschutzerkl\u00e4rung<\/label><input type=\"hidden\" name=\"et_pb_contact_0_datenschutzerkl\u00e4rung_5\" class=\"et_pb_checkbox_handle\" data-required_mark=\"required\" data-field_type=\"checkbox\" data-original_id=\"datenschutzerkl\u00e4rung\" \/><span class=\"et_pb_contact_field_options_wrapper\"><span class=\"et_pb_contact_field_options_title\">Datenschutzerkl\u00e4rung<\/span><span class=\"et_pb_contact_field_options_list\"><span class=\"et_pb_contact_field_checkbox\"><input type=\"checkbox\" id=\"et_pb_contact_0_datenschutzerkl\u00e4rung_5_0\" class=\"input\" value=\"Ich akzeptiere die \" data-required_mark=\"required\" data-field_type=\"checkbox\" data-original_id=\"datenschutzerkl\u00e4rung\" \/><label for=\"et_pb_contact_0_datenschutzerkl\u00e4rung_5_0\"><i><\/i>Ich akzeptiere die  <a target=\"_blank\" href=\"https:\/\/musikschule-goerlitz.de\/datenschutz\/\">Datenschutzerkl\u00e4rung<\/a><\/label><\/span><\/span><\/span><\/div>\n<input type=\"hidden\" name=\"et_pb_contactform_submit_633d9bc1-536b-4189-9f09-d191b557564b\" value=\"et_contact_proccess\" \/><div class=\"et_contact_bottom_container\"><div class=\"et_pb_contact_right et_pb_contact_field\"><p class=\"clearfix\"><span class=\"et_pb_contact_captcha_question\">15 + 8<\/span> = <input type=\"text\" size=\"2\" class=\"input et_pb_contact_captcha\" data-first_digit=\"15\" data-second_digit=\"8\" data-required_mark=\"required\" name=\"et_pb_contact_captcha_633d9bc1-536b-4189-9f09-d191b557564b\" autocomplete=\"off\" \/><\/p><\/div><div class=\"et_pb_button_wrapper\"><button type=\"submit\" name=\"et_builder_submit_button\" class=\"et_pb_button et_pb_contact_submit\">absenden<\/button><\/div><\/div><input type=\"hidden\" id=\"_wpnonce-et-pb-contact-form-submitted-633d9bc1-536b-4189-9f09-d191b557564b\" name=\"_wpnonce-et-pb-contact-form-submitted-633d9bc1-536b-4189-9f09-d191b557564b\" value=\"3ae1cd79ad\" \/><input type=\"hidden\" name=\"_wp_http_referer\" value=\"\/pl\/wp-json\/wp\/v2\/pages\/137\" \/><\/form><\/div><\/div>\n<\/div>\n<\/div>\n<\/div>","protected":false},"excerpt":{"rendered":"","protected":false},"author":2,"featured_media":0,"parent":0,"menu_order":0,"comment_status":"closed","ping_status":"closed","template":"","meta":{"_monsterinsights_skip_tracking":false,"_monsterinsights_sitenote_active":false,"_monsterinsights_sitenote_note":"","_monsterinsights_sitenote_category":0,"_et_pb_use_builder":"on","_et_pb_old_content":"","_et_gb_content_width":"","footnotes":""},"class_list":["post-137","page","type-page","status-publish","hentry"],"_links":{"self":[{"href":"https:\/\/musikschule-goerlitz.de\/pl\/wp-json\/wp\/v2\/pages\/137","targetHints":{"allow":["GET"]}}],"collection":[{"href":"https:\/\/musikschule-goerlitz.de\/pl\/wp-json\/wp\/v2\/pages"}],"about":[{"href":"https:\/\/musikschule-goerlitz.de\/pl\/wp-json\/wp\/v2\/types\/page"}],"author":[{"embeddable":true,"href":"https:\/\/musikschule-goerlitz.de\/pl\/wp-json\/wp\/v2\/users\/2"}],"replies":[{"embeddable":true,"href":"https:\/\/musikschule-goerlitz.de\/pl\/wp-json\/wp\/v2\/comments?post=137"}],"version-history":[{"count":10,"href":"https:\/\/musikschule-goerlitz.de\/pl\/wp-json\/wp\/v2\/pages\/137\/revisions"}],"predecessor-version":[{"id":9210,"href":"https:\/\/musikschule-goerlitz.de\/pl\/wp-json\/wp\/v2\/pages\/137\/revisions\/9210"}],"wp:attachment":[{"href":"https:\/\/musikschule-goerlitz.de\/pl\/wp-json\/wp\/v2\/media?parent=137"}],"curies":[{"name":"wp","href":"https:\/\/api.w.org\/{rel}","templated":true}]}}